{"id":1307,"date":"2017-09-23T19:23:25","date_gmt":"2017-09-23T17:23:25","guid":{"rendered":"http:\/\/www.region-fes-meknes.ma\/?page_id=1307"},"modified":"2018-04-03T12:34:47","modified_gmt":"2018-04-03T10:34:47","slug":"trombinoscope","status":"publish","type":"page","link":"https:\/\/www.region-fes-meknes.ma\/fr\/le-conseil-regional\/trombinoscope\/","title":{"rendered":"Trombinoscope"},"content":{"rendered":"<p>Annuaire des membres du conseil r\u00e9gional<\/p>\n<form action=\"https:\/\/www.region-fes-meknes.ma\/fr\/wp-json\/wp\/v2\" method=\"GET\" id=\"recherche-annuaire_membre\"><h3>Mandat R\u00e9gional<\/h3><div class=\"table\"><div class=\"row\"><div class=\"cell col-4\"><select name=\"mandat_regional\" id=\"select-mandat_regional\" class=\"form-control form-select\"><option value=\"2021-2026\" >2021-2026<\/option><option value=\"2016-2021\" >2016-2021<\/option><\/select><\/div><\/div><\/div><div class=\"filter-wrap\"><h3>Crit\u00e8res de filtre<\/h3><div class=\"table\"><div class=\"row\"><div class=\"cell col-4\"><select name=\"fonction\" id=\"select-fonction\" class=\"form-control form-select\"><option value=\"\" selected = \"selected\" >Filtrer par fonction ...<\/option><option value=\"1\" >Bureau<\/option><option value=\"2\" >Conseiller<\/option><option value=\"3\" >Pr\u00e9sident de Commission<\/option><option value=\"4\" >Pr\u00e9sident de Groupe<\/option><\/select><\/div><div class=\"cell col-4\"><select name=\"parti_politique\" id=\"select-parti_politique\" class=\"form-control form-select\"><option value=\"\" selected = \"selected\" >Filtrer par parti politique ...<\/option>\\n<option value=\"PI\" >PI<\/option><option value=\"RNI\" >RNI<\/option><option value=\"PJD\" >PJD<\/option><option value=\"PAM\" >PAM<\/option><option value=\"MP\" >MP<\/option><option value=\"USFP\" >USFP<\/option><option value=\"PPS\" >PPS<\/option><option value=\"UC\" >UC<\/option><option value=\"FFD\" >FFD<\/option><\/select><\/div><div class=\"cell col-4\"><select name=\"genre\" id=\"select-genre\" class=\"form-control form-select\"><option value=\"\" selected = \"selected\" >Filtrer par genre ...<\/option>\\n<option value=\"femme\" >Femme<\/option><option value=\"homme\" >Homme<\/option><\/select><\/div><\/div><\/div><\/div><\/form><div class=\"result-wrap\" id=\"result-wrap\"><h3>Liste des membres<\/h3><div class=\"result-annuaire-wrap clearfix\"><div class=\"result-membre\"><h4 class=\"membre-nom\">ABDELOUAHED EL ANSARI<\/h4><div class=\"membre-info-wrapper\"><div class=\"membre-avatar\"><img width=\"78\" height=\"100\" src=\"https:\/\/www.region-fes-meknes.ma\/wp-content\/uploads\/2021\/11\/el-ansari-abdelouahed-78x100.jpg\" class=\"attachment-tc-user-small size-tc-user-small\" alt=\"el ansari abdelouahed\" loading=\"lazy\" srcset=\"https:\/\/www.region-fes-meknes.ma\/wp-content\/uploads\/2021\/11\/el-ansari-abdelouahed-78x100.jpg 78w, https:\/\/www.region-fes-meknes.ma\/wp-content\/uploads\/2021\/11\/el-ansari-abdelouahed-233x300.jpg 233w, https:\/\/www.region-fes-meknes.ma\/wp-content\/uploads\/2021\/11\/el-ansari-abdelouahed.jpg 413w\" sizes=\"(max-width: 78px) 100vw, 78px\" \/><\/div><!-- .membre-avatar --><div class=\"membre-info-parti\"><img class=\"membre-pp-icon\" src=\"https:\/\/www.region-fes-meknes.ma\/wp-content\/plugins\/tc-annuaire-membre\/images\/parti_politique\/PI.jpg\" \/>PI<\/div><!-- .membre-info-parti --><div class=\"membre-info\"><div class=\"membre-meta-b\">Pr\u00e9sident du Conseil<\/div><\/div><!-- .membre-info --><\/div><!-- .membre-info-wrapper --><div class=\"membre-meta-c\">Membre de la  <a href=\"https:\/\/www.region-fes-meknes.ma\/fr\/le-conseil-regional\/composition\/commissions-permanentes\/commission-du-budget-des-affaires-financieres-et-de-la-programmation\/\" rel=\"bookmark\">Commission du budget, des affaires financi\u00e8res et de la programmation<\/a><\/div><\/div><!-- .result-membre --><div class=\"result-membre\"><h4 class=\"membre-nom\">ER-RAFIK YOUNESS<\/h4><div class=\"membre-info-wrapper\"><div class=\"membre-avatar\"><img width=\"78\" height=\"100\" src=\"https:\/\/www.region-fes-meknes.ma\/wp-content\/uploads\/2021\/11\/er-rafik-youness-78x100.jpg\" class=\"attachment-tc-user-small size-tc-user-small\" alt=\"er rafik youness\" loading=\"lazy\" srcset=\"https:\/\/www.region-fes-meknes.ma\/wp-content\/uploads\/2021\/11\/er-rafik-youness-78x100.jpg 78w, https:\/\/www.region-fes-meknes.ma\/wp-content\/uploads\/2021\/11\/er-rafik-youness-233x300.jpg 233w, https:\/\/www.region-fes-meknes.ma\/wp-content\/uploads\/2021\/11\/er-rafik-youness.jpg 413w\" sizes=\"(max-width: 78px) 100vw, 78px\" \/><\/div><!-- .membre-avatar --><div class=\"membre-info-parti\"><img class=\"membre-pp-icon\" src=\"https:\/\/www.region-fes-meknes.ma\/wp-content\/plugins\/tc-annuaire-membre\/images\/parti_politique\/RNI.jpg\" \/>RNI<\/div><!-- .membre-info-parti --><div class=\"membre-info\"><div class=\"membre-meta-b\">1er Vice-Pr\u00e9sident<\/div><\/div><!-- .membre-info --><\/div><!-- .membre-info-wrapper --><div class=\"membre-meta-c\">Membre de la  <a href=\"https:\/\/www.region-fes-meknes.ma\/fr\/le-conseil-regional\/composition\/commissions-permanentes\/commission-du-budget-des-affaires-financieres-et-de-la-programmation\/\" rel=\"bookmark\">Commission du budget, des affaires financi\u00e8res et de la programmation<\/a><\/div><\/div><!-- .result-membre --><div class=\"result-membre\"><h4 class=\"membre-nom\">ABOUSALIM ABDELHAQ<\/h4><div class=\"membre-info-wrapper\"><div class=\"membre-avatar\"><img width=\"78\" height=\"100\" src=\"https:\/\/www.region-fes-meknes.ma\/wp-content\/uploads\/2021\/11\/abousalim-abdelhaq-78x100.jpg\" class=\"attachment-tc-user-small size-tc-user-small\" alt=\"abousalim abdelhaq\" loading=\"lazy\" srcset=\"https:\/\/www.region-fes-meknes.ma\/wp-content\/uploads\/2021\/11\/abousalim-abdelhaq-78x100.jpg 78w, https:\/\/www.region-fes-meknes.ma\/wp-content\/uploads\/2021\/11\/abousalim-abdelhaq-233x300.jpg 233w, https:\/\/www.region-fes-meknes.ma\/wp-content\/uploads\/2021\/11\/abousalim-abdelhaq.jpg 413w\" sizes=\"(max-width: 78px) 100vw, 78px\" \/><\/div><!-- .membre-avatar --><div class=\"membre-info-parti\"><img class=\"membre-pp-icon\" src=\"https:\/\/www.region-fes-meknes.ma\/wp-content\/plugins\/tc-annuaire-membre\/images\/parti_politique\/PAM.jpg\" \/>PAM<\/div><!-- .membre-info-parti --><div class=\"membre-info\"><div class=\"membre-meta-b\">2\u00e8me Vice-Pr\u00e9sident<\/div><\/div><!-- .membre-info --><\/div><!-- .membre-info-wrapper --><div class=\"membre-meta-c\">Membre de la  <a href=\"https:\/\/www.region-fes-meknes.ma\/fr\/le-conseil-regional\/composition\/commissions-permanentes\/commission-du-budget-des-affaires-financieres-et-de-la-programmation\/\" rel=\"bookmark\">Commission du budget, des affaires financi\u00e8res et de la programmation<\/a><\/div><\/div><!-- .result-membre --><div class=\"result-membre\"><h4 class=\"membre-nom\">EZZOUMI HALIMA<\/h4><div class=\"membre-info-wrapper\"><div class=\"membre-avatar\"><img width=\"78\" height=\"100\" src=\"https:\/\/www.region-fes-meknes.ma\/wp-content\/uploads\/2021\/11\/ezzoumi-halima-78x100.jpg\" class=\"attachment-tc-user-small size-tc-user-small\" alt=\"ezzoumi halima\" loading=\"lazy\" srcset=\"https:\/\/www.region-fes-meknes.ma\/wp-content\/uploads\/2021\/11\/ezzoumi-halima-78x100.jpg 78w, https:\/\/www.region-fes-meknes.ma\/wp-content\/uploads\/2021\/11\/ezzoumi-halima-233x300.jpg 233w, https:\/\/www.region-fes-meknes.ma\/wp-content\/uploads\/2021\/11\/ezzoumi-halima.jpg 413w\" sizes=\"(max-width: 78px) 100vw, 78px\" \/><\/div><!-- .membre-avatar --><div class=\"membre-info-parti\"><img class=\"membre-pp-icon\" src=\"https:\/\/www.region-fes-meknes.ma\/wp-content\/plugins\/tc-annuaire-membre\/images\/parti_politique\/PI.jpg\" \/>PI<\/div><!-- .membre-info-parti --><div class=\"membre-info\"><div class=\"membre-meta-b\">3\u00e8me Vice-Pr\u00e9sident<\/div><\/div><!-- .membre-info --><\/div><!-- .membre-info-wrapper --><div class=\"membre-meta-c\">Membre de la  <a href=\"https:\/\/www.region-fes-meknes.ma\/fr\/le-conseil-regional\/composition\/commissions-permanentes\/commission-de-la-femme-de-la-jeunesse-et-du-sport\/\" rel=\"bookmark\">Commission de la femme, de la jeunesse et du sport<\/a><\/div><\/div><!-- .result-membre --><div class=\"result-membre\"><h4 class=\"membre-nom\">HADHOUM YOUSSEF<\/h4><div class=\"membre-info-wrapper\"><div class=\"membre-avatar\"><img width=\"78\" height=\"100\" src=\"https:\/\/www.region-fes-meknes.ma\/wp-content\/uploads\/2021\/11\/hadhoum-youssef-78x100.jpg\" class=\"attachment-tc-user-small size-tc-user-small\" alt=\"hadhoum youssef\" loading=\"lazy\" srcset=\"https:\/\/www.region-fes-meknes.ma\/wp-content\/uploads\/2021\/11\/hadhoum-youssef-78x100.jpg 78w, https:\/\/www.region-fes-meknes.ma\/wp-content\/uploads\/2021\/11\/hadhoum-youssef-233x300.jpg 233w, https:\/\/www.region-fes-meknes.ma\/wp-content\/uploads\/2021\/11\/hadhoum-youssef.jpg 413w\" sizes=\"(max-width: 78px) 100vw, 78px\" \/><\/div><!-- .membre-avatar --><div class=\"membre-info-parti\"><img class=\"membre-pp-icon\" src=\"https:\/\/www.region-fes-meknes.ma\/wp-content\/plugins\/tc-annuaire-membre\/images\/parti_politique\/PI.jpg\" \/>PI<\/div><!-- .membre-info-parti --><div class=\"membre-info\"><div class=\"membre-meta-b\">4\u00e8me Vice-Pr\u00e9sident<\/div><\/div><!-- .membre-info --><\/div><!-- .membre-info-wrapper --><div class=\"membre-meta-c\">Membre de la  <a href=\"https:\/\/www.region-fes-meknes.ma\/fr\/le-conseil-regional\/composition\/commissions-permanentes\/commission-de-lamenagement-du-territoire\/\" rel=\"bookmark\">Commission de l\u2019am\u00e9nagement du territoire<\/a><\/div><\/div><!-- .result-membre --><div class=\"result-membre\"><h4 class=\"membre-nom\">BEL-KASSAOUI HAKIMA<\/h4><div class=\"membre-info-wrapper\"><div class=\"membre-avatar\"><img width=\"78\" height=\"100\" src=\"https:\/\/www.region-fes-meknes.ma\/wp-content\/uploads\/2021\/11\/bel-kassaoui-hakima-78x100.jpg\" class=\"attachment-tc-user-small size-tc-user-small\" alt=\"bel kassaoui hakima\" loading=\"lazy\" srcset=\"https:\/\/www.region-fes-meknes.ma\/wp-content\/uploads\/2021\/11\/bel-kassaoui-hakima-78x100.jpg 78w, https:\/\/www.region-fes-meknes.ma\/wp-content\/uploads\/2021\/11\/bel-kassaoui-hakima-233x300.jpg 233w, https:\/\/www.region-fes-meknes.ma\/wp-content\/uploads\/2021\/11\/bel-kassaoui-hakima.jpg 413w\" sizes=\"(max-width: 78px) 100vw, 78px\" \/><\/div><!-- .membre-avatar --><div class=\"membre-info-parti\"><img class=\"membre-pp-icon\" src=\"https:\/\/www.region-fes-meknes.ma\/wp-content\/plugins\/tc-annuaire-membre\/images\/parti_politique\/RNI.jpg\" \/>RNI<\/div><!-- .membre-info-parti --><div class=\"membre-info\"><div class=\"membre-meta-b\">5\u00e8me Vice-Pr\u00e9sident<\/div><\/div><!-- .membre-info --><\/div><!-- .membre-info-wrapper --><div class=\"membre-meta-c\">Membre de la  <a href=\"https:\/\/www.region-fes-meknes.ma\/fr\/le-conseil-regional\/composition\/commissions-permanentes\/commission-des-relations-exterieures-et-de-la-cooperation\/\" rel=\"bookmark\">Commission des relations ext\u00e9rieures et de la coop\u00e9ration<\/a><\/div><\/div><!-- .result-membre --><div class=\"result-membre\"><h4 class=\"membre-nom\">HAJJOUBI KHADIJA<\/h4><div class=\"membre-info-wrapper\"><div class=\"membre-avatar\"><img width=\"78\" height=\"100\" src=\"https:\/\/www.region-fes-meknes.ma\/wp-content\/uploads\/2021\/11\/hajjoubi-khadija-78x100.jpg\" class=\"attachment-tc-user-small size-tc-user-small\" alt=\"hajjoubi khadija\" loading=\"lazy\" srcset=\"https:\/\/www.region-fes-meknes.ma\/wp-content\/uploads\/2021\/11\/hajjoubi-khadija-78x100.jpg 78w, https:\/\/www.region-fes-meknes.ma\/wp-content\/uploads\/2021\/11\/hajjoubi-khadija-233x300.jpg 233w, https:\/\/www.region-fes-meknes.ma\/wp-content\/uploads\/2021\/11\/hajjoubi-khadija.jpg 413w\" sizes=\"(max-width: 78px) 100vw, 78px\" \/><\/div><!-- .membre-avatar --><div class=\"membre-info-parti\"><img class=\"membre-pp-icon\" src=\"https:\/\/www.region-fes-meknes.ma\/wp-content\/plugins\/tc-annuaire-membre\/images\/parti_politique\/PAM.jpg\" \/>PAM<\/div><!-- .membre-info-parti --><div class=\"membre-info\"><div class=\"membre-meta-b\">6\u00e8me Vice-Pr\u00e9sident<\/div><\/div><!-- .membre-info --><\/div><!-- .membre-info-wrapper --><div class=\"membre-meta-c\">Membre de la  <a href=\"https:\/\/www.region-fes-meknes.ma\/fr\/le-conseil-regional\/composition\/commissions-permanentes\/commission-du-developpement-economique-social-culturel-et-environnemental\/\" rel=\"bookmark\">Commission du d\u00e9veloppement \u00e9conomique, social, culturel et environnemental<\/a><\/div><\/div><!-- .result-membre --><div class=\"result-membre\"><h4 class=\"membre-nom\">GNAOUI JAOUAD<\/h4><div class=\"membre-info-wrapper\"><div class=\"membre-avatar\"><img width=\"78\" height=\"100\" src=\"https:\/\/www.region-fes-meknes.ma\/wp-content\/uploads\/2021\/11\/gnaoui-jaouad-78x100.jpg\" class=\"attachment-tc-user-small size-tc-user-small\" alt=\"gnaoui jaouad\" loading=\"lazy\" srcset=\"https:\/\/www.region-fes-meknes.ma\/wp-content\/uploads\/2021\/11\/gnaoui-jaouad-78x100.jpg 78w, https:\/\/www.region-fes-meknes.ma\/wp-content\/uploads\/2021\/11\/gnaoui-jaouad-233x300.jpg 233w, https:\/\/www.region-fes-meknes.ma\/wp-content\/uploads\/2021\/11\/gnaoui-jaouad.jpg 413w\" sizes=\"(max-width: 78px) 100vw, 78px\" \/><\/div><!-- .membre-avatar --><div class=\"membre-info-parti\"><img class=\"membre-pp-icon\" src=\"https:\/\/www.region-fes-meknes.ma\/wp-content\/plugins\/tc-annuaire-membre\/images\/parti_politique\/RNI.jpg\" \/>RNI<\/div><!-- .membre-info-parti --><div class=\"membre-info\"><div class=\"membre-meta-b\">7\u00e8me Vice-Pr\u00e9sident<\/div><\/div><!-- .membre-info --><\/div><!-- .membre-info-wrapper --><div class=\"membre-meta-c\">Membre de la  <a href=\"https:\/\/www.region-fes-meknes.ma\/fr\/le-conseil-regional\/composition\/commissions-permanentes\/commission-du-budget-des-affaires-financieres-et-de-la-programmation\/\" rel=\"bookmark\">Commission du budget, des affaires financi\u00e8res et de la programmation<\/a><\/div><\/div><!-- .result-membre --><div class=\"result-membre\"><h4 class=\"membre-nom\">SLASSI FATIMA ZAHRAE<\/h4><div class=\"membre-info-wrapper\"><div class=\"membre-avatar\"><img width=\"78\" height=\"100\" src=\"https:\/\/www.region-fes-meknes.ma\/wp-content\/uploads\/2021\/11\/slassi-fatima-zahrae-78x100.jpg\" class=\"attachment-tc-user-small size-tc-user-small\" alt=\"slassi fatima zahrae\" loading=\"lazy\" srcset=\"https:\/\/www.region-fes-meknes.ma\/wp-content\/uploads\/2021\/11\/slassi-fatima-zahrae-78x100.jpg 78w, https:\/\/www.region-fes-meknes.ma\/wp-content\/uploads\/2021\/11\/slassi-fatima-zahrae-233x300.jpg 233w, https:\/\/www.region-fes-meknes.ma\/wp-content\/uploads\/2021\/11\/slassi-fatima-zahrae.jpg 413w\" sizes=\"(max-width: 78px) 100vw, 78px\" \/><\/div><!-- .membre-avatar --><div class=\"membre-info-parti\"><img class=\"membre-pp-icon\" src=\"https:\/\/www.region-fes-meknes.ma\/wp-content\/plugins\/tc-annuaire-membre\/images\/parti_politique\/RNI.jpg\" \/>RNI<\/div><!-- .membre-info-parti --><div class=\"membre-info\"><div class=\"membre-meta-b\">8\u00e8me Vice-Pr\u00e9sident<\/div><\/div><!-- .membre-info --><\/div><!-- .membre-info-wrapper --><div class=\"membre-meta-c\">Membre de la  <a href=\"https:\/\/www.region-fes-meknes.ma\/fr\/le-conseil-regional\/composition\/commissions-permanentes\/commission-de-lagriculture-et-du-developpement-rural\/\" rel=\"bookmark\">Commission de l\u2019agriculture et du d\u00e9veloppement rural<\/a><\/div><\/div><!-- .result-membre --><div class=\"result-membre\"><h4 class=\"membre-nom\">DREYA KHADIJA<\/h4><div class=\"membre-info-wrapper\"><div class=\"membre-avatar\"><img width=\"78\" height=\"100\" src=\"https:\/\/www.region-fes-meknes.ma\/wp-content\/uploads\/2021\/11\/dreya-khadija-78x100.jpg\" class=\"attachment-tc-user-small size-tc-user-small\" alt=\"dreya khadija\" loading=\"lazy\" srcset=\"https:\/\/www.region-fes-meknes.ma\/wp-content\/uploads\/2021\/11\/dreya-khadija-78x100.jpg 78w, https:\/\/www.region-fes-meknes.ma\/wp-content\/uploads\/2021\/11\/dreya-khadija-233x300.jpg 233w, https:\/\/www.region-fes-meknes.ma\/wp-content\/uploads\/2021\/11\/dreya-khadija.jpg 413w\" sizes=\"(max-width: 78px) 100vw, 78px\" \/><\/div><!-- .membre-avatar --><div class=\"membre-info-parti\"><img class=\"membre-pp-icon\" src=\"https:\/\/www.region-fes-meknes.ma\/wp-content\/plugins\/tc-annuaire-membre\/images\/parti_politique\/PAM.jpg\" \/>PAM<\/div><!-- .membre-info-parti --><div class=\"membre-info\"><div class=\"membre-meta-b\">9\u00e8me Vice-Pr\u00e9sident<\/div><\/div><!-- .membre-info --><\/div><!-- .membre-info-wrapper --><div class=\"membre-meta-c\">Membre de la  <a href=\"https:\/\/www.region-fes-meknes.ma\/fr\/le-conseil-regional\/composition\/commissions-permanentes\/commission-du-developpement-economique-social-culturel-et-environnemental\/\" rel=\"bookmark\">Commission du d\u00e9veloppement \u00e9conomique, social, culturel et environnemental<\/a><\/div><\/div><!-- .result-membre --><div class=\"result-membre\"><h4 class=\"membre-nom\">MOURAD YOUSSEF<\/h4><div class=\"membre-info-wrapper\"><div class=\"membre-avatar\"><img width=\"78\" height=\"100\" src=\"https:\/\/www.region-fes-meknes.ma\/wp-content\/uploads\/2021\/11\/mourad-youssef-78x100.jpg\" class=\"attachment-tc-user-small size-tc-user-small\" alt=\"mourad youssef\" loading=\"lazy\" srcset=\"https:\/\/www.region-fes-meknes.ma\/wp-content\/uploads\/2021\/11\/mourad-youssef-78x100.jpg 78w, https:\/\/www.region-fes-meknes.ma\/wp-content\/uploads\/2021\/11\/mourad-youssef-233x300.jpg 233w, https:\/\/www.region-fes-meknes.ma\/wp-content\/uploads\/2021\/11\/mourad-youssef.jpg 413w\" sizes=\"(max-width: 78px) 100vw, 78px\" \/><\/div><!-- .membre-avatar --><div class=\"membre-info-parti\"><img class=\"membre-pp-icon\" src=\"https:\/\/www.region-fes-meknes.ma\/wp-content\/plugins\/tc-annuaire-membre\/images\/parti_politique\/RNI.jpg\" \/>RNI<\/div><!-- .membre-info-parti --><div class=\"membre-info\"><div class=\"membre-meta-b\">Secr\u00e9taire du Conseil<\/div><\/div><!-- .membre-info --><\/div><!-- .membre-info-wrapper --><div class=\"membre-meta-c\">Membre de la  <a href=\"https:\/\/www.region-fes-meknes.ma\/fr\/le-conseil-regional\/composition\/commissions-permanentes\/commission-du-developpement-economique-social-culturel-et-environnemental\/\" rel=\"bookmark\">Commission du d\u00e9veloppement \u00e9conomique, social, culturel et environnemental<\/a><\/div><\/div><!-- .result-membre --><div class=\"result-membre\"><h4 class=\"membre-nom\">KHASSAL ALLAL<\/h4><div class=\"membre-info-wrapper\"><div class=\"membre-avatar\"><img width=\"78\" height=\"100\" src=\"https:\/\/www.region-fes-meknes.ma\/wp-content\/uploads\/2021\/11\/khassal-allal-78x100.jpg\" class=\"attachment-tc-user-small size-tc-user-small\" alt=\"khassal allal\" loading=\"lazy\" srcset=\"https:\/\/www.region-fes-meknes.ma\/wp-content\/uploads\/2021\/11\/khassal-allal-78x100.jpg 78w, https:\/\/www.region-fes-meknes.ma\/wp-content\/uploads\/2021\/11\/khassal-allal-233x300.jpg 233w, https:\/\/www.region-fes-meknes.ma\/wp-content\/uploads\/2021\/11\/khassal-allal.jpg 413w\" sizes=\"(max-width: 78px) 100vw, 78px\" \/><\/div><!-- .membre-avatar --><div class=\"membre-info-parti\"><img class=\"membre-pp-icon\" src=\"https:\/\/www.region-fes-meknes.ma\/wp-content\/plugins\/tc-annuaire-membre\/images\/parti_politique\/PI.jpg\" \/>PI<\/div><!-- .membre-info-parti --><div class=\"membre-info\"><div class=\"membre-meta-b\">Adjoint du Secr\u00e9taire<\/div><\/div><!-- .membre-info --><\/div><!-- .membre-info-wrapper --><div class=\"membre-meta-c\">Membre de la  <a href=\"https:\/\/www.region-fes-meknes.ma\/fr\/le-conseil-regional\/composition\/commissions-permanentes\/commission-de-lagriculture-et-du-developpement-rural\/\" rel=\"bookmark\">Commission de l\u2019agriculture et du d\u00e9veloppement rural<\/a><\/div><\/div><!-- .result-membre --><div class=\"result-membre\"><h4 class=\"membre-nom\">EL FAYEK RACHID<\/h4><div class=\"membre-info-wrapper\"><div class=\"membre-avatar\"><img width=\"78\" height=\"100\" src=\"https:\/\/www.region-fes-meknes.ma\/wp-content\/uploads\/2021\/11\/el-fayek-rachid-78x100.jpg\" class=\"attachment-tc-user-small size-tc-user-small\" alt=\"el fayek rachid\" loading=\"lazy\" srcset=\"https:\/\/www.region-fes-meknes.ma\/wp-content\/uploads\/2021\/11\/el-fayek-rachid-78x100.jpg 78w, https:\/\/www.region-fes-meknes.ma\/wp-content\/uploads\/2021\/11\/el-fayek-rachid-233x300.jpg 233w, https:\/\/www.region-fes-meknes.ma\/wp-content\/uploads\/2021\/11\/el-fayek-rachid.jpg 413w\" sizes=\"(max-width: 78px) 100vw, 78px\" \/><\/div><!-- .membre-avatar --><div class=\"membre-info-parti\"><img class=\"membre-pp-icon\" src=\"https:\/\/www.region-fes-meknes.ma\/wp-content\/plugins\/tc-annuaire-membre\/images\/parti_politique\/RNI.jpg\" \/>RNI<\/div><!-- .membre-info-parti --><div class=\"membre-info\"><div class=\"membre-meta-b\">Membre<\/div><div class=\"membre-meta-b\">Pr\u00e9sident du Groupe<\/div><\/div><!-- .membre-info --><\/div><!-- .membre-info-wrapper --><div class=\"membre-meta-c\">Membre de la  <a href=\"https:\/\/www.region-fes-meknes.ma\/fr\/le-conseil-regional\/composition\/commissions-permanentes\/commission-du-budget-des-affaires-financieres-et-de-la-programmation\/\" rel=\"bookmark\">Commission du budget, des affaires financi\u00e8res et de la programmation<\/a><\/div><\/div><!-- .result-membre --><div class=\"result-membre\"><h4 class=\"membre-nom\">EL BHIYYAH NADIA<\/h4><div class=\"membre-info-wrapper\"><div class=\"membre-avatar\"><img width=\"78\" height=\"100\" src=\"https:\/\/www.region-fes-meknes.ma\/wp-content\/uploads\/2021\/11\/el-bhiyyah-nadia-78x100.jpg\" class=\"attachment-tc-user-small size-tc-user-small\" alt=\"el bhiyyah nadia\" loading=\"lazy\" srcset=\"https:\/\/www.region-fes-meknes.ma\/wp-content\/uploads\/2021\/11\/el-bhiyyah-nadia-78x100.jpg 78w, https:\/\/www.region-fes-meknes.ma\/wp-content\/uploads\/2021\/11\/el-bhiyyah-nadia-233x300.jpg 233w, https:\/\/www.region-fes-meknes.ma\/wp-content\/uploads\/2021\/11\/el-bhiyyah-nadia.jpg 413w\" sizes=\"(max-width: 78px) 100vw, 78px\" \/><\/div><!-- .membre-avatar --><div class=\"membre-info-parti\"><img class=\"membre-pp-icon\" src=\"https:\/\/www.region-fes-meknes.ma\/wp-content\/plugins\/tc-annuaire-membre\/images\/parti_politique\/RNI.jpg\" \/>RNI<\/div><!-- .membre-info-parti --><div class=\"membre-info\"><div class=\"membre-meta-b\">Membre<\/div><\/div><!-- .membre-info --><\/div><!-- .membre-info-wrapper --><div class=\"membre-meta-c\">Pr\u00e9sident de la  <a href=\"https:\/\/www.region-fes-meknes.ma\/fr\/le-conseil-regional\/composition\/commissions-permanentes\/commission-de-la-femme-de-la-jeunesse-et-du-sport\/\" rel=\"bookmark\">Commission de la femme, de la jeunesse et du sport<\/a><\/div><\/div><!-- .result-membre --><div class=\"result-membre\"><h4 class=\"membre-nom\">ABELHAD DRISS<\/h4><div class=\"membre-info-wrapper\"><div class=\"membre-avatar\"><img width=\"78\" height=\"100\" src=\"https:\/\/www.region-fes-meknes.ma\/wp-content\/uploads\/2021\/11\/abelhad-driss-78x100.jpg\" class=\"attachment-tc-user-small size-tc-user-small\" alt=\"abelhad driss\" loading=\"lazy\" srcset=\"https:\/\/www.region-fes-meknes.ma\/wp-content\/uploads\/2021\/11\/abelhad-driss-78x100.jpg 78w, https:\/\/www.region-fes-meknes.ma\/wp-content\/uploads\/2021\/11\/abelhad-driss-233x300.jpg 233w, https:\/\/www.region-fes-meknes.ma\/wp-content\/uploads\/2021\/11\/abelhad-driss.jpg 413w\" sizes=\"(max-width: 78px) 100vw, 78px\" \/><\/div><!-- .membre-avatar --><div class=\"membre-info-parti\"><img class=\"membre-pp-icon\" src=\"https:\/\/www.region-fes-meknes.ma\/wp-content\/plugins\/tc-annuaire-membre\/images\/parti_politique\/PI.jpg\" \/>PI<\/div><!-- .membre-info-parti --><div class=\"membre-info\"><div class=\"membre-meta-b\">Membre<\/div><\/div><!-- .membre-info --><\/div><!-- .membre-info-wrapper --><div class=\"membre-meta-c\">Pr\u00e9sident de la  <a href=\"https:\/\/www.region-fes-meknes.ma\/fr\/le-conseil-regional\/composition\/commissions-permanentes\/commission-de-lagriculture-et-du-developpement-rural\/\" rel=\"bookmark\">Commission de l\u2019agriculture et du d\u00e9veloppement rural<\/a><\/div><\/div><!-- .result-membre --><div class=\"result-membre\"><h4 class=\"membre-nom\">CHINOUN ABDELALLI<\/h4><div class=\"membre-info-wrapper\"><div class=\"membre-avatar\"><img width=\"78\" height=\"100\" src=\"https:\/\/www.region-fes-meknes.ma\/wp-content\/uploads\/2023\/06\/abdelalli-chinoun-78x100.png\" class=\"attachment-tc-user-small size-tc-user-small\" alt=\"abdelalli chinoun\" loading=\"lazy\" srcset=\"https:\/\/www.region-fes-meknes.ma\/wp-content\/uploads\/2023\/06\/abdelalli-chinoun-78x100.png 78w, https:\/\/www.region-fes-meknes.ma\/wp-content\/uploads\/2023\/06\/abdelalli-chinoun-233x300.png 233w, https:\/\/www.region-fes-meknes.ma\/wp-content\/uploads\/2023\/06\/abdelalli-chinoun.png 413w\" sizes=\"(max-width: 78px) 100vw, 78px\" \/><\/div><!-- .membre-avatar --><div class=\"membre-info-parti\"><img class=\"membre-pp-icon\" src=\"https:\/\/www.region-fes-meknes.ma\/wp-content\/plugins\/tc-annuaire-membre\/images\/parti_politique\/PAM.jpg\" \/>PAM<\/div><!-- .membre-info-parti --><div class=\"membre-info\"><div class=\"membre-meta-b\">Membre<\/div><\/div><!-- .membre-info --><\/div><!-- .membre-info-wrapper --><div class=\"membre-meta-c\">Membre de la  <a href=\"https:\/\/www.region-fes-meknes.ma\/fr\/le-conseil-regional\/composition\/commissions-permanentes\/commission-de-lamenagement-du-territoire\/\" rel=\"bookmark\">Commission de l\u2019am\u00e9nagement du territoire<\/a><\/div><\/div><!-- .result-membre --><div class=\"result-membre\"><h4 class=\"membre-nom\">KANDRI ABDELHAI<\/h4><div class=\"membre-info-wrapper\"><div class=\"membre-avatar\"><img width=\"78\" height=\"100\" src=\"https:\/\/www.region-fes-meknes.ma\/wp-content\/uploads\/2021\/11\/kandri-abdelhai-78x100.jpg\" class=\"attachment-tc-user-small size-tc-user-small\" alt=\"kandri abdelhai\" loading=\"lazy\" srcset=\"https:\/\/www.region-fes-meknes.ma\/wp-content\/uploads\/2021\/11\/kandri-abdelhai-78x100.jpg 78w, https:\/\/www.region-fes-meknes.ma\/wp-content\/uploads\/2021\/11\/kandri-abdelhai-233x300.jpg 233w, https:\/\/www.region-fes-meknes.ma\/wp-content\/uploads\/2021\/11\/kandri-abdelhai.jpg 413w\" sizes=\"(max-width: 78px) 100vw, 78px\" \/><\/div><!-- .membre-avatar --><div class=\"membre-info-parti\"><img class=\"membre-pp-icon\" src=\"https:\/\/www.region-fes-meknes.ma\/wp-content\/plugins\/tc-annuaire-membre\/images\/parti_politique\/PPS.jpg\" \/>PPS<\/div><!-- .membre-info-parti --><div class=\"membre-info\"><div class=\"membre-meta-b\">Membre<\/div><\/div><!-- .membre-info --><\/div><!-- .membre-info-wrapper --><div class=\"membre-meta-c\">Membre de la  <a href=\"https:\/\/www.region-fes-meknes.ma\/fr\/le-conseil-regional\/composition\/commissions-permanentes\/commission-du-developpement-economique-social-culturel-et-environnemental\/\" rel=\"bookmark\">Commission du d\u00e9veloppement \u00e9conomique, social, culturel et environnemental<\/a><\/div><\/div><!-- .result-membre --><div class=\"result-membre\"><h4 class=\"membre-nom\">ALAMI HICHAM<\/h4><div class=\"membre-info-wrapper\"><div class=\"membre-avatar\"><img width=\"78\" height=\"100\" src=\"https:\/\/www.region-fes-meknes.ma\/wp-content\/uploads\/2021\/11\/alami-hicham-78x100.jpg\" class=\"attachment-tc-user-small size-tc-user-small\" alt=\"alami hicham\" loading=\"lazy\" srcset=\"https:\/\/www.region-fes-meknes.ma\/wp-content\/uploads\/2021\/11\/alami-hicham-78x100.jpg 78w, https:\/\/www.region-fes-meknes.ma\/wp-content\/uploads\/2021\/11\/alami-hicham-233x300.jpg 233w, https:\/\/www.region-fes-meknes.ma\/wp-content\/uploads\/2021\/11\/alami-hicham.jpg 413w\" sizes=\"(max-width: 78px) 100vw, 78px\" \/><\/div><!-- .membre-avatar --><div class=\"membre-info-parti\"><img class=\"membre-pp-icon\" src=\"https:\/\/www.region-fes-meknes.ma\/wp-content\/plugins\/tc-annuaire-membre\/images\/parti_politique\/USFP.jpg\" \/>USFP<\/div><!-- .membre-info-parti --><div class=\"membre-info\"><div class=\"membre-meta-b\">Membre<\/div><\/div><!-- .membre-info --><\/div><!-- .membre-info-wrapper --><div class=\"membre-meta-c\">Membre de la  <a href=\"https:\/\/www.region-fes-meknes.ma\/fr\/le-conseil-regional\/composition\/commissions-permanentes\/commission-de-la-formation-et-de-lemploi\/\" rel=\"bookmark\">Commission de la formation et de l\u2019emploi<\/a><\/div><\/div><!-- .result-membre --><div class=\"result-membre\"><h4 class=\"membre-nom\">BERRADA BADR<\/h4><div class=\"membre-info-wrapper\"><div class=\"membre-avatar\"><img width=\"78\" height=\"100\" src=\"https:\/\/www.region-fes-meknes.ma\/wp-content\/uploads\/2021\/11\/berrada-badr-78x100.jpg\" class=\"attachment-tc-user-small size-tc-user-small\" alt=\"berrada badr\" loading=\"lazy\" srcset=\"https:\/\/www.region-fes-meknes.ma\/wp-content\/uploads\/2021\/11\/berrada-badr-78x100.jpg 78w, https:\/\/www.region-fes-meknes.ma\/wp-content\/uploads\/2021\/11\/berrada-badr-233x300.jpg 233w, https:\/\/www.region-fes-meknes.ma\/wp-content\/uploads\/2021\/11\/berrada-badr.jpg 413w\" sizes=\"(max-width: 78px) 100vw, 78px\" \/><\/div><!-- .membre-avatar --><div class=\"membre-info-parti\"><img class=\"membre-pp-icon\" src=\"https:\/\/www.region-fes-meknes.ma\/wp-content\/plugins\/tc-annuaire-membre\/images\/parti_politique\/FFD.jpg\" \/>FFD<\/div><!-- .membre-info-parti --><div class=\"membre-info\"><div class=\"membre-meta-b\">Membre<\/div><\/div><!-- .membre-info --><\/div><!-- .membre-info-wrapper --><div class=\"membre-meta-c\">Membre de la  <a href=\"https:\/\/www.region-fes-meknes.ma\/fr\/le-conseil-regional\/composition\/commissions-permanentes\/commission-des-relations-exterieures-et-de-la-cooperation\/\" rel=\"bookmark\">Commission des relations ext\u00e9rieures et de la coop\u00e9ration<\/a><\/div><\/div><!-- .result-membre --><div class=\"result-membre\"><h4 class=\"membre-nom\">BOURASSI AMINA<\/h4><div class=\"membre-info-wrapper\"><div class=\"membre-avatar\"><img width=\"78\" height=\"100\" src=\"https:\/\/www.region-fes-meknes.ma\/wp-content\/uploads\/2021\/11\/bourassi-amina-78x100.jpg\" class=\"attachment-tc-user-small size-tc-user-small\" alt=\"bourassi amina\" loading=\"lazy\" srcset=\"https:\/\/www.region-fes-meknes.ma\/wp-content\/uploads\/2021\/11\/bourassi-amina-78x100.jpg 78w, https:\/\/www.region-fes-meknes.ma\/wp-content\/uploads\/2021\/11\/bourassi-amina-233x300.jpg 233w, https:\/\/www.region-fes-meknes.ma\/wp-content\/uploads\/2021\/11\/bourassi-amina.jpg 413w\" sizes=\"(max-width: 78px) 100vw, 78px\" \/><\/div><!-- .membre-avatar --><div class=\"membre-info-parti\"><img class=\"membre-pp-icon\" src=\"https:\/\/www.region-fes-meknes.ma\/wp-content\/plugins\/tc-annuaire-membre\/images\/parti_politique\/FFD.jpg\" \/>FFD<\/div><!-- .membre-info-parti --><div class=\"membre-info\"><div class=\"membre-meta-b\">Membre<\/div><\/div><!-- .membre-info --><\/div><!-- .membre-info-wrapper --><div class=\"membre-meta-c\">Membre de la  <a href=\"https:\/\/www.region-fes-meknes.ma\/fr\/le-conseil-regional\/composition\/commissions-permanentes\/commission-du-developpement-economique-social-culturel-et-environnemental\/\" rel=\"bookmark\">Commission du d\u00e9veloppement \u00e9conomique, social, culturel et environnemental<\/a><\/div><\/div><!-- .result-membre --><div class=\"result-membre\"><h4 class=\"membre-nom\">ELABBADI ELHOUSSINE<\/h4><div class=\"membre-info-wrapper\"><div class=\"membre-avatar\"><img width=\"87\" height=\"100\" src=\"https:\/\/www.region-fes-meknes.ma\/wp-content\/uploads\/2021\/11\/elabbadi-elhoussine-87x100.jpg\" class=\"attachment-tc-user-small size-tc-user-small\" alt=\"elabbadi elhoussine\" loading=\"lazy\" srcset=\"https:\/\/www.region-fes-meknes.ma\/wp-content\/uploads\/2021\/11\/elabbadi-elhoussine-87x100.jpg 87w, https:\/\/www.region-fes-meknes.ma\/wp-content\/uploads\/2021\/11\/elabbadi-elhoussine.jpg 245w\" sizes=\"(max-width: 87px) 100vw, 87px\" \/><\/div><!-- .membre-avatar --><div class=\"membre-info-parti\"><img class=\"membre-pp-icon\" src=\"https:\/\/www.region-fes-meknes.ma\/wp-content\/plugins\/tc-annuaire-membre\/images\/parti_politique\/PJD.jpg\" \/>PJD<\/div><!-- .membre-info-parti --><div class=\"membre-info\"><div class=\"membre-meta-b\">Membre<\/div><\/div><!-- .membre-info --><\/div><!-- .membre-info-wrapper --><div class=\"membre-meta-c\">Membre de la  <a href=\"https:\/\/www.region-fes-meknes.ma\/fr\/le-conseil-regional\/composition\/commissions-permanentes\/commission-de-la-formation-et-de-lemploi\/\" rel=\"bookmark\">Commission de la formation et de l\u2019emploi<\/a><\/div><\/div><!-- .result-membre --><div class=\"result-membre\"><h4 class=\"membre-nom\">ZAARA IBTISSAM<\/h4><div class=\"membre-info-wrapper\"><div class=\"membre-avatar\"><img width=\"78\" height=\"100\" src=\"https:\/\/www.region-fes-meknes.ma\/wp-content\/uploads\/2021\/11\/zaara-ibtissam-78x100.jpg\" class=\"attachment-tc-user-small size-tc-user-small\" alt=\"zaara ibtissam\" loading=\"lazy\" srcset=\"https:\/\/www.region-fes-meknes.ma\/wp-content\/uploads\/2021\/11\/zaara-ibtissam-78x100.jpg 78w, https:\/\/www.region-fes-meknes.ma\/wp-content\/uploads\/2021\/11\/zaara-ibtissam-233x300.jpg 233w, https:\/\/www.region-fes-meknes.ma\/wp-content\/uploads\/2021\/11\/zaara-ibtissam.jpg 413w\" sizes=\"(max-width: 78px) 100vw, 78px\" \/><\/div><!-- .membre-avatar --><div class=\"membre-info-parti\"><img class=\"membre-pp-icon\" src=\"https:\/\/www.region-fes-meknes.ma\/wp-content\/plugins\/tc-annuaire-membre\/images\/parti_politique\/RNI.jpg\" \/>RNI<\/div><!-- .membre-info-parti --><div class=\"membre-info\"><div class=\"membre-meta-b\">Membre<\/div><\/div><!-- .membre-info --><\/div><!-- .membre-info-wrapper --><div class=\"membre-meta-c\">Membre de la  <a href=\"https:\/\/www.region-fes-meknes.ma\/fr\/le-conseil-regional\/composition\/commissions-permanentes\/commission-des-relations-exterieures-et-de-la-cooperation\/\" rel=\"bookmark\">Commission des relations ext\u00e9rieures et de la coop\u00e9ration<\/a><\/div><\/div><!-- .result-membre --><div class=\"result-membre\"><h4 class=\"membre-nom\">JMILI YOUSSEF<\/h4><div class=\"membre-info-wrapper\"><div class=\"membre-avatar\"><img width=\"78\" height=\"100\" src=\"https:\/\/www.region-fes-meknes.ma\/wp-content\/uploads\/2021\/11\/jmili-youssef-78x100.jpg\" class=\"attachment-tc-user-small size-tc-user-small\" alt=\"jmili youssef\" loading=\"lazy\" srcset=\"https:\/\/www.region-fes-meknes.ma\/wp-content\/uploads\/2021\/11\/jmili-youssef-78x100.jpg 78w, https:\/\/www.region-fes-meknes.ma\/wp-content\/uploads\/2021\/11\/jmili-youssef-233x300.jpg 233w, https:\/\/www.region-fes-meknes.ma\/wp-content\/uploads\/2021\/11\/jmili-youssef.jpg 413w\" sizes=\"(max-width: 78px) 100vw, 78px\" \/><\/div><!-- .membre-avatar --><div class=\"membre-info-parti\"><img class=\"membre-pp-icon\" src=\"https:\/\/www.region-fes-meknes.ma\/wp-content\/plugins\/tc-annuaire-membre\/images\/parti_politique\/RNI.jpg\" \/>RNI<\/div><!-- .membre-info-parti --><div class=\"membre-info\"><div class=\"membre-meta-b\">Membre<\/div><\/div><!-- .membre-info --><\/div><!-- .membre-info-wrapper --><div class=\"membre-meta-c\">Membre de la  <a href=\"https:\/\/www.region-fes-meknes.ma\/fr\/le-conseil-regional\/composition\/commissions-permanentes\/commission-des-relations-exterieures-et-de-la-cooperation\/\" rel=\"bookmark\">Commission des relations ext\u00e9rieures et de la coop\u00e9ration<\/a><\/div><\/div><!-- .result-membre --><div class=\"result-membre\"><h4 class=\"membre-nom\">MOUKNII FATIHA<\/h4><div class=\"membre-info-wrapper\"><div class=\"membre-avatar\"><img width=\"78\" height=\"100\" src=\"https:\/\/www.region-fes-meknes.ma\/wp-content\/uploads\/2021\/11\/mouknii-fatiha-78x100.jpg\" class=\"attachment-tc-user-small size-tc-user-small\" alt=\"mouknii fatiha\" loading=\"lazy\" srcset=\"https:\/\/www.region-fes-meknes.ma\/wp-content\/uploads\/2021\/11\/mouknii-fatiha-78x100.jpg 78w, https:\/\/www.region-fes-meknes.ma\/wp-content\/uploads\/2021\/11\/mouknii-fatiha-233x300.jpg 233w, https:\/\/www.region-fes-meknes.ma\/wp-content\/uploads\/2021\/11\/mouknii-fatiha.jpg 413w\" sizes=\"(max-width: 78px) 100vw, 78px\" \/><\/div><!-- .membre-avatar --><div class=\"membre-info-parti\"><img class=\"membre-pp-icon\" src=\"https:\/\/www.region-fes-meknes.ma\/wp-content\/plugins\/tc-annuaire-membre\/images\/parti_politique\/PI.jpg\" \/>PI<\/div><!-- .membre-info-parti --><div class=\"membre-info\"><div class=\"membre-meta-b\">Membre<\/div><\/div><!-- .membre-info --><\/div><!-- .membre-info-wrapper --><div class=\"membre-meta-c\">Membre de la  <a href=\"https:\/\/www.region-fes-meknes.ma\/fr\/le-conseil-regional\/composition\/commissions-permanentes\/commission-de-la-femme-de-la-jeunesse-et-du-sport\/\" rel=\"bookmark\">Commission de la femme, de la jeunesse et du sport<\/a><\/div><\/div><!-- .result-membre --><div class=\"result-membre\"><h4 class=\"membre-nom\">CHAMI JAOUAD<\/h4><div class=\"membre-info-wrapper\"><div class=\"membre-avatar\"><img width=\"82\" height=\"100\" src=\"https:\/\/www.region-fes-meknes.ma\/wp-content\/uploads\/2021\/11\/chami-jaouad-82x100.jpg\" class=\"attachment-tc-user-small size-tc-user-small\" alt=\"chami jaouad\" loading=\"lazy\" srcset=\"https:\/\/www.region-fes-meknes.ma\/wp-content\/uploads\/2021\/11\/chami-jaouad-82x100.jpg 82w, https:\/\/www.region-fes-meknes.ma\/wp-content\/uploads\/2021\/11\/chami-jaouad.jpg 193w\" sizes=\"(max-width: 82px) 100vw, 82px\" \/><\/div><!-- .membre-avatar --><div class=\"membre-info-parti\"><img class=\"membre-pp-icon\" src=\"https:\/\/www.region-fes-meknes.ma\/wp-content\/plugins\/tc-annuaire-membre\/images\/parti_politique\/PAM.jpg\" \/>PAM<\/div><!-- .membre-info-parti --><div class=\"membre-info\"><div class=\"membre-meta-b\">Membre<\/div><\/div><!-- .membre-info --><\/div><!-- .membre-info-wrapper --><div class=\"membre-meta-c\">Vice-Pr\u00e9sident de la  <a href=\"https:\/\/www.region-fes-meknes.ma\/fr\/le-conseil-regional\/composition\/commissions-permanentes\/commission-du-budget-des-affaires-financieres-et-de-la-programmation\/\" rel=\"bookmark\">Commission du budget, des affaires financi\u00e8res et de la programmation<\/a><\/div><\/div><!-- .result-membre --><div class=\"result-membre\"><h4 class=\"membre-nom\">LABRIGUI ABDELKADER<\/h4><div class=\"membre-info-wrapper\"><div class=\"membre-avatar\"><img width=\"78\" height=\"100\" src=\"https:\/\/www.region-fes-meknes.ma\/wp-content\/uploads\/2017\/10\/abdelkader-labrigui-78x100.jpg\" class=\"attachment-tc-user-small size-tc-user-small\" alt=\"abdelkader labrigui\" loading=\"lazy\" srcset=\"https:\/\/www.region-fes-meknes.ma\/wp-content\/uploads\/2017\/10\/abdelkader-labrigui-78x100.jpg 78w, https:\/\/www.region-fes-meknes.ma\/wp-content\/uploads\/2017\/10\/abdelkader-labrigui-233x300.jpg 233w, https:\/\/www.region-fes-meknes.ma\/wp-content\/uploads\/2017\/10\/abdelkader-labrigui.jpg 413w\" sizes=\"(max-width: 78px) 100vw, 78px\" \/><\/div><!-- .membre-avatar --><div class=\"membre-info-parti\"><img class=\"membre-pp-icon\" src=\"https:\/\/www.region-fes-meknes.ma\/wp-content\/plugins\/tc-annuaire-membre\/images\/parti_politique\/MP.jpg\" \/>MP<\/div><!-- .membre-info-parti --><div class=\"membre-info\"><div class=\"membre-meta-b\">Membre<\/div><\/div><!-- .membre-info --><\/div><!-- .membre-info-wrapper --><div class=\"membre-meta-c\">Membre de la  <a href=\"https:\/\/www.region-fes-meknes.ma\/fr\/le-conseil-regional\/composition\/commissions-permanentes\/commission-du-developpement-economique-social-culturel-et-environnemental\/\" rel=\"bookmark\">Commission du d\u00e9veloppement \u00e9conomique, social, culturel et environnemental<\/a><\/div><\/div><!-- .result-membre --><div class=\"result-membre\"><h4 class=\"membre-nom\">EL FATHI NADIA<\/h4><div class=\"membre-info-wrapper\"><div class=\"membre-avatar\"><img width=\"78\" height=\"100\" src=\"https:\/\/www.region-fes-meknes.ma\/wp-content\/uploads\/2021\/11\/el-fathi-nadia-78x100.jpg\" class=\"attachment-tc-user-small size-tc-user-small\" alt=\"el fathi nadia\" loading=\"lazy\" srcset=\"https:\/\/www.region-fes-meknes.ma\/wp-content\/uploads\/2021\/11\/el-fathi-nadia-78x100.jpg 78w, https:\/\/www.region-fes-meknes.ma\/wp-content\/uploads\/2021\/11\/el-fathi-nadia-233x300.jpg 233w, https:\/\/www.region-fes-meknes.ma\/wp-content\/uploads\/2021\/11\/el-fathi-nadia.jpg 413w\" sizes=\"(max-width: 78px) 100vw, 78px\" \/><\/div><!-- .membre-avatar --><div class=\"membre-info-parti\"><img class=\"membre-pp-icon\" src=\"https:\/\/www.region-fes-meknes.ma\/wp-content\/plugins\/tc-annuaire-membre\/images\/parti_politique\/MP.jpg\" \/>MP<\/div><!-- .membre-info-parti --><div class=\"membre-info\"><div class=\"membre-meta-b\">Membre<\/div><\/div><!-- .membre-info --><\/div><!-- .membre-info-wrapper --><div class=\"membre-meta-c\">Membre de la  <a href=\"https:\/\/www.region-fes-meknes.ma\/fr\/le-conseil-regional\/composition\/commissions-permanentes\/commission-de-la-femme-de-la-jeunesse-et-du-sport\/\" rel=\"bookmark\">Commission de la femme, de la jeunesse et du sport<\/a><\/div><\/div><!-- .result-membre --><div class=\"result-membre\"><h4 class=\"membre-nom\">ISMAILI MOHAMMED RAOUF<\/h4><div class=\"membre-info-wrapper\"><div class=\"membre-avatar\"><img width=\"78\" height=\"100\" src=\"https:\/\/www.region-fes-meknes.ma\/wp-content\/uploads\/2017\/10\/mohammed-raouf-ismaili-78x100.jpg\" class=\"attachment-tc-user-small size-tc-user-small\" alt=\"mohammed raouf ismaili\" loading=\"lazy\" srcset=\"https:\/\/www.region-fes-meknes.ma\/wp-content\/uploads\/2017\/10\/mohammed-raouf-ismaili-78x100.jpg 78w, https:\/\/www.region-fes-meknes.ma\/wp-content\/uploads\/2017\/10\/mohammed-raouf-ismaili-233x300.jpg 233w, https:\/\/www.region-fes-meknes.ma\/wp-content\/uploads\/2017\/10\/mohammed-raouf-ismaili.jpg 413w\" sizes=\"(max-width: 78px) 100vw, 78px\" \/><\/div><!-- .membre-avatar --><div class=\"membre-info-parti\"><img class=\"membre-pp-icon\" src=\"https:\/\/www.region-fes-meknes.ma\/wp-content\/plugins\/tc-annuaire-membre\/images\/parti_politique\/UC.jpg\" \/>UC<\/div><!-- .membre-info-parti --><div class=\"membre-info\"><div class=\"membre-meta-b\">Membre<\/div><\/div><!-- .membre-info --><\/div><!-- .membre-info-wrapper --><div class=\"membre-meta-c\">Membre de la  <a href=\"https:\/\/www.region-fes-meknes.ma\/fr\/le-conseil-regional\/composition\/commissions-permanentes\/commission-de-la-femme-de-la-jeunesse-et-du-sport\/\" rel=\"bookmark\">Commission de la femme, de la jeunesse et du sport<\/a><\/div><\/div><!-- .result-membre --><div class=\"result-membre\"><h4 class=\"membre-nom\">RHLIB FATIHA<\/h4><div class=\"membre-info-wrapper\"><div class=\"membre-avatar\"><img width=\"78\" height=\"100\" src=\"https:\/\/www.region-fes-meknes.ma\/wp-content\/uploads\/2021\/11\/rhlib-fatiha-78x100.jpg\" class=\"attachment-tc-user-small size-tc-user-small\" alt=\"rhlib fatiha\" loading=\"lazy\" srcset=\"https:\/\/www.region-fes-meknes.ma\/wp-content\/uploads\/2021\/11\/rhlib-fatiha-78x100.jpg 78w, https:\/\/www.region-fes-meknes.ma\/wp-content\/uploads\/2021\/11\/rhlib-fatiha-233x300.jpg 233w, https:\/\/www.region-fes-meknes.ma\/wp-content\/uploads\/2021\/11\/rhlib-fatiha.jpg 413w\" sizes=\"(max-width: 78px) 100vw, 78px\" \/><\/div><!-- .membre-avatar --><div class=\"membre-info-parti\"><img class=\"membre-pp-icon\" src=\"https:\/\/www.region-fes-meknes.ma\/wp-content\/plugins\/tc-annuaire-membre\/images\/parti_politique\/UC.jpg\" \/>UC<\/div><!-- .membre-info-parti --><div class=\"membre-info\"><div class=\"membre-meta-b\">Membre<\/div><\/div><!-- .membre-info --><\/div><!-- .membre-info-wrapper --><div class=\"membre-meta-c\">Membre de la  <a href=\"https:\/\/www.region-fes-meknes.ma\/fr\/le-conseil-regional\/composition\/commissions-permanentes\/commission-de-la-formation-et-de-lemploi\/\" rel=\"bookmark\">Commission de la formation et de l\u2019emploi<\/a><\/div><\/div><!-- .result-membre --><div class=\"result-membre\"><h4 class=\"membre-nom\">SQALLI ADOUI DRISS<\/h4><div class=\"membre-info-wrapper\"><div class=\"membre-avatar\"><img width=\"83\" height=\"100\" src=\"https:\/\/www.region-fes-meknes.ma\/wp-content\/uploads\/2017\/10\/sqalliadaoui-83x100.jpg\" class=\"attachment-tc-user-small size-tc-user-small\" alt=\"sqalliadaoui\" loading=\"lazy\" srcset=\"https:\/\/www.region-fes-meknes.ma\/wp-content\/uploads\/2017\/10\/sqalliadaoui-83x100.jpg 83w, https:\/\/www.region-fes-meknes.ma\/wp-content\/uploads\/2017\/10\/sqalliadaoui.jpg 113w\" sizes=\"(max-width: 83px) 100vw, 83px\" \/><\/div><!-- .membre-avatar --><div class=\"membre-info-parti\"><img class=\"membre-pp-icon\" src=\"https:\/\/www.region-fes-meknes.ma\/wp-content\/plugins\/tc-annuaire-membre\/images\/parti_politique\/PJD.jpg\" \/>PJD<\/div><!-- .membre-info-parti --><div class=\"membre-info\"><div class=\"membre-meta-b\">Membre<\/div><\/div><!-- .membre-info --><\/div><!-- .membre-info-wrapper --><div class=\"membre-meta-c\">Membre de la  <a href=\"https:\/\/www.region-fes-meknes.ma\/fr\/le-conseil-regional\/composition\/commissions-permanentes\/commission-des-relations-exterieures-et-de-la-cooperation\/\" rel=\"bookmark\">Commission des relations ext\u00e9rieures et de la coop\u00e9ration<\/a><\/div><\/div><!-- .result-membre --><div class=\"result-membre\"><h4 class=\"membre-nom\">ZERRARI NAJIB<\/h4><div class=\"membre-info-wrapper\"><div class=\"membre-avatar\"><img width=\"78\" height=\"100\" src=\"https:\/\/www.region-fes-meknes.ma\/wp-content\/uploads\/2021\/11\/zerrari-najib-78x100.jpg\" class=\"attachment-tc-user-small size-tc-user-small\" alt=\"zerrari najib\" loading=\"lazy\" srcset=\"https:\/\/www.region-fes-meknes.ma\/wp-content\/uploads\/2021\/11\/zerrari-najib-78x100.jpg 78w, https:\/\/www.region-fes-meknes.ma\/wp-content\/uploads\/2021\/11\/zerrari-najib-233x300.jpg 233w, https:\/\/www.region-fes-meknes.ma\/wp-content\/uploads\/2021\/11\/zerrari-najib.jpg 413w\" sizes=\"(max-width: 78px) 100vw, 78px\" \/><\/div><!-- .membre-avatar --><div class=\"membre-info-parti\"><img class=\"membre-pp-icon\" src=\"https:\/\/www.region-fes-meknes.ma\/wp-content\/plugins\/tc-annuaire-membre\/images\/parti_politique\/RNI.jpg\" \/>RNI<\/div><!-- .membre-info-parti --><div class=\"membre-info\"><div class=\"membre-meta-b\">Membre<\/div><\/div><!-- .membre-info --><\/div><!-- .membre-info-wrapper --><div class=\"membre-meta-c\">Membre de la  <a href=\"https:\/\/www.region-fes-meknes.ma\/fr\/le-conseil-regional\/composition\/commissions-permanentes\/commission-de-lagriculture-et-du-developpement-rural\/\" rel=\"bookmark\">Commission de l\u2019agriculture et du d\u00e9veloppement rural<\/a><\/div><\/div><!-- .result-membre --><div class=\"result-membre\"><h4 class=\"membre-nom\">MORADI NAIMA<\/h4><div class=\"membre-info-wrapper\"><div class=\"membre-avatar\"><img width=\"78\" height=\"100\" src=\"https:\/\/www.region-fes-meknes.ma\/wp-content\/uploads\/2021\/11\/moradi-naima-78x100.jpg\" class=\"attachment-tc-user-small size-tc-user-small\" alt=\"moradi naima\" loading=\"lazy\" srcset=\"https:\/\/www.region-fes-meknes.ma\/wp-content\/uploads\/2021\/11\/moradi-naima-78x100.jpg 78w, https:\/\/www.region-fes-meknes.ma\/wp-content\/uploads\/2021\/11\/moradi-naima-233x300.jpg 233w, https:\/\/www.region-fes-meknes.ma\/wp-content\/uploads\/2021\/11\/moradi-naima.jpg 413w\" sizes=\"(max-width: 78px) 100vw, 78px\" \/><\/div><!-- .membre-avatar --><div class=\"membre-info-parti\"><img class=\"membre-pp-icon\" src=\"https:\/\/www.region-fes-meknes.ma\/wp-content\/plugins\/tc-annuaire-membre\/images\/parti_politique\/RNI.jpg\" \/>RNI<\/div><!-- .membre-info-parti --><div class=\"membre-info\"><div class=\"membre-meta-b\">Membre<\/div><\/div><!-- .membre-info --><\/div><!-- .membre-info-wrapper --><div class=\"membre-meta-c\">Membre de la  <a href=\"https:\/\/www.region-fes-meknes.ma\/fr\/le-conseil-regional\/composition\/commissions-permanentes\/commission-du-developpement-economique-social-culturel-et-environnemental\/\" rel=\"bookmark\">Commission du d\u00e9veloppement \u00e9conomique, social, culturel et environnemental<\/a><\/div><\/div><!-- .result-membre --><div class=\"result-membre\"><h4 class=\"membre-nom\">EL JALJAL RIFAK<\/h4><div class=\"membre-info-wrapper\"><div class=\"membre-avatar\"><img width=\"78\" height=\"100\" src=\"https:\/\/www.region-fes-meknes.ma\/wp-content\/uploads\/2021\/11\/el-jaljal-rifak-78x100.jpg\" class=\"attachment-tc-user-small size-tc-user-small\" alt=\"el jaljal rifak\" loading=\"lazy\" srcset=\"https:\/\/www.region-fes-meknes.ma\/wp-content\/uploads\/2021\/11\/el-jaljal-rifak-78x100.jpg 78w, https:\/\/www.region-fes-meknes.ma\/wp-content\/uploads\/2021\/11\/el-jaljal-rifak-233x300.jpg 233w, https:\/\/www.region-fes-meknes.ma\/wp-content\/uploads\/2021\/11\/el-jaljal-rifak.jpg 413w\" sizes=\"(max-width: 78px) 100vw, 78px\" \/><\/div><!-- .membre-avatar --><div class=\"membre-info-parti\"><img class=\"membre-pp-icon\" src=\"https:\/\/www.region-fes-meknes.ma\/wp-content\/plugins\/tc-annuaire-membre\/images\/parti_politique\/PI.jpg\" \/>PI<\/div><!-- .membre-info-parti --><div class=\"membre-info\"><div class=\"membre-meta-b\">Membre<\/div><\/div><!-- .membre-info --><\/div><!-- .membre-info-wrapper --><div class=\"membre-meta-c\">Membre de la  <a href=\"https:\/\/www.region-fes-meknes.ma\/fr\/le-conseil-regional\/composition\/commissions-permanentes\/commission-du-budget-des-affaires-financieres-et-de-la-programmation\/\" rel=\"bookmark\">Commission du budget, des affaires financi\u00e8res et de la programmation<\/a><\/div><\/div><!-- .result-membre --><div class=\"result-membre\"><h4 class=\"membre-nom\">ASSAOUA ABDELGHANI<\/h4><div class=\"membre-info-wrapper\"><div class=\"membre-avatar\"><img width=\"78\" height=\"100\" src=\"https:\/\/www.region-fes-meknes.ma\/wp-content\/uploads\/2021\/11\/assaoua-abdelghani-78x100.jpg\" class=\"attachment-tc-user-small size-tc-user-small\" alt=\"assaoua abdelghani\" loading=\"lazy\" srcset=\"https:\/\/www.region-fes-meknes.ma\/wp-content\/uploads\/2021\/11\/assaoua-abdelghani-78x100.jpg 78w, https:\/\/www.region-fes-meknes.ma\/wp-content\/uploads\/2021\/11\/assaoua-abdelghani-233x300.jpg 233w, https:\/\/www.region-fes-meknes.ma\/wp-content\/uploads\/2021\/11\/assaoua-abdelghani.jpg 413w\" sizes=\"(max-width: 78px) 100vw, 78px\" \/><\/div><!-- .membre-avatar --><div class=\"membre-info-parti\"><img class=\"membre-pp-icon\" src=\"https:\/\/www.region-fes-meknes.ma\/wp-content\/plugins\/tc-annuaire-membre\/images\/parti_politique\/PPS.jpg\" \/>PPS<\/div><!-- .membre-info-parti --><div class=\"membre-info\"><div class=\"membre-meta-b\">Membre<\/div><\/div><!-- .membre-info --><\/div><!-- .membre-info-wrapper --><div class=\"membre-meta-c\">Membre de la  <a href=\"https:\/\/www.region-fes-meknes.ma\/fr\/le-conseil-regional\/composition\/commissions-permanentes\/commission-de-la-femme-de-la-jeunesse-et-du-sport\/\" rel=\"bookmark\">Commission de la femme, de la jeunesse et du sport<\/a><\/div><\/div><!-- .result-membre --><div class=\"result-membre\"><h4 class=\"membre-nom\">ACHKIK ABDELHAKIM<\/h4><div class=\"membre-info-wrapper\"><div class=\"membre-avatar\"><img width=\"78\" height=\"100\" src=\"https:\/\/www.region-fes-meknes.ma\/wp-content\/uploads\/2021\/11\/achkik-abdelhakim-78x100.jpg\" class=\"attachment-tc-user-small size-tc-user-small\" alt=\"achkik abdelhakim\" loading=\"lazy\" srcset=\"https:\/\/www.region-fes-meknes.ma\/wp-content\/uploads\/2021\/11\/achkik-abdelhakim-78x100.jpg 78w, https:\/\/www.region-fes-meknes.ma\/wp-content\/uploads\/2021\/11\/achkik-abdelhakim-233x300.jpg 233w, https:\/\/www.region-fes-meknes.ma\/wp-content\/uploads\/2021\/11\/achkik-abdelhakim.jpg 413w\" sizes=\"(max-width: 78px) 100vw, 78px\" \/><\/div><!-- .membre-avatar --><div class=\"membre-info-parti\"><img class=\"membre-pp-icon\" src=\"https:\/\/www.region-fes-meknes.ma\/wp-content\/plugins\/tc-annuaire-membre\/images\/parti_politique\/RNI.jpg\" \/>RNI<\/div><!-- .membre-info-parti --><div class=\"membre-info\"><div class=\"membre-meta-b\">Membre<\/div><\/div><!-- .membre-info --><\/div><!-- .membre-info-wrapper --><div class=\"membre-meta-c\">Membre de la  <a href=\"https:\/\/www.region-fes-meknes.ma\/fr\/le-conseil-regional\/composition\/commissions-permanentes\/commission-de-lamenagement-du-territoire\/\" rel=\"bookmark\">Commission de l\u2019am\u00e9nagement du territoire<\/a><\/div><\/div><!-- .result-membre --><div class=\"result-membre\"><h4 class=\"membre-nom\">AZIZI ALAOUI KHADIJA<\/h4><div class=\"membre-info-wrapper\"><div class=\"membre-avatar\"><img width=\"78\" height=\"100\" src=\"https:\/\/www.region-fes-meknes.ma\/wp-content\/uploads\/2021\/11\/azizi-alaoui-khadija-78x100.jpg\" class=\"attachment-tc-user-small size-tc-user-small\" alt=\"azizi alaoui khadija\" loading=\"lazy\" srcset=\"https:\/\/www.region-fes-meknes.ma\/wp-content\/uploads\/2021\/11\/azizi-alaoui-khadija-78x100.jpg 78w, https:\/\/www.region-fes-meknes.ma\/wp-content\/uploads\/2021\/11\/azizi-alaoui-khadija-233x300.jpg 233w, https:\/\/www.region-fes-meknes.ma\/wp-content\/uploads\/2021\/11\/azizi-alaoui-khadija.jpg 413w\" sizes=\"(max-width: 78px) 100vw, 78px\" \/><\/div><!-- .membre-avatar --><div class=\"membre-info-parti\"><img class=\"membre-pp-icon\" src=\"https:\/\/www.region-fes-meknes.ma\/wp-content\/plugins\/tc-annuaire-membre\/images\/parti_politique\/RNI.jpg\" \/>RNI<\/div><!-- .membre-info-parti --><div class=\"membre-info\"><div class=\"membre-meta-b\">Membre<\/div><\/div><!-- .membre-info --><\/div><!-- .membre-info-wrapper --><div class=\"membre-meta-c\">Membre de la  <a href=\"https:\/\/www.region-fes-meknes.ma\/fr\/le-conseil-regional\/composition\/commissions-permanentes\/commission-de-la-femme-de-la-jeunesse-et-du-sport\/\" rel=\"bookmark\">Commission de la femme, de la jeunesse et du sport<\/a><\/div><\/div><!-- .result-membre --><div class=\"result-membre\"><h4 class=\"membre-nom\">YAAGOUBI MUSTAPHA<\/h4><div class=\"membre-info-wrapper\"><div class=\"membre-avatar\"><img width=\"78\" height=\"100\" src=\"https:\/\/www.region-fes-meknes.ma\/wp-content\/uploads\/2021\/11\/yaagoubi-mustapha-78x100.jpg\" class=\"attachment-tc-user-small size-tc-user-small\" alt=\"yaagoubi mustapha\" loading=\"lazy\" srcset=\"https:\/\/www.region-fes-meknes.ma\/wp-content\/uploads\/2021\/11\/yaagoubi-mustapha-78x100.jpg 78w, https:\/\/www.region-fes-meknes.ma\/wp-content\/uploads\/2021\/11\/yaagoubi-mustapha-233x300.jpg 233w, https:\/\/www.region-fes-meknes.ma\/wp-content\/uploads\/2021\/11\/yaagoubi-mustapha.jpg 413w\" sizes=\"(max-width: 78px) 100vw, 78px\" \/><\/div><!-- .membre-avatar --><div class=\"membre-info-parti\"><img class=\"membre-pp-icon\" src=\"https:\/\/www.region-fes-meknes.ma\/wp-content\/plugins\/tc-annuaire-membre\/images\/parti_politique\/PI.jpg\" \/>PI<\/div><!-- .membre-info-parti --><div class=\"membre-info\"><div class=\"membre-meta-b\">Membre<\/div><div class=\"membre-meta-b\">Pr\u00e9sident du Groupe<\/div><\/div><!-- .membre-info --><\/div><!-- .membre-info-wrapper --><div class=\"membre-meta-c\">Membre de la  <a href=\"https:\/\/www.region-fes-meknes.ma\/fr\/le-conseil-regional\/composition\/commissions-permanentes\/commission-des-relations-exterieures-et-de-la-cooperation\/\" rel=\"bookmark\">Commission des relations ext\u00e9rieures et de la coop\u00e9ration<\/a><\/div><\/div><!-- .result-membre --><div class=\"result-membre\"><h4 class=\"membre-nom\">OUZZINE MOHAMMED<\/h4><div class=\"membre-info-wrapper\"><div class=\"membre-avatar\"><img width=\"83\" height=\"100\" src=\"https:\/\/www.region-fes-meknes.ma\/wp-content\/uploads\/2017\/10\/mohammed-ouzzine-83x100.jpg\" class=\"attachment-tc-user-small size-tc-user-small\" alt=\"mohammed ouzzine\" loading=\"lazy\" srcset=\"https:\/\/www.region-fes-meknes.ma\/wp-content\/uploads\/2017\/10\/mohammed-ouzzine-83x100.jpg 83w, https:\/\/www.region-fes-meknes.ma\/wp-content\/uploads\/2017\/10\/mohammed-ouzzine.jpg 113w\" sizes=\"(max-width: 83px) 100vw, 83px\" \/><\/div><!-- .membre-avatar --><div class=\"membre-info-parti\"><img class=\"membre-pp-icon\" src=\"https:\/\/www.region-fes-meknes.ma\/wp-content\/plugins\/tc-annuaire-membre\/images\/parti_politique\/MP.jpg\" \/>MP<\/div><!-- .membre-info-parti --><div class=\"membre-info\"><div class=\"membre-meta-b\">Membre<\/div><\/div><!-- .membre-info --><\/div><!-- .membre-info-wrapper --><div class=\"membre-meta-c\">Pr\u00e9sident de la  <a href=\"https:\/\/www.region-fes-meknes.ma\/fr\/le-conseil-regional\/composition\/commissions-permanentes\/commission-des-relations-exterieures-et-de-la-cooperation\/\" rel=\"bookmark\">Commission des relations ext\u00e9rieures et de la coop\u00e9ration<\/a><\/div><\/div><!-- .result-membre --><div class=\"result-membre\"><h4 class=\"membre-nom\">AOUICH ZOUBIDA<\/h4><div class=\"membre-info-wrapper\"><div class=\"membre-avatar\"><img width=\"78\" height=\"100\" src=\"https:\/\/www.region-fes-meknes.ma\/wp-content\/uploads\/2021\/11\/aouich-zoubida-78x100.jpg\" class=\"attachment-tc-user-small size-tc-user-small\" alt=\"aouich zoubida\" loading=\"lazy\" srcset=\"https:\/\/www.region-fes-meknes.ma\/wp-content\/uploads\/2021\/11\/aouich-zoubida-78x100.jpg 78w, https:\/\/www.region-fes-meknes.ma\/wp-content\/uploads\/2021\/11\/aouich-zoubida-233x300.jpg 233w, https:\/\/www.region-fes-meknes.ma\/wp-content\/uploads\/2021\/11\/aouich-zoubida.jpg 413w\" sizes=\"(max-width: 78px) 100vw, 78px\" \/><\/div><!-- .membre-avatar --><div class=\"membre-info-parti\"><img class=\"membre-pp-icon\" src=\"https:\/\/www.region-fes-meknes.ma\/wp-content\/plugins\/tc-annuaire-membre\/images\/parti_politique\/MP.jpg\" \/>MP<\/div><!-- .membre-info-parti --><div class=\"membre-info\"><div class=\"membre-meta-b\">Membre<\/div><\/div><!-- .membre-info --><\/div><!-- .membre-info-wrapper --><div class=\"membre-meta-c\">Membre de la  <a href=\"https:\/\/www.region-fes-meknes.ma\/fr\/le-conseil-regional\/composition\/commissions-permanentes\/commission-de-lagriculture-et-du-developpement-rural\/\" rel=\"bookmark\">Commission de l\u2019agriculture et du d\u00e9veloppement rural<\/a><\/div><\/div><!-- .result-membre --><div class=\"result-membre\"><h4 class=\"membre-nom\">BOUKSSAKES ABDELAZIZ<\/h4><div class=\"membre-info-wrapper\"><div class=\"membre-avatar\"><img width=\"78\" height=\"100\" src=\"https:\/\/www.region-fes-meknes.ma\/wp-content\/uploads\/2021\/11\/boukssakes-abdelaziz-78x100.jpg\" class=\"attachment-tc-user-small size-tc-user-small\" alt=\"boukssakes abdelaziz\" loading=\"lazy\" srcset=\"https:\/\/www.region-fes-meknes.ma\/wp-content\/uploads\/2021\/11\/boukssakes-abdelaziz-78x100.jpg 78w, https:\/\/www.region-fes-meknes.ma\/wp-content\/uploads\/2021\/11\/boukssakes-abdelaziz-233x300.jpg 233w, https:\/\/www.region-fes-meknes.ma\/wp-content\/uploads\/2021\/11\/boukssakes-abdelaziz.jpg 413w\" sizes=\"(max-width: 78px) 100vw, 78px\" \/><\/div><!-- .membre-avatar --><div class=\"membre-info-parti\"><img class=\"membre-pp-icon\" src=\"https:\/\/www.region-fes-meknes.ma\/wp-content\/plugins\/tc-annuaire-membre\/images\/parti_politique\/RNI.jpg\" \/>RNI<\/div><!-- .membre-info-parti --><div class=\"membre-info\"><div class=\"membre-meta-b\">Membre<\/div><\/div><!-- .membre-info --><\/div><!-- .membre-info-wrapper --><div class=\"membre-meta-c\">Membre de la  <a href=\"https:\/\/www.region-fes-meknes.ma\/fr\/le-conseil-regional\/composition\/commissions-permanentes\/commission-du-budget-des-affaires-financieres-et-de-la-programmation\/\" rel=\"bookmark\">Commission du budget, des affaires financi\u00e8res et de la programmation<\/a><\/div><\/div><!-- .result-membre --><div class=\"result-membre\"><h4 class=\"membre-nom\">MAFER ASMAE<\/h4><div class=\"membre-info-wrapper\"><div class=\"membre-avatar\"><img width=\"78\" height=\"100\" src=\"https:\/\/www.region-fes-meknes.ma\/wp-content\/uploads\/2021\/11\/mafer-asmae-78x100.jpg\" class=\"attachment-tc-user-small size-tc-user-small\" alt=\"mafer asmae\" loading=\"lazy\" srcset=\"https:\/\/www.region-fes-meknes.ma\/wp-content\/uploads\/2021\/11\/mafer-asmae-78x100.jpg 78w, https:\/\/www.region-fes-meknes.ma\/wp-content\/uploads\/2021\/11\/mafer-asmae-233x300.jpg 233w, https:\/\/www.region-fes-meknes.ma\/wp-content\/uploads\/2021\/11\/mafer-asmae.jpg 413w\" sizes=\"(max-width: 78px) 100vw, 78px\" \/><\/div><!-- .membre-avatar --><div class=\"membre-info-parti\"><img class=\"membre-pp-icon\" src=\"https:\/\/www.region-fes-meknes.ma\/wp-content\/plugins\/tc-annuaire-membre\/images\/parti_politique\/RNI.jpg\" \/>RNI<\/div><!-- .membre-info-parti --><div class=\"membre-info\"><div class=\"membre-meta-b\">Membre<\/div><\/div><!-- .membre-info --><\/div><!-- .membre-info-wrapper --><div class=\"membre-meta-c\">Vice-Pr\u00e9sident de la  <a href=\"https:\/\/www.region-fes-meknes.ma\/fr\/le-conseil-regional\/composition\/commissions-permanentes\/commission-de-lamenagement-du-territoire\/\" rel=\"bookmark\">Commission de l\u2019am\u00e9nagement du territoire<\/a><\/div><\/div><!-- .result-membre --><div class=\"result-membre\"><h4 class=\"membre-nom\">CHAHBI EL HASSANE<\/h4><div class=\"membre-info-wrapper\"><div class=\"membre-avatar\"><img width=\"78\" height=\"100\" src=\"https:\/\/www.region-fes-meknes.ma\/wp-content\/uploads\/2021\/11\/chahbi-el-hassane-78x100.jpg\" class=\"attachment-tc-user-small size-tc-user-small\" alt=\"chahbi el hassane\" loading=\"lazy\" srcset=\"https:\/\/www.region-fes-meknes.ma\/wp-content\/uploads\/2021\/11\/chahbi-el-hassane-78x100.jpg 78w, https:\/\/www.region-fes-meknes.ma\/wp-content\/uploads\/2021\/11\/chahbi-el-hassane-233x300.jpg 233w, https:\/\/www.region-fes-meknes.ma\/wp-content\/uploads\/2021\/11\/chahbi-el-hassane.jpg 413w\" sizes=\"(max-width: 78px) 100vw, 78px\" \/><\/div><!-- .membre-avatar --><div class=\"membre-info-parti\"><img class=\"membre-pp-icon\" src=\"https:\/\/www.region-fes-meknes.ma\/wp-content\/plugins\/tc-annuaire-membre\/images\/parti_politique\/PI.jpg\" \/>PI<\/div><!-- .membre-info-parti --><div class=\"membre-info\"><div class=\"membre-meta-b\">Membre<\/div><\/div><!-- .membre-info --><\/div><!-- .membre-info-wrapper --><div class=\"membre-meta-c\">Membre de la  <a href=\"https:\/\/www.region-fes-meknes.ma\/fr\/le-conseil-regional\/composition\/commissions-permanentes\/commission-du-developpement-economique-social-culturel-et-environnemental\/\" rel=\"bookmark\">Commission du d\u00e9veloppement \u00e9conomique, social, culturel et environnemental<\/a><\/div><\/div><!-- .result-membre --><div class=\"result-membre\"><h4 class=\"membre-nom\">BELMKADDEM EL HASSANE<\/h4><div class=\"membre-info-wrapper\"><div class=\"membre-avatar\"><img width=\"78\" height=\"100\" src=\"https:\/\/www.region-fes-meknes.ma\/wp-content\/uploads\/2018\/04\/elhassan-belmkaddem-78x100.jpg\" class=\"attachment-tc-user-small size-tc-user-small\" alt=\"elhassan belmkaddem\" loading=\"lazy\" srcset=\"https:\/\/www.region-fes-meknes.ma\/wp-content\/uploads\/2018\/04\/elhassan-belmkaddem-78x100.jpg 78w, https:\/\/www.region-fes-meknes.ma\/wp-content\/uploads\/2018\/04\/elhassan-belmkaddem-233x300.jpg 233w, https:\/\/www.region-fes-meknes.ma\/wp-content\/uploads\/2018\/04\/elhassan-belmkaddem.jpg 413w\" sizes=\"(max-width: 78px) 100vw, 78px\" \/><\/div><!-- .membre-avatar --><div class=\"membre-info-parti\"><img class=\"membre-pp-icon\" src=\"https:\/\/www.region-fes-meknes.ma\/wp-content\/plugins\/tc-annuaire-membre\/images\/parti_politique\/PAM.jpg\" \/>PAM<\/div><!-- .membre-info-parti --><div class=\"membre-info\"><div class=\"membre-meta-b\">Membre<\/div><\/div><!-- .membre-info --><\/div><!-- .membre-info-wrapper --><div class=\"membre-meta-c\">Membre de la  <a href=\"https:\/\/www.region-fes-meknes.ma\/fr\/le-conseil-regional\/composition\/commissions-permanentes\/commission-de-lagriculture-et-du-developpement-rural\/\" rel=\"bookmark\">Commission de l\u2019agriculture et du d\u00e9veloppement rural<\/a><\/div><\/div><!-- .result-membre --><div class=\"result-membre\"><h4 class=\"membre-nom\">HANINI MERIEM<\/h4><div class=\"membre-info-wrapper\"><div class=\"membre-avatar\"><img width=\"78\" height=\"100\" src=\"https:\/\/www.region-fes-meknes.ma\/wp-content\/uploads\/2021\/11\/hanini-meriem-78x100.jpg\" class=\"attachment-tc-user-small size-tc-user-small\" alt=\"hanini meriem\" loading=\"lazy\" srcset=\"https:\/\/www.region-fes-meknes.ma\/wp-content\/uploads\/2021\/11\/hanini-meriem-78x100.jpg 78w, https:\/\/www.region-fes-meknes.ma\/wp-content\/uploads\/2021\/11\/hanini-meriem-233x300.jpg 233w, https:\/\/www.region-fes-meknes.ma\/wp-content\/uploads\/2021\/11\/hanini-meriem.jpg 413w\" sizes=\"(max-width: 78px) 100vw, 78px\" \/><\/div><!-- .membre-avatar --><div class=\"membre-info-parti\"><img class=\"membre-pp-icon\" src=\"https:\/\/www.region-fes-meknes.ma\/wp-content\/plugins\/tc-annuaire-membre\/images\/parti_politique\/PAM.jpg\" \/>PAM<\/div><!-- .membre-info-parti --><div class=\"membre-info\"><div class=\"membre-meta-b\">Membre<\/div><\/div><!-- .membre-info --><\/div><!-- .membre-info-wrapper --><div class=\"membre-meta-c\">Pr\u00e9sident de la  <a href=\"https:\/\/www.region-fes-meknes.ma\/fr\/le-conseil-regional\/composition\/commissions-permanentes\/commission-de-lamenagement-du-territoire\/\" rel=\"bookmark\">Commission de l\u2019am\u00e9nagement du territoire<\/a><\/div><\/div><!-- .result-membre --><div class=\"result-membre\"><h4 class=\"membre-nom\">KADI RACHID<\/h4><div class=\"membre-info-wrapper\"><div class=\"membre-avatar\"><img width=\"78\" height=\"100\" src=\"https:\/\/www.region-fes-meknes.ma\/wp-content\/uploads\/2021\/11\/kadi-rachid-78x100.jpg\" class=\"attachment-tc-user-small size-tc-user-small\" alt=\"kadi rachid\" loading=\"lazy\" srcset=\"https:\/\/www.region-fes-meknes.ma\/wp-content\/uploads\/2021\/11\/kadi-rachid-78x100.jpg 78w, https:\/\/www.region-fes-meknes.ma\/wp-content\/uploads\/2021\/11\/kadi-rachid-233x300.jpg 233w, https:\/\/www.region-fes-meknes.ma\/wp-content\/uploads\/2021\/11\/kadi-rachid.jpg 413w\" sizes=\"(max-width: 78px) 100vw, 78px\" \/><\/div><!-- .membre-avatar --><div class=\"membre-info-parti\"><img class=\"membre-pp-icon\" src=\"https:\/\/www.region-fes-meknes.ma\/wp-content\/plugins\/tc-annuaire-membre\/images\/parti_politique\/RNI.jpg\" \/>RNI<\/div><!-- .membre-info-parti --><div class=\"membre-info\"><div class=\"membre-meta-b\">Membre<\/div><\/div><!-- .membre-info --><\/div><!-- .membre-info-wrapper --><div class=\"membre-meta-c\">Membre de la  <a href=\"https:\/\/www.region-fes-meknes.ma\/fr\/le-conseil-regional\/composition\/commissions-permanentes\/commission-de-la-formation-et-de-lemploi\/\" rel=\"bookmark\">Commission de la formation et de l\u2019emploi<\/a><\/div><\/div><!-- .result-membre --><div class=\"result-membre\"><h4 class=\"membre-nom\">SAMSAME MOHAMMED<\/h4><div class=\"membre-info-wrapper\"><div class=\"membre-avatar\"><img width=\"78\" height=\"100\" src=\"https:\/\/www.region-fes-meknes.ma\/wp-content\/uploads\/2021\/11\/samsame-mohammed-78x100.jpg\" class=\"attachment-tc-user-small size-tc-user-small\" alt=\"samsame mohammed\" loading=\"lazy\" srcset=\"https:\/\/www.region-fes-meknes.ma\/wp-content\/uploads\/2021\/11\/samsame-mohammed-78x100.jpg 78w, https:\/\/www.region-fes-meknes.ma\/wp-content\/uploads\/2021\/11\/samsame-mohammed-233x300.jpg 233w, https:\/\/www.region-fes-meknes.ma\/wp-content\/uploads\/2021\/11\/samsame-mohammed.jpg 413w\" sizes=\"(max-width: 78px) 100vw, 78px\" \/><\/div><!-- .membre-avatar --><div class=\"membre-info-parti\"><img class=\"membre-pp-icon\" src=\"https:\/\/www.region-fes-meknes.ma\/wp-content\/plugins\/tc-annuaire-membre\/images\/parti_politique\/PI.jpg\" \/>PI<\/div><!-- .membre-info-parti --><div class=\"membre-info\"><div class=\"membre-meta-b\">Membre<\/div><\/div><!-- .membre-info --><\/div><!-- .membre-info-wrapper --><div class=\"membre-meta-c\">Membre de la  <a href=\"https:\/\/www.region-fes-meknes.ma\/fr\/le-conseil-regional\/composition\/commissions-permanentes\/commission-de-lamenagement-du-territoire\/\" rel=\"bookmark\">Commission de l\u2019am\u00e9nagement du territoire<\/a><\/div><\/div><!-- .result-membre --><div class=\"result-membre\"><h4 class=\"membre-nom\">AMIMI DRISS<\/h4><div class=\"membre-info-wrapper\"><div class=\"membre-avatar\"><img width=\"78\" height=\"100\" src=\"https:\/\/www.region-fes-meknes.ma\/wp-content\/uploads\/2021\/11\/amimi-driss-78x100.jpg\" class=\"attachment-tc-user-small size-tc-user-small\" alt=\"amimi driss\" loading=\"lazy\" srcset=\"https:\/\/www.region-fes-meknes.ma\/wp-content\/uploads\/2021\/11\/amimi-driss-78x100.jpg 78w, https:\/\/www.region-fes-meknes.ma\/wp-content\/uploads\/2021\/11\/amimi-driss-233x300.jpg 233w, https:\/\/www.region-fes-meknes.ma\/wp-content\/uploads\/2021\/11\/amimi-driss.jpg 413w\" sizes=\"(max-width: 78px) 100vw, 78px\" \/><\/div><!-- .membre-avatar --><div class=\"membre-info-parti\"><img class=\"membre-pp-icon\" src=\"https:\/\/www.region-fes-meknes.ma\/wp-content\/plugins\/tc-annuaire-membre\/images\/parti_politique\/PAM.jpg\" \/>PAM<\/div><!-- .membre-info-parti --><div class=\"membre-info\"><div class=\"membre-meta-b\">Membre<\/div><\/div><!-- .membre-info --><\/div><!-- .membre-info-wrapper --><div class=\"membre-meta-c\">Vice-Pr\u00e9sident de la  <a href=\"https:\/\/www.region-fes-meknes.ma\/fr\/le-conseil-regional\/composition\/commissions-permanentes\/commission-de-la-femme-de-la-jeunesse-et-du-sport\/\" rel=\"bookmark\">Commission de la femme, de la jeunesse et du sport<\/a><\/div><\/div><!-- .result-membre --><div class=\"result-membre\"><h4 class=\"membre-nom\">AMEZZIANE MERYEM<\/h4><div class=\"membre-info-wrapper\"><div class=\"membre-avatar\"><img width=\"82\" height=\"100\" src=\"https:\/\/www.region-fes-meknes.ma\/wp-content\/uploads\/2021\/11\/amezziane-meryem-82x100.jpg\" class=\"attachment-tc-user-small size-tc-user-small\" alt=\"amezziane meryem\" loading=\"lazy\" srcset=\"https:\/\/www.region-fes-meknes.ma\/wp-content\/uploads\/2021\/11\/amezziane-meryem-82x100.jpg 82w, https:\/\/www.region-fes-meknes.ma\/wp-content\/uploads\/2021\/11\/amezziane-meryem-246x300.jpg 246w, https:\/\/www.region-fes-meknes.ma\/wp-content\/uploads\/2021\/11\/amezziane-meryem.jpg 260w\" sizes=\"(max-width: 82px) 100vw, 82px\" \/><\/div><!-- .membre-avatar --><div class=\"membre-info-parti\"><img class=\"membre-pp-icon\" src=\"https:\/\/www.region-fes-meknes.ma\/wp-content\/plugins\/tc-annuaire-membre\/images\/parti_politique\/PAM.jpg\" \/>PAM<\/div><!-- .membre-info-parti --><div class=\"membre-info\"><div class=\"membre-meta-b\">Membre<\/div><\/div><!-- .membre-info --><\/div><!-- .membre-info-wrapper --><div class=\"membre-meta-c\">Pr\u00e9sident de la  <a href=\"https:\/\/www.region-fes-meknes.ma\/fr\/le-conseil-regional\/composition\/commissions-permanentes\/commission-de-la-formation-et-de-lemploi\/\" rel=\"bookmark\">Commission de la formation et de l\u2019emploi<\/a><\/div><\/div><!-- .result-membre --><div class=\"result-membre\"><h4 class=\"membre-nom\">REZZAK ALI<\/h4><div class=\"membre-info-wrapper\"><div class=\"membre-avatar\"><img width=\"78\" height=\"100\" src=\"https:\/\/www.region-fes-meknes.ma\/wp-content\/uploads\/2021\/11\/rezzak-ali-78x100.jpg\" class=\"attachment-tc-user-small size-tc-user-small\" alt=\"rezzak ali\" loading=\"lazy\" srcset=\"https:\/\/www.region-fes-meknes.ma\/wp-content\/uploads\/2021\/11\/rezzak-ali-78x100.jpg 78w, https:\/\/www.region-fes-meknes.ma\/wp-content\/uploads\/2021\/11\/rezzak-ali-233x300.jpg 233w, https:\/\/www.region-fes-meknes.ma\/wp-content\/uploads\/2021\/11\/rezzak-ali.jpg 413w\" sizes=\"(max-width: 78px) 100vw, 78px\" \/><\/div><!-- .membre-avatar --><div class=\"membre-info-parti\"><img class=\"membre-pp-icon\" src=\"https:\/\/www.region-fes-meknes.ma\/wp-content\/plugins\/tc-annuaire-membre\/images\/parti_politique\/USFP.jpg\" \/>USFP<\/div><!-- .membre-info-parti --><div class=\"membre-info\"><div class=\"membre-meta-b\">Membre<\/div><\/div><!-- .membre-info --><\/div><!-- .membre-info-wrapper --><div class=\"membre-meta-c\">Membre de la  <a href=\"https:\/\/www.region-fes-meknes.ma\/fr\/le-conseil-regional\/composition\/commissions-permanentes\/commission-du-developpement-economique-social-culturel-et-environnemental\/\" rel=\"bookmark\">Commission du d\u00e9veloppement \u00e9conomique, social, culturel et environnemental<\/a><\/div><\/div><!-- .result-membre --><div class=\"result-membre\"><h4 class=\"membre-nom\">BAGHDADY ABDELKADER<\/h4><div class=\"membre-info-wrapper\"><div class=\"membre-avatar\"><img width=\"78\" height=\"100\" src=\"https:\/\/www.region-fes-meknes.ma\/wp-content\/uploads\/2021\/11\/baghdady-abdelkader-78x100.jpg\" class=\"attachment-tc-user-small size-tc-user-small\" alt=\"baghdady abdelkader\" loading=\"lazy\" srcset=\"https:\/\/www.region-fes-meknes.ma\/wp-content\/uploads\/2021\/11\/baghdady-abdelkader-78x100.jpg 78w, https:\/\/www.region-fes-meknes.ma\/wp-content\/uploads\/2021\/11\/baghdady-abdelkader-233x300.jpg 233w, https:\/\/www.region-fes-meknes.ma\/wp-content\/uploads\/2021\/11\/baghdady-abdelkader.jpg 413w\" sizes=\"(max-width: 78px) 100vw, 78px\" \/><\/div><!-- .membre-avatar --><div class=\"membre-info-parti\"><img class=\"membre-pp-icon\" src=\"https:\/\/www.region-fes-meknes.ma\/wp-content\/plugins\/tc-annuaire-membre\/images\/parti_politique\/RNI.jpg\" \/>RNI<\/div><!-- .membre-info-parti --><div class=\"membre-info\"><div class=\"membre-meta-b\">Membre<\/div><\/div><!-- .membre-info --><\/div><!-- .membre-info-wrapper --><div class=\"membre-meta-c\">Vice-Pr\u00e9sident de la  <a href=\"https:\/\/www.region-fes-meknes.ma\/fr\/le-conseil-regional\/composition\/commissions-permanentes\/commission-de-lagriculture-et-du-developpement-rural\/\" rel=\"bookmark\">Commission de l\u2019agriculture et du d\u00e9veloppement rural<\/a><\/div><\/div><!-- .result-membre --><div class=\"result-membre\"><h4 class=\"membre-nom\">BENZID BOUCHRA<\/h4><div class=\"membre-info-wrapper\"><div class=\"membre-avatar\"><img width=\"78\" height=\"100\" src=\"https:\/\/www.region-fes-meknes.ma\/wp-content\/uploads\/2021\/11\/benzid-bouchra-78x100.jpg\" class=\"attachment-tc-user-small size-tc-user-small\" alt=\"benzid bouchra\" loading=\"lazy\" srcset=\"https:\/\/www.region-fes-meknes.ma\/wp-content\/uploads\/2021\/11\/benzid-bouchra-78x100.jpg 78w, https:\/\/www.region-fes-meknes.ma\/wp-content\/uploads\/2021\/11\/benzid-bouchra-233x300.jpg 233w, https:\/\/www.region-fes-meknes.ma\/wp-content\/uploads\/2021\/11\/benzid-bouchra.jpg 413w\" sizes=\"(max-width: 78px) 100vw, 78px\" \/><\/div><!-- .membre-avatar --><div class=\"membre-info-parti\"><img class=\"membre-pp-icon\" src=\"https:\/\/www.region-fes-meknes.ma\/wp-content\/plugins\/tc-annuaire-membre\/images\/parti_politique\/RNI.jpg\" \/>RNI<\/div><!-- .membre-info-parti --><div class=\"membre-info\"><div class=\"membre-meta-b\">Membre<\/div><\/div><!-- .membre-info --><\/div><!-- .membre-info-wrapper --><div class=\"membre-meta-c\">Pr\u00e9sident de la  <a href=\"https:\/\/www.region-fes-meknes.ma\/fr\/le-conseil-regional\/composition\/commissions-permanentes\/commission-du-developpement-economique-social-culturel-et-environnemental\/\" rel=\"bookmark\">Commission du d\u00e9veloppement \u00e9conomique, social, culturel et environnemental<\/a><\/div><\/div><!-- .result-membre --><div class=\"result-membre\"><h4 class=\"membre-nom\">LAENSER MOHAND<\/h4><div class=\"membre-info-wrapper\"><div class=\"membre-avatar\"><img width=\"92\" height=\"100\" src=\"https:\/\/www.region-fes-meknes.ma\/wp-content\/uploads\/2017\/10\/MohandLaensar-92x100.jpg\" class=\"attachment-tc-user-small size-tc-user-small\" alt=\"MohandLaensar\" loading=\"lazy\" srcset=\"https:\/\/www.region-fes-meknes.ma\/wp-content\/uploads\/2017\/10\/MohandLaensar-92x100.jpg 92w, https:\/\/www.region-fes-meknes.ma\/wp-content\/uploads\/2017\/10\/MohandLaensar.jpg 219w\" sizes=\"(max-width: 92px) 100vw, 92px\" \/><\/div><!-- .membre-avatar --><div class=\"membre-info-parti\"><img class=\"membre-pp-icon\" src=\"https:\/\/www.region-fes-meknes.ma\/wp-content\/plugins\/tc-annuaire-membre\/images\/parti_politique\/MP.jpg\" \/>MP<\/div><!-- .membre-info-parti --><div class=\"membre-info\"><div class=\"membre-meta-b\">Membre<\/div><\/div><!-- .membre-info --><\/div><!-- .membre-info-wrapper --><div class=\"membre-meta-c\">Membre de la  <a href=\"https:\/\/www.region-fes-meknes.ma\/fr\/le-conseil-regional\/composition\/commissions-permanentes\/commission-de-la-formation-et-de-lemploi\/\" rel=\"bookmark\">Commission de la formation et de l\u2019emploi<\/a><\/div><\/div><!-- .result-membre --><div class=\"result-membre\"><h4 class=\"membre-nom\">OUFQIR RACHIDA<\/h4><div class=\"membre-info-wrapper\"><div class=\"membre-avatar\"><img width=\"78\" height=\"100\" src=\"https:\/\/www.region-fes-meknes.ma\/wp-content\/uploads\/2021\/11\/oufqir-rachida-78x100.jpg\" class=\"attachment-tc-user-small size-tc-user-small\" alt=\"oufqir rachida\" loading=\"lazy\" srcset=\"https:\/\/www.region-fes-meknes.ma\/wp-content\/uploads\/2021\/11\/oufqir-rachida-78x100.jpg 78w, https:\/\/www.region-fes-meknes.ma\/wp-content\/uploads\/2021\/11\/oufqir-rachida-233x300.jpg 233w, https:\/\/www.region-fes-meknes.ma\/wp-content\/uploads\/2021\/11\/oufqir-rachida.jpg 413w\" sizes=\"(max-width: 78px) 100vw, 78px\" \/><\/div><!-- .membre-avatar --><div class=\"membre-info-parti\"><img class=\"membre-pp-icon\" src=\"https:\/\/www.region-fes-meknes.ma\/wp-content\/plugins\/tc-annuaire-membre\/images\/parti_politique\/MP.jpg\" \/>MP<\/div><!-- .membre-info-parti --><div class=\"membre-info\"><div class=\"membre-meta-b\">Membre<\/div><\/div><!-- .membre-info --><\/div><!-- .membre-info-wrapper --><div class=\"membre-meta-c\">Membre de la  <a href=\"https:\/\/www.region-fes-meknes.ma\/fr\/le-conseil-regional\/composition\/commissions-permanentes\/commission-de-lamenagement-du-territoire\/\" rel=\"bookmark\">Commission de l\u2019am\u00e9nagement du territoire<\/a><\/div><\/div><!-- .result-membre --><div class=\"result-membre\"><h4 class=\"membre-nom\">LAOUINA AHMED<\/h4><div class=\"membre-info-wrapper\"><div class=\"membre-avatar\"><img width=\"76\" height=\"100\" src=\"https:\/\/www.region-fes-meknes.ma\/wp-content\/uploads\/2021\/11\/laouina-ahmed-76x100.jpg\" class=\"attachment-tc-user-small size-tc-user-small\" alt=\"laouina ahmed\" loading=\"lazy\" srcset=\"https:\/\/www.region-fes-meknes.ma\/wp-content\/uploads\/2021\/11\/laouina-ahmed-76x100.jpg 76w, https:\/\/www.region-fes-meknes.ma\/wp-content\/uploads\/2021\/11\/laouina-ahmed-227x300.jpg 227w, https:\/\/www.region-fes-meknes.ma\/wp-content\/uploads\/2021\/11\/laouina-ahmed.jpg 346w\" sizes=\"(max-width: 76px) 100vw, 76px\" \/><\/div><!-- .membre-avatar --><div class=\"membre-info-parti\"><img class=\"membre-pp-icon\" src=\"https:\/\/www.region-fes-meknes.ma\/wp-content\/plugins\/tc-annuaire-membre\/images\/parti_politique\/PPS.jpg\" \/>PPS<\/div><!-- .membre-info-parti --><div class=\"membre-info\"><div class=\"membre-meta-b\">Membre<\/div><\/div><!-- .membre-info --><\/div><!-- .membre-info-wrapper --><div class=\"membre-meta-c\">Vice-Pr\u00e9sident de la  <a href=\"https:\/\/www.region-fes-meknes.ma\/fr\/le-conseil-regional\/composition\/commissions-permanentes\/commission-des-relations-exterieures-et-de-la-cooperation\/\" rel=\"bookmark\">Commission des relations ext\u00e9rieures et de la coop\u00e9ration<\/a><\/div><\/div><!-- .result-membre --><div class=\"result-membre\"><h4 class=\"membre-nom\">ES-SAMLI MOHAMMED<\/h4><div class=\"membre-info-wrapper\"><div class=\"membre-avatar\"><img width=\"79\" height=\"100\" src=\"https:\/\/www.region-fes-meknes.ma\/wp-content\/uploads\/2021\/11\/mohammed-essamli-79x100.jpg\" class=\"attachment-tc-user-small size-tc-user-small\" alt=\"mohammed essamli\" loading=\"lazy\" srcset=\"https:\/\/www.region-fes-meknes.ma\/wp-content\/uploads\/2021\/11\/mohammed-essamli-79x100.jpg 79w, https:\/\/www.region-fes-meknes.ma\/wp-content\/uploads\/2021\/11\/mohammed-essamli.jpg 180w\" sizes=\"(max-width: 79px) 100vw, 79px\" \/><\/div><!-- .membre-avatar --><div class=\"membre-info-parti\"><img class=\"membre-pp-icon\" src=\"https:\/\/www.region-fes-meknes.ma\/wp-content\/plugins\/tc-annuaire-membre\/images\/parti_politique\/RNI.jpg\" \/>RNI<\/div><!-- .membre-info-parti --><div class=\"membre-info\"><div class=\"membre-meta-b\">Membre<\/div><\/div><!-- .membre-info --><\/div><!-- .membre-info-wrapper --><div class=\"membre-meta-c\">Membre de la  <a href=\"https:\/\/www.region-fes-meknes.ma\/fr\/le-conseil-regional\/composition\/commissions-permanentes\/commission-de-la-formation-et-de-lemploi\/\" rel=\"bookmark\">Commission de la formation et de l\u2019emploi<\/a><\/div><\/div><!-- .result-membre --><div class=\"result-membre\"><h4 class=\"membre-nom\">LACHKAR TARIK<\/h4><div class=\"membre-info-wrapper\"><div class=\"membre-avatar\"><img width=\"78\" height=\"100\" src=\"https:\/\/www.region-fes-meknes.ma\/wp-content\/uploads\/2021\/11\/lachkar-tarik-78x100.jpg\" class=\"attachment-tc-user-small size-tc-user-small\" alt=\"lachkar tarik\" loading=\"lazy\" srcset=\"https:\/\/www.region-fes-meknes.ma\/wp-content\/uploads\/2021\/11\/lachkar-tarik-78x100.jpg 78w, https:\/\/www.region-fes-meknes.ma\/wp-content\/uploads\/2021\/11\/lachkar-tarik-233x300.jpg 233w, https:\/\/www.region-fes-meknes.ma\/wp-content\/uploads\/2021\/11\/lachkar-tarik.jpg 413w\" sizes=\"(max-width: 78px) 100vw, 78px\" \/><\/div><!-- .membre-avatar --><div class=\"membre-info-parti\"><img class=\"membre-pp-icon\" src=\"https:\/\/www.region-fes-meknes.ma\/wp-content\/plugins\/tc-annuaire-membre\/images\/parti_politique\/PI.jpg\" \/>PI<\/div><!-- .membre-info-parti --><div class=\"membre-info\"><div class=\"membre-meta-b\">Membre<\/div><\/div><!-- .membre-info --><\/div><!-- .membre-info-wrapper --><div class=\"membre-meta-c\">Vice-Pr\u00e9sident de la  <a href=\"https:\/\/www.region-fes-meknes.ma\/fr\/le-conseil-regional\/composition\/commissions-permanentes\/commission-du-developpement-economique-social-culturel-et-environnemental\/\" rel=\"bookmark\">Commission du d\u00e9veloppement \u00e9conomique, social, culturel et environnemental<\/a><\/div><\/div><!-- .result-membre --><div class=\"result-membre\"><h4 class=\"membre-nom\">BOUBAKR FATIMA<\/h4><div class=\"membre-info-wrapper\"><div class=\"membre-avatar\"><img width=\"78\" height=\"100\" src=\"https:\/\/www.region-fes-meknes.ma\/wp-content\/uploads\/2021\/11\/boubakr-fatima-78x100.jpg\" class=\"attachment-tc-user-small size-tc-user-small\" alt=\"boubakr fatima\" loading=\"lazy\" srcset=\"https:\/\/www.region-fes-meknes.ma\/wp-content\/uploads\/2021\/11\/boubakr-fatima-78x100.jpg 78w, https:\/\/www.region-fes-meknes.ma\/wp-content\/uploads\/2021\/11\/boubakr-fatima-233x300.jpg 233w, https:\/\/www.region-fes-meknes.ma\/wp-content\/uploads\/2021\/11\/boubakr-fatima.jpg 413w\" sizes=\"(max-width: 78px) 100vw, 78px\" \/><\/div><!-- .membre-avatar --><div class=\"membre-info-parti\"><img class=\"membre-pp-icon\" src=\"https:\/\/www.region-fes-meknes.ma\/wp-content\/plugins\/tc-annuaire-membre\/images\/parti_politique\/PI.jpg\" \/>PI<\/div><!-- .membre-info-parti --><div class=\"membre-info\"><div class=\"membre-meta-b\">Membre<\/div><\/div><!-- .membre-info --><\/div><!-- .membre-info-wrapper --><div class=\"membre-meta-c\">Vice-Pr\u00e9sident de la  <a href=\"https:\/\/www.region-fes-meknes.ma\/fr\/le-conseil-regional\/composition\/commissions-permanentes\/commission-de-la-formation-et-de-lemploi\/\" rel=\"bookmark\">Commission de la formation et de l\u2019emploi<\/a><\/div><\/div><!-- .result-membre --><div class=\"result-membre\"><h4 class=\"membre-nom\">DADOUNE FADOUA<\/h4><div class=\"membre-info-wrapper\"><div class=\"membre-avatar\"><img width=\"78\" height=\"100\" src=\"https:\/\/www.region-fes-meknes.ma\/wp-content\/uploads\/2021\/11\/dadoune-fadoua-78x100.jpg\" class=\"attachment-tc-user-small size-tc-user-small\" alt=\"dadoune fadoua\" loading=\"lazy\" srcset=\"https:\/\/www.region-fes-meknes.ma\/wp-content\/uploads\/2021\/11\/dadoune-fadoua-78x100.jpg 78w, https:\/\/www.region-fes-meknes.ma\/wp-content\/uploads\/2021\/11\/dadoune-fadoua-233x300.jpg 233w, https:\/\/www.region-fes-meknes.ma\/wp-content\/uploads\/2021\/11\/dadoune-fadoua.jpg 413w\" sizes=\"(max-width: 78px) 100vw, 78px\" \/><\/div><!-- .membre-avatar --><div class=\"membre-info-parti\"><img class=\"membre-pp-icon\" src=\"https:\/\/www.region-fes-meknes.ma\/wp-content\/plugins\/tc-annuaire-membre\/images\/parti_politique\/PAM.jpg\" \/>PAM<\/div><!-- .membre-info-parti --><div class=\"membre-info\"><div class=\"membre-meta-b\">Membre<\/div><\/div><!-- .membre-info --><\/div><!-- .membre-info-wrapper --><div class=\"membre-meta-c\">Membre de la  <a href=\"https:\/\/www.region-fes-meknes.ma\/fr\/le-conseil-regional\/composition\/commissions-permanentes\/commission-des-relations-exterieures-et-de-la-cooperation\/\" rel=\"bookmark\">Commission des relations ext\u00e9rieures et de la coop\u00e9ration<\/a><\/div><\/div><!-- .result-membre --><div class=\"result-membre\"><h4 class=\"membre-nom\">NMAIRY EL MUSTAPHA<\/h4><div class=\"membre-info-wrapper\"><div class=\"membre-avatar\"><img width=\"74\" height=\"100\" src=\"https:\/\/www.region-fes-meknes.ma\/wp-content\/uploads\/2021\/11\/nmairy-el-mustapha-74x100.jpg\" class=\"attachment-tc-user-small size-tc-user-small\" alt=\"nmairy el mustapha\" loading=\"lazy\" srcset=\"https:\/\/www.region-fes-meknes.ma\/wp-content\/uploads\/2021\/11\/nmairy-el-mustapha-74x100.jpg 74w, https:\/\/www.region-fes-meknes.ma\/wp-content\/uploads\/2021\/11\/nmairy-el-mustapha-223x300.jpg 223w, https:\/\/www.region-fes-meknes.ma\/wp-content\/uploads\/2021\/11\/nmairy-el-mustapha.jpg 250w\" sizes=\"(max-width: 74px) 100vw, 74px\" \/><\/div><!-- .membre-avatar --><div class=\"membre-info-parti\"><img class=\"membre-pp-icon\" src=\"https:\/\/www.region-fes-meknes.ma\/wp-content\/plugins\/tc-annuaire-membre\/images\/parti_politique\/PPS.jpg\" \/>PPS<\/div><!-- .membre-info-parti --><div class=\"membre-info\"><div class=\"membre-meta-b\">Membre<\/div><\/div><!-- .membre-info --><\/div><!-- .membre-info-wrapper --><div class=\"membre-meta-c\">Membre de la  <a href=\"https:\/\/www.region-fes-meknes.ma\/fr\/le-conseil-regional\/composition\/commissions-permanentes\/commission-de-lagriculture-et-du-developpement-rural\/\" rel=\"bookmark\">Commission de l\u2019agriculture et du d\u00e9veloppement rural<\/a><\/div><\/div><!-- .result-membre --><div class=\"result-membre\"><h4 class=\"membre-nom\">EDRIF NOURA<\/h4><div class=\"membre-info-wrapper\"><div class=\"membre-avatar\"><img width=\"78\" height=\"100\" src=\"https:\/\/www.region-fes-meknes.ma\/wp-content\/uploads\/2021\/11\/edrif-noura-78x100.jpg\" class=\"attachment-tc-user-small size-tc-user-small\" alt=\"edrif noura\" loading=\"lazy\" srcset=\"https:\/\/www.region-fes-meknes.ma\/wp-content\/uploads\/2021\/11\/edrif-noura-78x100.jpg 78w, https:\/\/www.region-fes-meknes.ma\/wp-content\/uploads\/2021\/11\/edrif-noura-233x300.jpg 233w, https:\/\/www.region-fes-meknes.ma\/wp-content\/uploads\/2021\/11\/edrif-noura.jpg 413w\" sizes=\"(max-width: 78px) 100vw, 78px\" \/><\/div><!-- .membre-avatar --><div class=\"membre-info-parti\"><img class=\"membre-pp-icon\" src=\"https:\/\/www.region-fes-meknes.ma\/wp-content\/plugins\/tc-annuaire-membre\/images\/parti_politique\/PPS.jpg\" \/>PPS<\/div><!-- .membre-info-parti --><div class=\"membre-info\"><div class=\"membre-meta-b\">Membre<\/div><div class=\"membre-meta-b\">Pr\u00e9sidente du Groupe<\/div><\/div><!-- .membre-info --><\/div><!-- .membre-info-wrapper --><div class=\"membre-meta-c\">Membre de la  <a href=\"https:\/\/www.region-fes-meknes.ma\/fr\/le-conseil-regional\/composition\/commissions-permanentes\/commission-de-lamenagement-du-territoire\/\" rel=\"bookmark\">Commission de l\u2019am\u00e9nagement du territoire<\/a><\/div><\/div><!-- .result-membre --><div class=\"result-membre\"><h4 class=\"membre-nom\">LAABOUDI ABDELAZIZ<\/h4><div class=\"membre-info-wrapper\"><div class=\"membre-avatar\"><img width=\"78\" height=\"100\" src=\"https:\/\/www.region-fes-meknes.ma\/wp-content\/uploads\/2021\/11\/laaboudi-abdelaziz-78x100.jpg\" class=\"attachment-tc-user-small size-tc-user-small\" alt=\"laaboudi abdelaziz\" loading=\"lazy\" srcset=\"https:\/\/www.region-fes-meknes.ma\/wp-content\/uploads\/2021\/11\/laaboudi-abdelaziz-78x100.jpg 78w, https:\/\/www.region-fes-meknes.ma\/wp-content\/uploads\/2021\/11\/laaboudi-abdelaziz-233x300.jpg 233w, https:\/\/www.region-fes-meknes.ma\/wp-content\/uploads\/2021\/11\/laaboudi-abdelaziz.jpg 413w\" sizes=\"(max-width: 78px) 100vw, 78px\" \/><\/div><!-- .membre-avatar --><div class=\"membre-info-parti\"><img class=\"membre-pp-icon\" src=\"https:\/\/www.region-fes-meknes.ma\/wp-content\/plugins\/tc-annuaire-membre\/images\/parti_politique\/USFP.jpg\" \/>USFP<\/div><!-- .membre-info-parti --><div class=\"membre-info\"><div class=\"membre-meta-b\">Membre<\/div><div class=\"membre-meta-b\">Pr\u00e9sident du Groupe<\/div><\/div><!-- .membre-info --><\/div><!-- .membre-info-wrapper --><div class=\"membre-meta-c\">Membre de la  <a href=\"https:\/\/www.region-fes-meknes.ma\/fr\/le-conseil-regional\/composition\/commissions-permanentes\/commission-du-budget-des-affaires-financieres-et-de-la-programmation\/\" rel=\"bookmark\">Commission du budget, des affaires financi\u00e8res et de la programmation<\/a><\/div><\/div><!-- .result-membre --><div class=\"result-membre\"><h4 class=\"membre-nom\">AOURAGH ELHADI<\/h4><div class=\"membre-info-wrapper\"><div class=\"membre-avatar\"><img width=\"78\" height=\"100\" src=\"https:\/\/www.region-fes-meknes.ma\/wp-content\/uploads\/2021\/11\/aouragh-elhadi-78x100.jpg\" class=\"attachment-tc-user-small size-tc-user-small\" alt=\"aouragh elhadi\" loading=\"lazy\" srcset=\"https:\/\/www.region-fes-meknes.ma\/wp-content\/uploads\/2021\/11\/aouragh-elhadi-78x100.jpg 78w, https:\/\/www.region-fes-meknes.ma\/wp-content\/uploads\/2021\/11\/aouragh-elhadi-233x300.jpg 233w, https:\/\/www.region-fes-meknes.ma\/wp-content\/uploads\/2021\/11\/aouragh-elhadi.jpg 413w\" sizes=\"(max-width: 78px) 100vw, 78px\" \/><\/div><!-- .membre-avatar --><div class=\"membre-info-parti\"><img class=\"membre-pp-icon\" src=\"https:\/\/www.region-fes-meknes.ma\/wp-content\/plugins\/tc-annuaire-membre\/images\/parti_politique\/RNI.jpg\" \/>RNI<\/div><!-- .membre-info-parti --><div class=\"membre-info\"><div class=\"membre-meta-b\">Membre<\/div><\/div><!-- .membre-info --><\/div><!-- .membre-info-wrapper --><div class=\"membre-meta-c\">Membre de la  <a href=\"https:\/\/www.region-fes-meknes.ma\/fr\/le-conseil-regional\/composition\/commissions-permanentes\/commission-de-lamenagement-du-territoire\/\" rel=\"bookmark\">Commission de l\u2019am\u00e9nagement du territoire<\/a><\/div><\/div><!-- .result-membre --><div class=\"result-membre\"><h4 class=\"membre-nom\">BOUAOUAD ADILA<\/h4><div class=\"membre-info-wrapper\"><div class=\"membre-avatar\"><img width=\"78\" height=\"100\" src=\"https:\/\/www.region-fes-meknes.ma\/wp-content\/uploads\/2021\/11\/bouaouad-adila-78x100.jpg\" class=\"attachment-tc-user-small size-tc-user-small\" alt=\"bouaouad adila\" loading=\"lazy\" srcset=\"https:\/\/www.region-fes-meknes.ma\/wp-content\/uploads\/2021\/11\/bouaouad-adila-78x100.jpg 78w, https:\/\/www.region-fes-meknes.ma\/wp-content\/uploads\/2021\/11\/bouaouad-adila-233x300.jpg 233w, https:\/\/www.region-fes-meknes.ma\/wp-content\/uploads\/2021\/11\/bouaouad-adila.jpg 413w\" sizes=\"(max-width: 78px) 100vw, 78px\" \/><\/div><!-- .membre-avatar --><div class=\"membre-info-parti\"><img class=\"membre-pp-icon\" src=\"https:\/\/www.region-fes-meknes.ma\/wp-content\/plugins\/tc-annuaire-membre\/images\/parti_politique\/RNI.jpg\" \/>RNI<\/div><!-- .membre-info-parti --><div class=\"membre-info\"><div class=\"membre-meta-b\">Membre<\/div><\/div><!-- .membre-info --><\/div><!-- .membre-info-wrapper --><div class=\"membre-meta-c\">Membre de la  <a href=\"https:\/\/www.region-fes-meknes.ma\/fr\/le-conseil-regional\/composition\/commissions-permanentes\/commission-de-la-femme-de-la-jeunesse-et-du-sport\/\" rel=\"bookmark\">Commission de la femme, de la jeunesse et du sport<\/a><\/div><\/div><!-- .result-membre --><div class=\"result-membre\"><h4 class=\"membre-nom\">ELBOURKADI ABDALLAH<\/h4><div class=\"membre-info-wrapper\"><div class=\"membre-avatar\"><img width=\"78\" height=\"100\" src=\"https:\/\/www.region-fes-meknes.ma\/wp-content\/uploads\/2021\/11\/elbourkadi-abdallah-78x100.jpg\" class=\"attachment-tc-user-small size-tc-user-small\" alt=\"elbourkadi abdallah\" loading=\"lazy\" srcset=\"https:\/\/www.region-fes-meknes.ma\/wp-content\/uploads\/2021\/11\/elbourkadi-abdallah-78x100.jpg 78w, https:\/\/www.region-fes-meknes.ma\/wp-content\/uploads\/2021\/11\/elbourkadi-abdallah-233x300.jpg 233w, https:\/\/www.region-fes-meknes.ma\/wp-content\/uploads\/2021\/11\/elbourkadi-abdallah.jpg 413w\" sizes=\"(max-width: 78px) 100vw, 78px\" \/><\/div><!-- .membre-avatar --><div class=\"membre-info-parti\"><img class=\"membre-pp-icon\" src=\"https:\/\/www.region-fes-meknes.ma\/wp-content\/plugins\/tc-annuaire-membre\/images\/parti_politique\/PI.jpg\" \/>PI<\/div><!-- .membre-info-parti --><div class=\"membre-info\"><div class=\"membre-meta-b\">Membre<\/div><\/div><!-- .membre-info --><\/div><!-- .membre-info-wrapper --><div class=\"membre-meta-c\">Pr\u00e9sident de la  <a href=\"https:\/\/www.region-fes-meknes.ma\/fr\/le-conseil-regional\/composition\/commissions-permanentes\/commission-du-budget-des-affaires-financieres-et-de-la-programmation\/\" rel=\"bookmark\">Commission du budget, des affaires financi\u00e8res et de la programmation<\/a><\/div><\/div><!-- .result-membre --><div class=\"result-membre\"><h4 class=\"membre-nom\">EL HAZZAT NAILA<\/h4><div class=\"membre-info-wrapper\"><div class=\"membre-avatar\"><img width=\"78\" height=\"100\" src=\"https:\/\/www.region-fes-meknes.ma\/wp-content\/uploads\/2021\/11\/el-hazzat-naila-78x100.jpg\" class=\"attachment-tc-user-small size-tc-user-small\" alt=\"el hazzat naila\" loading=\"lazy\" srcset=\"https:\/\/www.region-fes-meknes.ma\/wp-content\/uploads\/2021\/11\/el-hazzat-naila-78x100.jpg 78w, https:\/\/www.region-fes-meknes.ma\/wp-content\/uploads\/2021\/11\/el-hazzat-naila-233x300.jpg 233w, https:\/\/www.region-fes-meknes.ma\/wp-content\/uploads\/2021\/11\/el-hazzat-naila.jpg 413w\" sizes=\"(max-width: 78px) 100vw, 78px\" \/><\/div><!-- .membre-avatar --><div class=\"membre-info-parti\"><img class=\"membre-pp-icon\" src=\"https:\/\/www.region-fes-meknes.ma\/wp-content\/plugins\/tc-annuaire-membre\/images\/parti_politique\/PI.jpg\" \/>PI<\/div><!-- .membre-info-parti --><div class=\"membre-info\"><div class=\"membre-meta-b\">Membre<\/div><\/div><!-- .membre-info --><\/div><!-- .membre-info-wrapper --><div class=\"membre-meta-c\">Membre de la  <a href=\"https:\/\/www.region-fes-meknes.ma\/fr\/le-conseil-regional\/composition\/commissions-permanentes\/commission-de-la-formation-et-de-lemploi\/\" rel=\"bookmark\">Commission de la formation et de l\u2019emploi<\/a><\/div><\/div><!-- .result-membre --><div class=\"result-membre\"><h4 class=\"membre-nom\">ELHAMSS ABDLKRIM<\/h4><div class=\"membre-info-wrapper\"><div class=\"membre-avatar\"><img width=\"78\" height=\"100\" src=\"https:\/\/www.region-fes-meknes.ma\/wp-content\/uploads\/2018\/04\/abdlkrim-elhamss-78x100.jpg\" class=\"attachment-tc-user-small size-tc-user-small\" alt=\"abdlkrim elhamss\" loading=\"lazy\" srcset=\"https:\/\/www.region-fes-meknes.ma\/wp-content\/uploads\/2018\/04\/abdlkrim-elhamss-78x100.jpg 78w, https:\/\/www.region-fes-meknes.ma\/wp-content\/uploads\/2018\/04\/abdlkrim-elhamss-233x300.jpg 233w, https:\/\/www.region-fes-meknes.ma\/wp-content\/uploads\/2018\/04\/abdlkrim-elhamss.jpg 413w\" sizes=\"(max-width: 78px) 100vw, 78px\" \/><\/div><!-- .membre-avatar --><div class=\"membre-info-parti\"><img class=\"membre-pp-icon\" src=\"https:\/\/www.region-fes-meknes.ma\/wp-content\/plugins\/tc-annuaire-membre\/images\/parti_politique\/PAM.jpg\" \/>PAM<\/div><!-- .membre-info-parti --><div class=\"membre-info\"><div class=\"membre-meta-b\">Membre<\/div><\/div><!-- .membre-info --><\/div><!-- .membre-info-wrapper --><div class=\"membre-meta-c\">Membre de la  <a href=\"https:\/\/www.region-fes-meknes.ma\/fr\/le-conseil-regional\/composition\/commissions-permanentes\/commission-du-budget-des-affaires-financieres-et-de-la-programmation\/\" rel=\"bookmark\">Commission du budget, des affaires financi\u00e8res et de la programmation<\/a><\/div><\/div><!-- .result-membre --><div class=\"result-membre\"><h4 class=\"membre-nom\">SENHAJI AZZOUZ<\/h4><div class=\"membre-info-wrapper\"><div class=\"membre-avatar\"><img width=\"84\" height=\"100\" src=\"https:\/\/www.region-fes-meknes.ma\/wp-content\/uploads\/2021\/11\/senhaji-azzouz-84x100.jpg\" class=\"attachment-tc-user-small size-tc-user-small\" alt=\"senhaji azzouz\" loading=\"lazy\" srcset=\"https:\/\/www.region-fes-meknes.ma\/wp-content\/uploads\/2021\/11\/senhaji-azzouz-84x100.jpg 84w, https:\/\/www.region-fes-meknes.ma\/wp-content\/uploads\/2021\/11\/senhaji-azzouz-253x300.jpg 253w, https:\/\/www.region-fes-meknes.ma\/wp-content\/uploads\/2021\/11\/senhaji-azzouz.jpg 270w\" sizes=\"(max-width: 84px) 100vw, 84px\" \/><\/div><!-- .membre-avatar --><div class=\"membre-info-parti\"><img class=\"membre-pp-icon\" src=\"https:\/\/www.region-fes-meknes.ma\/wp-content\/plugins\/tc-annuaire-membre\/images\/parti_politique\/MP.jpg\" \/>MP<\/div><!-- .membre-info-parti --><div class=\"membre-info\"><div class=\"membre-meta-b\">Membre<\/div><div class=\"membre-meta-b\">Pr\u00e9sident du Groupe<\/div><\/div><!-- .membre-info --><\/div><!-- .membre-info-wrapper --><div class=\"membre-meta-c\">Membre de la  <a href=\"https:\/\/www.region-fes-meknes.ma\/fr\/le-conseil-regional\/composition\/commissions-permanentes\/commission-du-budget-des-affaires-financieres-et-de-la-programmation\/\" rel=\"bookmark\">Commission du budget, des affaires financi\u00e8res et de la programmation<\/a><\/div><\/div><!-- .result-membre --><div class=\"result-membre\"><h4 class=\"membre-nom\">CHELLAH AOMAR<\/h4><div class=\"membre-info-wrapper\"><div class=\"membre-avatar\"><img width=\"78\" height=\"100\" src=\"https:\/\/www.region-fes-meknes.ma\/wp-content\/uploads\/2021\/11\/chellah-aomar-78x100.jpg\" class=\"attachment-tc-user-small size-tc-user-small\" alt=\"chellah aomar\" loading=\"lazy\" srcset=\"https:\/\/www.region-fes-meknes.ma\/wp-content\/uploads\/2021\/11\/chellah-aomar-78x100.jpg 78w, https:\/\/www.region-fes-meknes.ma\/wp-content\/uploads\/2021\/11\/chellah-aomar-233x300.jpg 233w, https:\/\/www.region-fes-meknes.ma\/wp-content\/uploads\/2021\/11\/chellah-aomar.jpg 413w\" sizes=\"(max-width: 78px) 100vw, 78px\" \/><\/div><!-- .membre-avatar --><div class=\"membre-info-parti\"><img class=\"membre-pp-icon\" src=\"https:\/\/www.region-fes-meknes.ma\/wp-content\/plugins\/tc-annuaire-membre\/images\/parti_politique\/PPS.jpg\" \/>PPS<\/div><!-- .membre-info-parti --><div class=\"membre-info\"><div class=\"membre-meta-b\">Membre<\/div><\/div><!-- .membre-info --><\/div><!-- .membre-info-wrapper --><div class=\"membre-meta-c\">Membre de la  <a href=\"https:\/\/www.region-fes-meknes.ma\/fr\/le-conseil-regional\/composition\/commissions-permanentes\/commission-du-budget-des-affaires-financieres-et-de-la-programmation\/\" rel=\"bookmark\">Commission du budget, des affaires financi\u00e8res et de la programmation<\/a><\/div><\/div><!-- .result-membre --><div class=\"result-membre\"><h4 class=\"membre-nom\">AMGHAR MOHAMED<\/h4><div class=\"membre-info-wrapper\"><div class=\"membre-avatar\"><img width=\"78\" height=\"100\" src=\"https:\/\/www.region-fes-meknes.ma\/wp-content\/uploads\/2021\/11\/amghar-mohamed-78x100.jpg\" class=\"attachment-tc-user-small size-tc-user-small\" alt=\"amghar mohamed\" loading=\"lazy\" srcset=\"https:\/\/www.region-fes-meknes.ma\/wp-content\/uploads\/2021\/11\/amghar-mohamed-78x100.jpg 78w, https:\/\/www.region-fes-meknes.ma\/wp-content\/uploads\/2021\/11\/amghar-mohamed-233x300.jpg 233w, https:\/\/www.region-fes-meknes.ma\/wp-content\/uploads\/2021\/11\/amghar-mohamed.jpg 413w\" sizes=\"(max-width: 78px) 100vw, 78px\" \/><\/div><!-- .membre-avatar --><div class=\"membre-info-parti\"><img class=\"membre-pp-icon\" src=\"https:\/\/www.region-fes-meknes.ma\/wp-content\/plugins\/tc-annuaire-membre\/images\/parti_politique\/UC.jpg\" \/>UC<\/div><!-- .membre-info-parti --><div class=\"membre-info\"><div class=\"membre-meta-b\">Membre<\/div><\/div><!-- .membre-info --><\/div><!-- .membre-info-wrapper --><div class=\"membre-meta-c\">Membre de la  <a href=\"https:\/\/www.region-fes-meknes.ma\/fr\/le-conseil-regional\/composition\/commissions-permanentes\/commission-de-lagriculture-et-du-developpement-rural\/\" rel=\"bookmark\">Commission de l\u2019agriculture et du d\u00e9veloppement rural<\/a><\/div><\/div><!-- .result-membre --><\/div><!-- .result-annuaire-wrap --><\/div><!-- .result-wrap --><br style=\"clear: both;\" \/>\n","protected":false},"excerpt":{"rendered":"<p>Annuaire des membres du conseil r\u00e9gional<\/p>\n","protected":false},"author":1,"featured_media":2481,"parent":1301,"menu_order":3,"comment_status":"closed","ping_status":"closed","template":"template-fullwidth.php","meta":{"_bbp_topic_count":0,"_bbp_reply_count":0,"_bbp_total_topic_count":0,"_bbp_total_reply_count":0,"_bbp_voice_count":0,"_bbp_anonymous_reply_count":0,"_bbp_topic_count_hidden":0,"_bbp_reply_count_hidden":0,"_bbp_forum_subforum_count":0},"acf":[],"yoast_head":"<!-- This site is optimized with the Yoast SEO plugin v19.5.1 - https:\/\/yoast.com\/wordpress\/plugins\/seo\/ -->\n<title>Trombinoscope - R\u00e9gion F\u00e8s Mekn\u00e8s<\/title>\n<meta name=\"robots\" content=\"index, follow, max-snippet:-1, max-image-preview:large, max-video-preview:-1\" \/>\n<link rel=\"canonical\" href=\"https:\/\/www.region-fes-meknes.ma\/fr\/le-conseil-regional\/trombinoscope\/\" \/>\n<meta property=\"og:locale\" content=\"fr_FR\" \/>\n<meta property=\"og:type\" content=\"article\" \/>\n<meta property=\"og:title\" content=\"Trombinoscope - R\u00e9gion F\u00e8s Mekn\u00e8s\" \/>\n<meta property=\"og:description\" content=\"Annuaire des membres du conseil r\u00e9gional\" \/>\n<meta property=\"og:url\" content=\"https:\/\/www.region-fes-meknes.ma\/fr\/le-conseil-regional\/trombinoscope\/\" \/>\n<meta property=\"og:site_name\" content=\"R\u00e9gion F\u00e8s Mekn\u00e8s\" \/>\n<meta property=\"article:publisher\" content=\"https:\/\/www.facebook.com\/R%c3%a9gion-F%c3%a8s-Mekn%c3%a8s-1130195096990872\" \/>\n<meta property=\"article:modified_time\" content=\"2018-04-03T10:34:47+00:00\" \/>\n<meta property=\"og:image\" content=\"https:\/\/www.region-fes-meknes.ma\/wp-content\/uploads\/2017\/09\/cr_trombi.png\" \/>\n\t<meta property=\"og:image:width\" content=\"480\" \/>\n\t<meta property=\"og:image:height\" content=\"270\" \/>\n\t<meta property=\"og:image:type\" content=\"image\/png\" \/>\n<meta name=\"twitter:card\" content=\"summary_large_image\" \/>\n<script type=\"application\/ld+json\" class=\"yoast-schema-graph\">{\"@context\":\"https:\/\/schema.org\",\"@graph\":[{\"@type\":\"WebPage\",\"@id\":\"https:\/\/www.region-fes-meknes.ma\/fr\/le-conseil-regional\/trombinoscope\/\",\"url\":\"https:\/\/www.region-fes-meknes.ma\/fr\/le-conseil-regional\/trombinoscope\/\",\"name\":\"Trombinoscope - R\u00e9gion F\u00e8s Mekn\u00e8s\",\"isPartOf\":{\"@id\":\"https:\/\/www.region-fes-meknes.ma\/#website\"},\"datePublished\":\"2017-09-23T17:23:25+00:00\",\"dateModified\":\"2018-04-03T10:34:47+00:00\",\"breadcrumb\":{\"@id\":\"https:\/\/www.region-fes-meknes.ma\/fr\/le-conseil-regional\/trombinoscope\/#breadcrumb\"},\"inLanguage\":\"fr-FR\",\"potentialAction\":[{\"@type\":\"ReadAction\",\"target\":[\"https:\/\/www.region-fes-meknes.ma\/fr\/le-conseil-regional\/trombinoscope\/\"]}]},{\"@type\":\"BreadcrumbList\",\"@id\":\"https:\/\/www.region-fes-meknes.ma\/fr\/le-conseil-regional\/trombinoscope\/#breadcrumb\",\"itemListElement\":[{\"@type\":\"ListItem\",\"position\":1,\"name\":\"Accueil\",\"item\":\"https:\/\/www.region-fes-meknes.ma\/fr\/\"},{\"@type\":\"ListItem\",\"position\":2,\"name\":\"Le Conseil R\u00e9gional\",\"item\":\"https:\/\/www.region-fes-meknes.ma\/fr\/le-conseil-regional\/\"},{\"@type\":\"ListItem\",\"position\":3,\"name\":\"Trombinoscope\"}]},{\"@type\":\"WebSite\",\"@id\":\"https:\/\/www.region-fes-meknes.ma\/#website\",\"url\":\"https:\/\/www.region-fes-meknes.ma\/\",\"name\":\"Portail de la R\u00e9gion F\u00e8s-Mekn\u00e8s\",\"description\":\"Site officiel de la r\u00e9gion F\u00e8s-Mekn\u00e8s.\",\"publisher\":{\"@id\":\"https:\/\/www.region-fes-meknes.ma\/#organization\"},\"potentialAction\":[{\"@type\":\"SearchAction\",\"target\":{\"@type\":\"EntryPoint\",\"urlTemplate\":\"https:\/\/www.region-fes-meknes.ma\/?s={search_term_string}\"},\"query-input\":\"required name=search_term_string\"}],\"inLanguage\":\"fr-FR\"},{\"@type\":\"Organization\",\"@id\":\"https:\/\/www.region-fes-meknes.ma\/#organization\",\"name\":\"R\u00e9gion F\u00e8s M\u00e8kn\u00e8s\",\"url\":\"https:\/\/www.region-fes-meknes.ma\/\",\"sameAs\":[\"https:\/\/www.facebook.com\/R\u00e9gion-F\u00e8s-Mekn\u00e8s-1130195096990872\"],\"logo\":{\"@type\":\"ImageObject\",\"inLanguage\":\"fr-FR\",\"@id\":\"https:\/\/www.region-fes-meknes.ma\/#\/schema\/logo\/image\/\",\"url\":\"http:\/\/www.region-fes-meknes.ma\/wp-content\/uploads\/2017\/10\/logo-rfm4.png\",\"contentUrl\":\"http:\/\/www.region-fes-meknes.ma\/wp-content\/uploads\/2017\/10\/logo-rfm4.png\",\"width\":304,\"height\":291,\"caption\":\"R\u00e9gion F\u00e8s M\u00e8kn\u00e8s\"},\"image\":{\"@id\":\"https:\/\/www.region-fes-meknes.ma\/#\/schema\/logo\/image\/\"}}]}<\/script>\n<!-- \/ Yoast SEO plugin. -->","yoast_head_json":{"title":"Trombinoscope - R\u00e9gion F\u00e8s Mekn\u00e8s","robots":{"index":"index","follow":"follow","max-snippet":"max-snippet:-1","max-image-preview":"max-image-preview:large","max-video-preview":"max-video-preview:-1"},"canonical":"https:\/\/www.region-fes-meknes.ma\/fr\/le-conseil-regional\/trombinoscope\/","og_locale":"fr_FR","og_type":"article","og_title":"Trombinoscope - R\u00e9gion F\u00e8s Mekn\u00e8s","og_description":"Annuaire des membres du conseil r\u00e9gional","og_url":"https:\/\/www.region-fes-meknes.ma\/fr\/le-conseil-regional\/trombinoscope\/","og_site_name":"R\u00e9gion F\u00e8s Mekn\u00e8s","article_publisher":"https:\/\/www.facebook.com\/R%c3%a9gion-F%c3%a8s-Mekn%c3%a8s-1130195096990872","article_modified_time":"2018-04-03T10:34:47+00:00","og_image":[{"width":480,"height":270,"url":"https:\/\/www.region-fes-meknes.ma\/wp-content\/uploads\/2017\/09\/cr_trombi.png","type":"image\/png"}],"twitter_card":"summary_large_image","schema":{"@context":"https:\/\/schema.org","@graph":[{"@type":"WebPage","@id":"https:\/\/www.region-fes-meknes.ma\/fr\/le-conseil-regional\/trombinoscope\/","url":"https:\/\/www.region-fes-meknes.ma\/fr\/le-conseil-regional\/trombinoscope\/","name":"Trombinoscope - R\u00e9gion F\u00e8s Mekn\u00e8s","isPartOf":{"@id":"https:\/\/www.region-fes-meknes.ma\/#website"},"datePublished":"2017-09-23T17:23:25+00:00","dateModified":"2018-04-03T10:34:47+00:00","breadcrumb":{"@id":"https:\/\/www.region-fes-meknes.ma\/fr\/le-conseil-regional\/trombinoscope\/#breadcrumb"},"inLanguage":"fr-FR","potentialAction":[{"@type":"ReadAction","target":["https:\/\/www.region-fes-meknes.ma\/fr\/le-conseil-regional\/trombinoscope\/"]}]},{"@type":"BreadcrumbList","@id":"https:\/\/www.region-fes-meknes.ma\/fr\/le-conseil-regional\/trombinoscope\/#breadcrumb","itemListElement":[{"@type":"ListItem","position":1,"name":"Accueil","item":"https:\/\/www.region-fes-meknes.ma\/fr\/"},{"@type":"ListItem","position":2,"name":"Le Conseil R\u00e9gional","item":"https:\/\/www.region-fes-meknes.ma\/fr\/le-conseil-regional\/"},{"@type":"ListItem","position":3,"name":"Trombinoscope"}]},{"@type":"WebSite","@id":"https:\/\/www.region-fes-meknes.ma\/#website","url":"https:\/\/www.region-fes-meknes.ma\/","name":"Portail de la R\u00e9gion F\u00e8s-Mekn\u00e8s","description":"Site officiel de la r\u00e9gion F\u00e8s-Mekn\u00e8s.","publisher":{"@id":"https:\/\/www.region-fes-meknes.ma\/#organization"},"potentialAction":[{"@type":"SearchAction","target":{"@type":"EntryPoint","urlTemplate":"https:\/\/www.region-fes-meknes.ma\/?s={search_term_string}"},"query-input":"required name=search_term_string"}],"inLanguage":"fr-FR"},{"@type":"Organization","@id":"https:\/\/www.region-fes-meknes.ma\/#organization","name":"R\u00e9gion F\u00e8s M\u00e8kn\u00e8s","url":"https:\/\/www.region-fes-meknes.ma\/","sameAs":["https:\/\/www.facebook.com\/R\u00e9gion-F\u00e8s-Mekn\u00e8s-1130195096990872"],"logo":{"@type":"ImageObject","inLanguage":"fr-FR","@id":"https:\/\/www.region-fes-meknes.ma\/#\/schema\/logo\/image\/","url":"http:\/\/www.region-fes-meknes.ma\/wp-content\/uploads\/2017\/10\/logo-rfm4.png","contentUrl":"http:\/\/www.region-fes-meknes.ma\/wp-content\/uploads\/2017\/10\/logo-rfm4.png","width":304,"height":291,"caption":"R\u00e9gion F\u00e8s M\u00e8kn\u00e8s"},"image":{"@id":"https:\/\/www.region-fes-meknes.ma\/#\/schema\/logo\/image\/"}}]}},"_links":{"self":[{"href":"https:\/\/www.region-fes-meknes.ma\/fr\/wp-json\/wp\/v2\/pages\/1307"}],"collection":[{"href":"https:\/\/www.region-fes-meknes.ma\/fr\/wp-json\/wp\/v2\/pages"}],"about":[{"href":"https:\/\/www.region-fes-meknes.ma\/fr\/wp-json\/wp\/v2\/types\/page"}],"author":[{"embeddable":true,"href":"https:\/\/www.region-fes-meknes.ma\/fr\/wp-json\/wp\/v2\/users\/1"}],"replies":[{"embeddable":true,"href":"https:\/\/www.region-fes-meknes.ma\/fr\/wp-json\/wp\/v2\/comments?post=1307"}],"version-history":[{"count":7,"href":"https:\/\/www.region-fes-meknes.ma\/fr\/wp-json\/wp\/v2\/pages\/1307\/revisions"}],"predecessor-version":[{"id":4724,"href":"https:\/\/www.region-fes-meknes.ma\/fr\/wp-json\/wp\/v2\/pages\/1307\/revisions\/4724"}],"up":[{"embeddable":true,"href":"https:\/\/www.region-fes-meknes.ma\/fr\/wp-json\/wp\/v2\/pages\/1301"}],"wp:featuredmedia":[{"embeddable":true,"href":"https:\/\/www.region-fes-meknes.ma\/fr\/wp-json\/wp\/v2\/media\/2481"}],"wp:attachment":[{"href":"https:\/\/www.region-fes-meknes.ma\/fr\/wp-json\/wp\/v2\/media?parent=1307"}],"curies":[{"name":"wp","href":"https:\/\/api.w.org\/{rel}","templated":true}]}}