{"id":1352,"date":"2017-09-23T19:32:51","date_gmt":"2017-09-23T17:32:51","guid":{"rendered":"http:\/\/www.region-fes-meknes.ma\/?page_id=1352"},"modified":"2018-04-03T12:41:40","modified_gmt":"2018-04-03T10:41:40","slug":"cooperation-internationale","status":"publish","type":"page","link":"https:\/\/www.region-fes-meknes.ma\/fr\/le-conseil-regional\/cooperation-internationale\/","title":{"rendered":"Coop\u00e9ration internationale"},"content":{"rendered":"<p>Conventions d&rsquo;accord, de partenariat et de coop\u00e9ration sign\u00e9es entre le conseil r\u00e9gional de F\u00e8s-Mekn\u00e8s et des institutions internationales.<\/p>\n<div class=\"page-category\">\n<article id=\"post-40915\" class=\"list-article clearfix post-40915 post type-post status-publish format-standard has-post-thumbnail hentry category-actualites category-cooperation category-partenariat\">\n\n\t<div class=\"list-article-thumb\">\n\t\t<a href=\"https:\/\/www.region-fes-meknes.ma\/fr\/actualites\/projet-arts-et-metiers-partages-partenariat-international-pour-developper-la-formation-et-linnovation-dans-lartisanat-traditionnel\/\">\n\t\t\t<img width=\"300\" height=\"150\" src=\"https:\/\/www.region-fes-meknes.ma\/wp-content\/uploads\/2026\/02\/WhatsApp-Image-2026-02-04-at-11.53.51-1-300x150.jpeg\" class=\"attachment-rfm22-blog-small size-rfm22-blog-small wp-post-image\" alt=\"WhatsApp Image 2026 02 04 at 11.53.51 (1)\" loading=\"lazy\" \/>\t\t<\/a>\n\t<\/div>\n\n\t<div class=\"list-article-content\">\n\t\t<div class=\"list-article-meta\">\n\t\t\t<a href=\"https:\/\/www.region-fes-meknes.ma\/fr\/category\/actualites\/\" rel=\"category tag\">Actualit\u00e9s<\/a> \/ <a href=\"https:\/\/www.region-fes-meknes.ma\/fr\/category\/cooperation\/\" rel=\"category tag\">Coop\u00e9ration<\/a> \/ <a href=\"https:\/\/www.region-fes-meknes.ma\/fr\/category\/partenariat\/\" rel=\"category tag\">Partenariat<\/a>\t\t<\/div>\n\t\t<header class=\"list-entry-header\">\n\t\t\t<h2 class=\"entry-title\"><a href=\"https:\/\/www.region-fes-meknes.ma\/fr\/actualites\/projet-arts-et-metiers-partages-partenariat-international-pour-developper-la-formation-et-linnovation-dans-lartisanat-traditionnel\/\" rel=\"bookmark\">Projet \u00ab Arts et m\u00e9tiers partag\u00e9s \u00bb : partenariat international pour d\u00e9velopper la formation et l\u2019innovation dans l\u2019artisanat traditionnel<\/a><\/h2><i class=\"fa fa-calendar\"><\/i> <strong>04\/02\/2026<\/strong>\t\t<\/header><!-- .entry-header -->\n\t\t<div class=\"entry-excerpt\">\n\t\t\t\t\t\t<a class=\"read-more-link\" href=\"https:\/\/www.region-fes-meknes.ma\/fr\/actualites\/projet-arts-et-metiers-partages-partenariat-international-pour-developper-la-formation-et-linnovation-dans-lartisanat-traditionnel\/\"> Lire la suite<\/a>\n\t\t\t\t\t<\/div><!-- .entry-content -->\n\t<\/div>\n\n<\/article><!-- #post-## -->\n\n\n<article id=\"post-29903\" class=\"list-article clearfix post-29903 post type-post status-publish format-standard has-post-thumbnail hentry category-actualites category-cooperation category-publications\">\n\n\t<div class=\"list-article-thumb\">\n\t\t<a href=\"https:\/\/www.region-fes-meknes.ma\/fr\/actualites\/cooperation-internationale-la-12eme-edition-du-bulletin-de-la-cooperation-entre-la-region-fes-meknes-et-la-region-francaise-centre-val-de-loire\/\">\n\t\t\t<img width=\"217\" height=\"150\" src=\"https:\/\/www.region-fes-meknes.ma\/wp-content\/uploads\/2023\/03\/Une.png\" class=\"attachment-rfm22-blog-small size-rfm22-blog-small wp-post-image\" alt=\"Une\" loading=\"lazy\" srcset=\"https:\/\/www.region-fes-meknes.ma\/wp-content\/uploads\/2023\/03\/Une.png 583w, https:\/\/www.region-fes-meknes.ma\/wp-content\/uploads\/2023\/03\/Une-300x207.png 300w, https:\/\/www.region-fes-meknes.ma\/wp-content\/uploads\/2023\/03\/Une-100x69.png 100w\" sizes=\"(max-width: 217px) 100vw, 217px\" \/>\t\t<\/a>\n\t<\/div>\n\n\t<div class=\"list-article-content\">\n\t\t<div class=\"list-article-meta\">\n\t\t\t<a href=\"https:\/\/www.region-fes-meknes.ma\/fr\/category\/actualites\/\" rel=\"category tag\">Actualit\u00e9s<\/a> \/ <a href=\"https:\/\/www.region-fes-meknes.ma\/fr\/category\/cooperation\/\" rel=\"category tag\">Coop\u00e9ration<\/a> \/ <a href=\"https:\/\/www.region-fes-meknes.ma\/fr\/category\/publications\/\" rel=\"category tag\">Publications<\/a>\t\t<\/div>\n\t\t<header class=\"list-entry-header\">\n\t\t\t<h2 class=\"entry-title\"><a href=\"https:\/\/www.region-fes-meknes.ma\/fr\/actualites\/cooperation-internationale-la-12eme-edition-du-bulletin-de-la-cooperation-entre-la-region-fes-meknes-et-la-region-francaise-centre-val-de-loire\/\" rel=\"bookmark\">Coop\u00e9ration internationale: la 12\u00e8me \u00e9dition du bulletin de la coop\u00e9ration entre la R\u00e9gion F\u00e8s-Mekn\u00e8s et la R\u00e9gion fran\u00e7aise Centre-Val-de-Loire<\/a><\/h2><i class=\"fa fa-calendar\"><\/i> <strong>31\/03\/2023<\/strong>\t\t<\/header><!-- .entry-header -->\n\t\t<div class=\"entry-excerpt\">\n\t\t\t<p>\u00ab Les carnets de la coop\u00e9ration \u00bb, un document qui offre une vue d\u00e9taill\u00e9e par rapport aux actions et projets r\u00e9alis\u00e9s dans le cadre du partenariat entre la r\u00e9gion F\u00e8s-Mekn\u00e8s &#8230;<\/p>\n\t\t\t<a class=\"read-more-link\" href=\"https:\/\/www.region-fes-meknes.ma\/fr\/actualites\/cooperation-internationale-la-12eme-edition-du-bulletin-de-la-cooperation-entre-la-region-fes-meknes-et-la-region-francaise-centre-val-de-loire\/\"> Lire la suite<\/a>\n\t\t\t\t\t<\/div><!-- .entry-content -->\n\t<\/div>\n\n<\/article><!-- #post-## -->\n\n\n<article id=\"post-25889\" class=\"list-article clearfix post-25889 post type-post status-publish format-standard has-post-thumbnail hentry category-actualites category-cooperation\">\n\n\t<div class=\"list-article-thumb\">\n\t\t<a href=\"https:\/\/www.region-fes-meknes.ma\/fr\/actualites\/participation-de-la-region-fes-meknes-au-3eme-regroupement-politique-et-technique-organise-dans-le-cadre-du-projet-eicpad\/\">\n\t\t\t<img width=\"200\" height=\"150\" src=\"https:\/\/www.region-fes-meknes.ma\/wp-content\/uploads\/2022\/10\/WhatsApp-Image-2022-10-13-at-16.14.11.jpeg\" class=\"attachment-rfm22-blog-small size-rfm22-blog-small wp-post-image\" alt=\"WhatsApp Image 2022 10 13 at 16.14.11\" loading=\"lazy\" srcset=\"https:\/\/www.region-fes-meknes.ma\/wp-content\/uploads\/2022\/10\/WhatsApp-Image-2022-10-13-at-16.14.11.jpeg 1599w, https:\/\/www.region-fes-meknes.ma\/wp-content\/uploads\/2022\/10\/WhatsApp-Image-2022-10-13-at-16.14.11-300x225.jpeg 300w, https:\/\/www.region-fes-meknes.ma\/wp-content\/uploads\/2022\/10\/WhatsApp-Image-2022-10-13-at-16.14.11-1024x768.jpeg 1024w, https:\/\/www.region-fes-meknes.ma\/wp-content\/uploads\/2022\/10\/WhatsApp-Image-2022-10-13-at-16.14.11-768x576.jpeg 768w, https:\/\/www.region-fes-meknes.ma\/wp-content\/uploads\/2022\/10\/WhatsApp-Image-2022-10-13-at-16.14.11-1536x1153.jpeg 1536w, https:\/\/www.region-fes-meknes.ma\/wp-content\/uploads\/2022\/10\/WhatsApp-Image-2022-10-13-at-16.14.11-100x75.jpeg 100w\" sizes=\"(max-width: 200px) 100vw, 200px\" \/>\t\t<\/a>\n\t<\/div>\n\n\t<div class=\"list-article-content\">\n\t\t<div class=\"list-article-meta\">\n\t\t\t<a href=\"https:\/\/www.region-fes-meknes.ma\/fr\/category\/actualites\/\" rel=\"category tag\">Actualit\u00e9s<\/a> \/ <a href=\"https:\/\/www.region-fes-meknes.ma\/fr\/category\/cooperation\/\" rel=\"category tag\">Coop\u00e9ration<\/a>\t\t<\/div>\n\t\t<header class=\"list-entry-header\">\n\t\t\t<h2 class=\"entry-title\"><a href=\"https:\/\/www.region-fes-meknes.ma\/fr\/actualites\/participation-de-la-region-fes-meknes-au-3eme-regroupement-politique-et-technique-organise-dans-le-cadre-du-projet-eicpad\/\" rel=\"bookmark\">Participation de la R\u00e9gion F\u00e8s Mekn\u00e8s au 3\u00e8me regroupement politique et technique organis\u00e9 dans le cadre du Projet EICPAD<\/a><\/h2><i class=\"fa fa-calendar\"><\/i> <strong>13\/10\/2022<\/strong>\t\t<\/header><!-- .entry-header -->\n\t\t<div class=\"entry-excerpt\">\n\t\t\t<p>Engag\u00e9e dans le cadre de la mise en \u0153uvre du Projet \u00ab\u00a0Expertise, Ing\u00e9nierie, et Comp\u00e9tences au service des Pratiques d\u2019Am\u00e9nagement Durable des territoires francophones 2021-2022 dit projet EICPAD, cofinanc\u00e9 part &#8230;<\/p>\n\t\t\t<a class=\"read-more-link\" href=\"https:\/\/www.region-fes-meknes.ma\/fr\/actualites\/participation-de-la-region-fes-meknes-au-3eme-regroupement-politique-et-technique-organise-dans-le-cadre-du-projet-eicpad\/\"> Lire la suite<\/a>\n\t\t\t\t\t<\/div><!-- .entry-content -->\n\t<\/div>\n\n<\/article><!-- #post-## -->\n\n\n<article id=\"post-23710\" class=\"list-article clearfix post-23710 post type-post status-publish format-standard has-post-thumbnail hentry category-actualites category-cooperation\">\n\n\t<div class=\"list-article-thumb\">\n\t\t<a href=\"https:\/\/www.region-fes-meknes.ma\/fr\/actualites\/cooperation-internationale-la-10eme-edition-du-bulletin-de-la-cooperation-entre-la-region-fes-meknes-et-la-region-francaise-centre-val-de-loire\/\">\n\t\t\t<img width=\"249\" height=\"150\" src=\"https:\/\/www.region-fes-meknes.ma\/wp-content\/uploads\/2022\/06\/Carnets-de-la-cop.png\" class=\"attachment-rfm22-blog-small size-rfm22-blog-small wp-post-image\" alt=\"Carnets de la cop\" loading=\"lazy\" srcset=\"https:\/\/www.region-fes-meknes.ma\/wp-content\/uploads\/2022\/06\/Carnets-de-la-cop.png 900w, https:\/\/www.region-fes-meknes.ma\/wp-content\/uploads\/2022\/06\/Carnets-de-la-cop-300x181.png 300w, https:\/\/www.region-fes-meknes.ma\/wp-content\/uploads\/2022\/06\/Carnets-de-la-cop-768x463.png 768w, https:\/\/www.region-fes-meknes.ma\/wp-content\/uploads\/2022\/06\/Carnets-de-la-cop-100x60.png 100w\" sizes=\"(max-width: 249px) 100vw, 249px\" \/>\t\t<\/a>\n\t<\/div>\n\n\t<div class=\"list-article-content\">\n\t\t<div class=\"list-article-meta\">\n\t\t\t<a href=\"https:\/\/www.region-fes-meknes.ma\/fr\/category\/actualites\/\" rel=\"category tag\">Actualit\u00e9s<\/a> \/ <a href=\"https:\/\/www.region-fes-meknes.ma\/fr\/category\/cooperation\/\" rel=\"category tag\">Coop\u00e9ration<\/a>\t\t<\/div>\n\t\t<header class=\"list-entry-header\">\n\t\t\t<h2 class=\"entry-title\"><a href=\"https:\/\/www.region-fes-meknes.ma\/fr\/actualites\/cooperation-internationale-la-10eme-edition-du-bulletin-de-la-cooperation-entre-la-region-fes-meknes-et-la-region-francaise-centre-val-de-loire\/\" rel=\"bookmark\">Coop\u00e9ration internationale: la 10\u00e8me \u00e9dition du bulletin de la coop\u00e9ration entre la R\u00e9gion F\u00e8s-Mekn\u00e8s et la R\u00e9gion fran\u00e7aise Centre-Val-de-Loire<\/a><\/h2><i class=\"fa fa-calendar\"><\/i> <strong>22\/06\/2022<\/strong>\t\t<\/header><!-- .entry-header -->\n\t\t<div class=\"entry-excerpt\">\n\t\t\t<p>\u00ab Les carnets de la coop\u00e9ration \u00bb, un document qui offre une vue d\u00e9taill\u00e9e par rapport aux actions et projets r\u00e9alis\u00e9s dans le cadre du partenariat entre la r\u00e9gion F\u00e8s-Mekn\u00e8s &#8230;<\/p>\n\t\t\t<a class=\"read-more-link\" href=\"https:\/\/www.region-fes-meknes.ma\/fr\/actualites\/cooperation-internationale-la-10eme-edition-du-bulletin-de-la-cooperation-entre-la-region-fes-meknes-et-la-region-francaise-centre-val-de-loire\/\"> Lire la suite<\/a>\n\t\t\t\t\t<\/div><!-- .entry-content -->\n\t<\/div>\n\n<\/article><!-- #post-## -->\n\n\n<article id=\"post-21272\" class=\"list-article clearfix post-21272 post type-post status-publish format-standard has-post-thumbnail hentry category-actualites category-cooperation\">\n\n\t<div class=\"list-article-thumb\">\n\t\t<a href=\"https:\/\/www.region-fes-meknes.ma\/fr\/actualites\/reunion-du-comite-mixte-de-cooperation-entre-la-region-fes-meknes-et-la-region-centre-val-de-loire-3\/\">\n\t\t\t<img width=\"200\" height=\"150\" src=\"https:\/\/www.region-fes-meknes.ma\/wp-content\/uploads\/2022\/03\/IMG-20220329-WA0055-1.jpg\" class=\"attachment-rfm22-blog-small size-rfm22-blog-small wp-post-image\" alt=\"IMG 20220329 WA0055\" loading=\"lazy\" srcset=\"https:\/\/www.region-fes-meknes.ma\/wp-content\/uploads\/2022\/03\/IMG-20220329-WA0055-1.jpg 1600w, https:\/\/www.region-fes-meknes.ma\/wp-content\/uploads\/2022\/03\/IMG-20220329-WA0055-1-300x225.jpg 300w, https:\/\/www.region-fes-meknes.ma\/wp-content\/uploads\/2022\/03\/IMG-20220329-WA0055-1-1024x768.jpg 1024w, https:\/\/www.region-fes-meknes.ma\/wp-content\/uploads\/2022\/03\/IMG-20220329-WA0055-1-768x576.jpg 768w, https:\/\/www.region-fes-meknes.ma\/wp-content\/uploads\/2022\/03\/IMG-20220329-WA0055-1-1536x1152.jpg 1536w, https:\/\/www.region-fes-meknes.ma\/wp-content\/uploads\/2022\/03\/IMG-20220329-WA0055-1-100x75.jpg 100w\" sizes=\"(max-width: 200px) 100vw, 200px\" \/>\t\t<\/a>\n\t<\/div>\n\n\t<div class=\"list-article-content\">\n\t\t<div class=\"list-article-meta\">\n\t\t\t<a href=\"https:\/\/www.region-fes-meknes.ma\/fr\/category\/actualites\/\" rel=\"category tag\">Actualit\u00e9s<\/a> \/ <a href=\"https:\/\/www.region-fes-meknes.ma\/fr\/category\/cooperation\/\" rel=\"category tag\">Coop\u00e9ration<\/a>\t\t<\/div>\n\t\t<header class=\"list-entry-header\">\n\t\t\t<h2 class=\"entry-title\"><a href=\"https:\/\/www.region-fes-meknes.ma\/fr\/actualites\/reunion-du-comite-mixte-de-cooperation-entre-la-region-fes-meknes-et-la-region-centre-val-de-loire-3\/\" rel=\"bookmark\">R\u00e9union du Comit\u00e9 Mixte de Coop\u00e9ration entre la R\u00e9gion F\u00e8s-Mekn\u00e8s et la R\u00e9gion Centre Val de Loire en France<\/a><\/h2><i class=\"fa fa-calendar\"><\/i> <strong>29\/03\/2022<\/strong>\t\t<\/header><!-- .entry-header -->\n\t\t<div class=\"entry-excerpt\">\n\t\t\t<p>Dans le cadre de la convention de coop\u00e9ration entre la R\u00e9gion F\u00e8s Mekn\u00e8s et la R\u00e9gion Centre Val de Loire, une d\u00e9l\u00e9gation conduite par Monsieur Abdelouahed EL ANSARI Pr\u00e9sident de &#8230;<\/p>\n\t\t\t<a class=\"read-more-link\" href=\"https:\/\/www.region-fes-meknes.ma\/fr\/actualites\/reunion-du-comite-mixte-de-cooperation-entre-la-region-fes-meknes-et-la-region-centre-val-de-loire-3\/\"> Lire la suite<\/a>\n\t\t\t\t\t<\/div><!-- .entry-content -->\n\t<\/div>\n\n<\/article><!-- #post-## -->\n\n<\/div><div class='wp-pagenavi' role='navigation'>\n<span aria-current='page' class='current'>1<\/span><a class=\"page larger\" title=\"Page 2\" href=\"https:\/\/www.region-fes-meknes.ma\/fr\/wp-json\/wp\/v2\/pages\/1352\/page\/2\/\">2<\/a><a class=\"page larger\" title=\"Page 3\" href=\"https:\/\/www.region-fes-meknes.ma\/fr\/wp-json\/wp\/v2\/pages\/1352\/page\/3\/\">3<\/a><a class=\"page larger\" title=\"Page 4\" href=\"https:\/\/www.region-fes-meknes.ma\/fr\/wp-json\/wp\/v2\/pages\/1352\/page\/4\/\">4<\/a><a class=\"page larger\" title=\"Page 5\" href=\"https:\/\/www.region-fes-meknes.ma\/fr\/wp-json\/wp\/v2\/pages\/1352\/page\/5\/\">5<\/a><span class='extend'>...<\/span><a class=\"larger page\" title=\"Page 10\" href=\"https:\/\/www.region-fes-meknes.ma\/fr\/wp-json\/wp\/v2\/pages\/1352\/page\/10\/\">10<\/a><span class='extend'>...<\/span><a class=\"nextpostslink\" rel=\"next\" aria-label=\"Page suivante\" href=\"https:\/\/www.region-fes-meknes.ma\/fr\/wp-json\/wp\/v2\/pages\/1352\/page\/2\/\">\u203a<\/a><a class=\"last\" aria-label=\"Last Page\" href=\"https:\/\/www.region-fes-meknes.ma\/fr\/wp-json\/wp\/v2\/pages\/1352\/page\/10\/\">\u00bb<\/a>\n<\/div>\n","protected":false},"excerpt":{"rendered":"<p>Conventions d&rsquo;accord, de partenariat et de coop\u00e9ration sign\u00e9es entre le conseil r\u00e9gional de F\u00e8s-Mekn\u00e8s et des institutions internationales.<\/p>\n","protected":false},"author":1,"featured_media":2488,"parent":1301,"menu_order":8,"comment_status":"closed","ping_status":"closed","template":"","meta":{"_bbp_topic_count":0,"_bbp_reply_count":0,"_bbp_total_topic_count":0,"_bbp_total_reply_count":0,"_bbp_voice_count":0,"_bbp_anonymous_reply_count":0,"_bbp_topic_count_hidden":0,"_bbp_reply_count_hidden":0,"_bbp_forum_subforum_count":0},"acf":[],"yoast_head":"<!-- This site is optimized with the Yoast SEO plugin v19.5.1 - https:\/\/yoast.com\/wordpress\/plugins\/seo\/ -->\n<title>Coop\u00e9ration internationale - R\u00e9gion F\u00e8s Mekn\u00e8s<\/title>\n<meta name=\"robots\" content=\"index, follow, max-snippet:-1, max-image-preview:large, max-video-preview:-1\" \/>\n<link rel=\"canonical\" href=\"https:\/\/www.region-fes-meknes.ma\/fr\/le-conseil-regional\/cooperation-internationale\/\" \/>\n<meta property=\"og:locale\" content=\"fr_FR\" \/>\n<meta property=\"og:type\" content=\"article\" \/>\n<meta property=\"og:title\" content=\"Coop\u00e9ration internationale - R\u00e9gion F\u00e8s Mekn\u00e8s\" \/>\n<meta property=\"og:description\" content=\"Conventions d&rsquo;accord, de partenariat et de coop\u00e9ration sign\u00e9es entre le conseil r\u00e9gional de F\u00e8s-Mekn\u00e8s et des institutions internationales.\" \/>\n<meta property=\"og:url\" content=\"https:\/\/www.region-fes-meknes.ma\/fr\/le-conseil-regional\/cooperation-internationale\/\" \/>\n<meta property=\"og:site_name\" content=\"R\u00e9gion F\u00e8s Mekn\u00e8s\" \/>\n<meta property=\"article:publisher\" content=\"https:\/\/www.facebook.com\/R%c3%a9gion-F%c3%a8s-Mekn%c3%a8s-1130195096990872\" \/>\n<meta property=\"article:modified_time\" content=\"2018-04-03T10:41:40+00:00\" \/>\n<meta property=\"og:image\" content=\"https:\/\/www.region-fes-meknes.ma\/wp-content\/uploads\/2017\/09\/coop_internationale.png\" \/>\n\t<meta property=\"og:image:width\" content=\"482\" \/>\n\t<meta property=\"og:image:height\" content=\"257\" \/>\n\t<meta property=\"og:image:type\" content=\"image\/png\" \/>\n<meta name=\"twitter:card\" content=\"summary_large_image\" \/>\n<script type=\"application\/ld+json\" class=\"yoast-schema-graph\">{\"@context\":\"https:\/\/schema.org\",\"@graph\":[{\"@type\":\"WebPage\",\"@id\":\"https:\/\/www.region-fes-meknes.ma\/fr\/le-conseil-regional\/cooperation-internationale\/\",\"url\":\"https:\/\/www.region-fes-meknes.ma\/fr\/le-conseil-regional\/cooperation-internationale\/\",\"name\":\"Coop\u00e9ration internationale - R\u00e9gion F\u00e8s Mekn\u00e8s\",\"isPartOf\":{\"@id\":\"https:\/\/www.region-fes-meknes.ma\/#website\"},\"datePublished\":\"2017-09-23T17:32:51+00:00\",\"dateModified\":\"2018-04-03T10:41:40+00:00\",\"breadcrumb\":{\"@id\":\"https:\/\/www.region-fes-meknes.ma\/fr\/le-conseil-regional\/cooperation-internationale\/#breadcrumb\"},\"inLanguage\":\"fr-FR\",\"potentialAction\":[{\"@type\":\"ReadAction\",\"target\":[\"https:\/\/www.region-fes-meknes.ma\/fr\/le-conseil-regional\/cooperation-internationale\/\"]}]},{\"@type\":\"BreadcrumbList\",\"@id\":\"https:\/\/www.region-fes-meknes.ma\/fr\/le-conseil-regional\/cooperation-internationale\/#breadcrumb\",\"itemListElement\":[{\"@type\":\"ListItem\",\"position\":1,\"name\":\"Accueil\",\"item\":\"https:\/\/www.region-fes-meknes.ma\/fr\/\"},{\"@type\":\"ListItem\",\"position\":2,\"name\":\"Le Conseil R\u00e9gional\",\"item\":\"https:\/\/www.region-fes-meknes.ma\/fr\/le-conseil-regional\/\"},{\"@type\":\"ListItem\",\"position\":3,\"name\":\"Coop\u00e9ration internationale\"}]},{\"@type\":\"WebSite\",\"@id\":\"https:\/\/www.region-fes-meknes.ma\/#website\",\"url\":\"https:\/\/www.region-fes-meknes.ma\/\",\"name\":\"Portail de la R\u00e9gion F\u00e8s-Mekn\u00e8s\",\"description\":\"Site officiel de la r\u00e9gion F\u00e8s-Mekn\u00e8s.\",\"publisher\":{\"@id\":\"https:\/\/www.region-fes-meknes.ma\/#organization\"},\"potentialAction\":[{\"@type\":\"SearchAction\",\"target\":{\"@type\":\"EntryPoint\",\"urlTemplate\":\"https:\/\/www.region-fes-meknes.ma\/?s={search_term_string}\"},\"query-input\":\"required name=search_term_string\"}],\"inLanguage\":\"fr-FR\"},{\"@type\":\"Organization\",\"@id\":\"https:\/\/www.region-fes-meknes.ma\/#organization\",\"name\":\"R\u00e9gion F\u00e8s M\u00e8kn\u00e8s\",\"url\":\"https:\/\/www.region-fes-meknes.ma\/\",\"sameAs\":[\"https:\/\/www.facebook.com\/R\u00e9gion-F\u00e8s-Mekn\u00e8s-1130195096990872\"],\"logo\":{\"@type\":\"ImageObject\",\"inLanguage\":\"fr-FR\",\"@id\":\"https:\/\/www.region-fes-meknes.ma\/#\/schema\/logo\/image\/\",\"url\":\"http:\/\/www.region-fes-meknes.ma\/wp-content\/uploads\/2017\/10\/logo-rfm4.png\",\"contentUrl\":\"http:\/\/www.region-fes-meknes.ma\/wp-content\/uploads\/2017\/10\/logo-rfm4.png\",\"width\":304,\"height\":291,\"caption\":\"R\u00e9gion F\u00e8s M\u00e8kn\u00e8s\"},\"image\":{\"@id\":\"https:\/\/www.region-fes-meknes.ma\/#\/schema\/logo\/image\/\"}}]}<\/script>\n<!-- \/ Yoast SEO plugin. -->","yoast_head_json":{"title":"Coop\u00e9ration internationale - R\u00e9gion F\u00e8s Mekn\u00e8s","robots":{"index":"index","follow":"follow","max-snippet":"max-snippet:-1","max-image-preview":"max-image-preview:large","max-video-preview":"max-video-preview:-1"},"canonical":"https:\/\/www.region-fes-meknes.ma\/fr\/le-conseil-regional\/cooperation-internationale\/","og_locale":"fr_FR","og_type":"article","og_title":"Coop\u00e9ration internationale - R\u00e9gion F\u00e8s Mekn\u00e8s","og_description":"Conventions d&rsquo;accord, de partenariat et de coop\u00e9ration sign\u00e9es entre le conseil r\u00e9gional de F\u00e8s-Mekn\u00e8s et des institutions internationales.","og_url":"https:\/\/www.region-fes-meknes.ma\/fr\/le-conseil-regional\/cooperation-internationale\/","og_site_name":"R\u00e9gion F\u00e8s Mekn\u00e8s","article_publisher":"https:\/\/www.facebook.com\/R%c3%a9gion-F%c3%a8s-Mekn%c3%a8s-1130195096990872","article_modified_time":"2018-04-03T10:41:40+00:00","og_image":[{"width":482,"height":257,"url":"https:\/\/www.region-fes-meknes.ma\/wp-content\/uploads\/2017\/09\/coop_internationale.png","type":"image\/png"}],"twitter_card":"summary_large_image","schema":{"@context":"https:\/\/schema.org","@graph":[{"@type":"WebPage","@id":"https:\/\/www.region-fes-meknes.ma\/fr\/le-conseil-regional\/cooperation-internationale\/","url":"https:\/\/www.region-fes-meknes.ma\/fr\/le-conseil-regional\/cooperation-internationale\/","name":"Coop\u00e9ration internationale - R\u00e9gion F\u00e8s Mekn\u00e8s","isPartOf":{"@id":"https:\/\/www.region-fes-meknes.ma\/#website"},"datePublished":"2017-09-23T17:32:51+00:00","dateModified":"2018-04-03T10:41:40+00:00","breadcrumb":{"@id":"https:\/\/www.region-fes-meknes.ma\/fr\/le-conseil-regional\/cooperation-internationale\/#breadcrumb"},"inLanguage":"fr-FR","potentialAction":[{"@type":"ReadAction","target":["https:\/\/www.region-fes-meknes.ma\/fr\/le-conseil-regional\/cooperation-internationale\/"]}]},{"@type":"BreadcrumbList","@id":"https:\/\/www.region-fes-meknes.ma\/fr\/le-conseil-regional\/cooperation-internationale\/#breadcrumb","itemListElement":[{"@type":"ListItem","position":1,"name":"Accueil","item":"https:\/\/www.region-fes-meknes.ma\/fr\/"},{"@type":"ListItem","position":2,"name":"Le Conseil R\u00e9gional","item":"https:\/\/www.region-fes-meknes.ma\/fr\/le-conseil-regional\/"},{"@type":"ListItem","position":3,"name":"Coop\u00e9ration internationale"}]},{"@type":"WebSite","@id":"https:\/\/www.region-fes-meknes.ma\/#website","url":"https:\/\/www.region-fes-meknes.ma\/","name":"Portail de la R\u00e9gion F\u00e8s-Mekn\u00e8s","description":"Site officiel de la r\u00e9gion F\u00e8s-Mekn\u00e8s.","publisher":{"@id":"https:\/\/www.region-fes-meknes.ma\/#organization"},"potentialAction":[{"@type":"SearchAction","target":{"@type":"EntryPoint","urlTemplate":"https:\/\/www.region-fes-meknes.ma\/?s={search_term_string}"},"query-input":"required name=search_term_string"}],"inLanguage":"fr-FR"},{"@type":"Organization","@id":"https:\/\/www.region-fes-meknes.ma\/#organization","name":"R\u00e9gion F\u00e8s M\u00e8kn\u00e8s","url":"https:\/\/www.region-fes-meknes.ma\/","sameAs":["https:\/\/www.facebook.com\/R\u00e9gion-F\u00e8s-Mekn\u00e8s-1130195096990872"],"logo":{"@type":"ImageObject","inLanguage":"fr-FR","@id":"https:\/\/www.region-fes-meknes.ma\/#\/schema\/logo\/image\/","url":"http:\/\/www.region-fes-meknes.ma\/wp-content\/uploads\/2017\/10\/logo-rfm4.png","contentUrl":"http:\/\/www.region-fes-meknes.ma\/wp-content\/uploads\/2017\/10\/logo-rfm4.png","width":304,"height":291,"caption":"R\u00e9gion F\u00e8s M\u00e8kn\u00e8s"},"image":{"@id":"https:\/\/www.region-fes-meknes.ma\/#\/schema\/logo\/image\/"}}]}},"_links":{"self":[{"href":"https:\/\/www.region-fes-meknes.ma\/fr\/wp-json\/wp\/v2\/pages\/1352"}],"collection":[{"href":"https:\/\/www.region-fes-meknes.ma\/fr\/wp-json\/wp\/v2\/pages"}],"about":[{"href":"https:\/\/www.region-fes-meknes.ma\/fr\/wp-json\/wp\/v2\/types\/page"}],"author":[{"embeddable":true,"href":"https:\/\/www.region-fes-meknes.ma\/fr\/wp-json\/wp\/v2\/users\/1"}],"replies":[{"embeddable":true,"href":"https:\/\/www.region-fes-meknes.ma\/fr\/wp-json\/wp\/v2\/comments?post=1352"}],"version-history":[{"count":5,"href":"https:\/\/www.region-fes-meknes.ma\/fr\/wp-json\/wp\/v2\/pages\/1352\/revisions"}],"predecessor-version":[{"id":4729,"href":"https:\/\/www.region-fes-meknes.ma\/fr\/wp-json\/wp\/v2\/pages\/1352\/revisions\/4729"}],"up":[{"embeddable":true,"href":"https:\/\/www.region-fes-meknes.ma\/fr\/wp-json\/wp\/v2\/pages\/1301"}],"wp:featuredmedia":[{"embeddable":true,"href":"https:\/\/www.region-fes-meknes.ma\/fr\/wp-json\/wp\/v2\/media\/2488"}],"wp:attachment":[{"href":"https:\/\/www.region-fes-meknes.ma\/fr\/wp-json\/wp\/v2\/media?parent=1352"}],"curies":[{"name":"wp","href":"https:\/\/api.w.org\/{rel}","templated":true}]}}