{"id":1443,"date":"2017-10-04T12:51:49","date_gmt":"2017-10-04T10:51:49","guid":{"rendered":"http:\/\/www.region-fes-meknes.ma\/?page_id=1443"},"modified":"2018-04-02T03:35:22","modified_gmt":"2018-04-02T01:35:22","slug":"bureau","status":"publish","type":"page","link":"https:\/\/www.region-fes-meknes.ma\/fr\/le-conseil-regional\/composition\/bureau\/","title":{"rendered":"Bureau"},"content":{"rendered":"<p>Le Bureau du Conseil R\u00e9gional F\u00e8s &#8211; Mekn\u00e8s se compose d&rsquo;un Pr\u00e9sident et neuf Vices-Pr\u00e9sident.<\/p>\n<p>Conform\u00e9ment \u00e0 l&rsquo;article 44 du r\u00e8glement int\u00e9rieur du Conseil, \u00ab\u00a0le bureau se r\u00e9unit obligatoirement au moins une fois par mois sur convocation du Pr\u00e9sident.\u00a0\u00bb<\/p>\n<p>La r\u00e9union du Bureau est consid\u00e9r\u00e9e comme valable en pr\u00e9sence de plus de la moiti\u00e9 de ses membres, sinon elle sera report\u00e9e au lendemain et dans ce cas elle sera valid\u00e9e quel que soit le nombre des membres pr\u00e9sents.<\/p>\n<p>Le bureau se r\u00e9unit pour \u00e9tudier les diff\u00e9rentes questions relatives \u00e0 la gestion du conseil de la R\u00e9gion.<\/p>\n<p>Les principales pr\u00e9rogatives du bureau :<\/p>\n<ul>\n<li>Pr\u00e9parer l&rsquo;ordre du jour de la session<\/li>\n<li>Suivre tous les dossiers, projets, conventions et programmes<\/li>\n<li>Suivre les travaux des commissions et \u00e9tudier leurs rapports<\/li>\n<li>Assister le Pr\u00e9sident dans la mise en \u0153uvre des d\u00e9cisions du Conseil<\/li>\n<\/ul>\n<h3>Liste des r\u00e9unions<\/h3>\n<div class=\"filter-wrap\"><form action=\"https:\/\/www.region-fes-meknes.ma\/fr\/wp-json\/wp\/v2\" method=\"GET\" id=\"recherche-reunion\"><div class=\"table\"><div class=\"row\"><div class=\"cell col-4\"><select name=\"annee\" id=\"select-annee\" class=\"form-control form-select\"><option value=\"\"  >Filtrer par Ann\u00e9e ...<\/option>\\n<option value=\"2022\" selected = \"selected\">2022<\/option><option value=\"2021\" >2021<\/option><option value=\"2020\" >2020<\/option><option value=\"2019\" >2019<\/option><option value=\"2018\" >2018<\/option><option value=\"2017\" >2017<\/option><\/select><\/div><\/div><\/div><\/form><\/div><div class=\"page-category\"><p>Aucune entr\u00e9e \u00e0 afficher<\/p><\/div><!-- .page-category -->\n<div class=\"result-wrap\" id=\"result-wrap\"><h3>Liste des membres<\/h3><div class=\"result-annuaire-wrap clearfix\"><div class=\"result-membre filtre\"><h4 class=\"membre-nom\">ABDELOUAHED EL ANSARI<\/h4><div class=\"membre-info-wrapper\"><div class=\"membre-avatar\"><img width=\"78\" height=\"100\" src=\"https:\/\/www.region-fes-meknes.ma\/wp-content\/uploads\/2021\/11\/el-ansari-abdelouahed-78x100.jpg\" class=\"attachment-tc-user-small size-tc-user-small\" alt=\"el ansari abdelouahed\" loading=\"lazy\" srcset=\"https:\/\/www.region-fes-meknes.ma\/wp-content\/uploads\/2021\/11\/el-ansari-abdelouahed-78x100.jpg 78w, https:\/\/www.region-fes-meknes.ma\/wp-content\/uploads\/2021\/11\/el-ansari-abdelouahed-233x300.jpg 233w, https:\/\/www.region-fes-meknes.ma\/wp-content\/uploads\/2021\/11\/el-ansari-abdelouahed.jpg 413w\" sizes=\"(max-width: 78px) 100vw, 78px\" \/><\/div><!-- .membre-avatar --><div class=\"membre-info-parti\"><img class=\"membre-pp-icon\" src=\"https:\/\/www.region-fes-meknes.ma\/wp-content\/plugins\/tc-annuaire-membre\/images\/parti_politique\/PI.jpg\" \/>PI<\/div><!-- .membre-info-parti --><div class=\"membre-info\"><div class=\"membre-meta-b\">Pr\u00e9sident du Conseil<\/div><\/div><!-- .membre-info --><\/div><!-- .membre-info-wrapper --><div class=\"membre-meta-c\">Pr\u00e9sident du Conseil<\/div><\/div><!-- .result-membre --><div class=\"result-membre filtre\"><h4 class=\"membre-nom\">ER-RAFIK YOUNESS<\/h4><div class=\"membre-info-wrapper\"><div class=\"membre-avatar\"><img width=\"78\" height=\"100\" src=\"https:\/\/www.region-fes-meknes.ma\/wp-content\/uploads\/2021\/11\/er-rafik-youness-78x100.jpg\" class=\"attachment-tc-user-small size-tc-user-small\" alt=\"er rafik youness\" loading=\"lazy\" srcset=\"https:\/\/www.region-fes-meknes.ma\/wp-content\/uploads\/2021\/11\/er-rafik-youness-78x100.jpg 78w, https:\/\/www.region-fes-meknes.ma\/wp-content\/uploads\/2021\/11\/er-rafik-youness-233x300.jpg 233w, https:\/\/www.region-fes-meknes.ma\/wp-content\/uploads\/2021\/11\/er-rafik-youness.jpg 413w\" sizes=\"(max-width: 78px) 100vw, 78px\" \/><\/div><!-- .membre-avatar --><div class=\"membre-info-parti\"><img class=\"membre-pp-icon\" src=\"https:\/\/www.region-fes-meknes.ma\/wp-content\/plugins\/tc-annuaire-membre\/images\/parti_politique\/RNI.jpg\" \/>RNI<\/div><!-- .membre-info-parti --><div class=\"membre-info\"><div class=\"membre-meta-b\">1er Vice-Pr\u00e9sident<\/div><\/div><!-- .membre-info --><\/div><!-- .membre-info-wrapper --><div class=\"membre-meta-c\">1er Vice-Pr\u00e9sident<\/div><\/div><!-- .result-membre --><div class=\"result-membre filtre\"><h4 class=\"membre-nom\">ABOUSALIM ABDELHAQ<\/h4><div class=\"membre-info-wrapper\"><div class=\"membre-avatar\"><img width=\"78\" height=\"100\" src=\"https:\/\/www.region-fes-meknes.ma\/wp-content\/uploads\/2021\/11\/abousalim-abdelhaq-78x100.jpg\" class=\"attachment-tc-user-small size-tc-user-small\" alt=\"abousalim abdelhaq\" loading=\"lazy\" srcset=\"https:\/\/www.region-fes-meknes.ma\/wp-content\/uploads\/2021\/11\/abousalim-abdelhaq-78x100.jpg 78w, https:\/\/www.region-fes-meknes.ma\/wp-content\/uploads\/2021\/11\/abousalim-abdelhaq-233x300.jpg 233w, https:\/\/www.region-fes-meknes.ma\/wp-content\/uploads\/2021\/11\/abousalim-abdelhaq.jpg 413w\" sizes=\"(max-width: 78px) 100vw, 78px\" \/><\/div><!-- .membre-avatar --><div class=\"membre-info-parti\"><img class=\"membre-pp-icon\" src=\"https:\/\/www.region-fes-meknes.ma\/wp-content\/plugins\/tc-annuaire-membre\/images\/parti_politique\/PAM.jpg\" \/>PAM<\/div><!-- .membre-info-parti --><div class=\"membre-info\"><div class=\"membre-meta-b\">2\u00e8me Vice-Pr\u00e9sident<\/div><\/div><!-- .membre-info --><\/div><!-- .membre-info-wrapper --><div class=\"membre-meta-c\">2\u00e8me Vice-Pr\u00e9sident<\/div><\/div><!-- .result-membre --><div class=\"result-membre filtre\"><h4 class=\"membre-nom\">EZZOUMI HALIMA<\/h4><div class=\"membre-info-wrapper\"><div class=\"membre-avatar\"><img width=\"78\" height=\"100\" src=\"https:\/\/www.region-fes-meknes.ma\/wp-content\/uploads\/2021\/11\/ezzoumi-halima-78x100.jpg\" class=\"attachment-tc-user-small size-tc-user-small\" alt=\"ezzoumi halima\" loading=\"lazy\" srcset=\"https:\/\/www.region-fes-meknes.ma\/wp-content\/uploads\/2021\/11\/ezzoumi-halima-78x100.jpg 78w, https:\/\/www.region-fes-meknes.ma\/wp-content\/uploads\/2021\/11\/ezzoumi-halima-233x300.jpg 233w, https:\/\/www.region-fes-meknes.ma\/wp-content\/uploads\/2021\/11\/ezzoumi-halima.jpg 413w\" sizes=\"(max-width: 78px) 100vw, 78px\" \/><\/div><!-- .membre-avatar --><div class=\"membre-info-parti\"><img class=\"membre-pp-icon\" src=\"https:\/\/www.region-fes-meknes.ma\/wp-content\/plugins\/tc-annuaire-membre\/images\/parti_politique\/PI.jpg\" \/>PI<\/div><!-- .membre-info-parti --><div class=\"membre-info\"><div class=\"membre-meta-b\">3\u00e8me Vice-Pr\u00e9sident<\/div><\/div><!-- .membre-info --><\/div><!-- .membre-info-wrapper --><div class=\"membre-meta-c\">3\u00e8me Vice-Pr\u00e9sident<\/div><\/div><!-- .result-membre --><div class=\"result-membre filtre\"><h4 class=\"membre-nom\">HADHOUM YOUSSEF<\/h4><div class=\"membre-info-wrapper\"><div class=\"membre-avatar\"><img width=\"78\" height=\"100\" src=\"https:\/\/www.region-fes-meknes.ma\/wp-content\/uploads\/2021\/11\/hadhoum-youssef-78x100.jpg\" class=\"attachment-tc-user-small size-tc-user-small\" alt=\"hadhoum youssef\" loading=\"lazy\" srcset=\"https:\/\/www.region-fes-meknes.ma\/wp-content\/uploads\/2021\/11\/hadhoum-youssef-78x100.jpg 78w, https:\/\/www.region-fes-meknes.ma\/wp-content\/uploads\/2021\/11\/hadhoum-youssef-233x300.jpg 233w, https:\/\/www.region-fes-meknes.ma\/wp-content\/uploads\/2021\/11\/hadhoum-youssef.jpg 413w\" sizes=\"(max-width: 78px) 100vw, 78px\" \/><\/div><!-- .membre-avatar --><div class=\"membre-info-parti\"><img class=\"membre-pp-icon\" src=\"https:\/\/www.region-fes-meknes.ma\/wp-content\/plugins\/tc-annuaire-membre\/images\/parti_politique\/PI.jpg\" \/>PI<\/div><!-- .membre-info-parti --><div class=\"membre-info\"><div class=\"membre-meta-b\">4\u00e8me Vice-Pr\u00e9sident<\/div><\/div><!-- .membre-info --><\/div><!-- .membre-info-wrapper --><div class=\"membre-meta-c\">4\u00e8me Vice-Pr\u00e9sident<\/div><\/div><!-- .result-membre --><div class=\"result-membre filtre\"><h4 class=\"membre-nom\">BEL-KASSAOUI HAKIMA<\/h4><div class=\"membre-info-wrapper\"><div class=\"membre-avatar\"><img width=\"78\" height=\"100\" src=\"https:\/\/www.region-fes-meknes.ma\/wp-content\/uploads\/2021\/11\/bel-kassaoui-hakima-78x100.jpg\" class=\"attachment-tc-user-small size-tc-user-small\" alt=\"bel kassaoui hakima\" loading=\"lazy\" srcset=\"https:\/\/www.region-fes-meknes.ma\/wp-content\/uploads\/2021\/11\/bel-kassaoui-hakima-78x100.jpg 78w, https:\/\/www.region-fes-meknes.ma\/wp-content\/uploads\/2021\/11\/bel-kassaoui-hakima-233x300.jpg 233w, https:\/\/www.region-fes-meknes.ma\/wp-content\/uploads\/2021\/11\/bel-kassaoui-hakima.jpg 413w\" sizes=\"(max-width: 78px) 100vw, 78px\" \/><\/div><!-- .membre-avatar --><div class=\"membre-info-parti\"><img class=\"membre-pp-icon\" src=\"https:\/\/www.region-fes-meknes.ma\/wp-content\/plugins\/tc-annuaire-membre\/images\/parti_politique\/RNI.jpg\" \/>RNI<\/div><!-- .membre-info-parti --><div class=\"membre-info\"><div class=\"membre-meta-b\">5\u00e8me Vice-Pr\u00e9sident<\/div><\/div><!-- .membre-info --><\/div><!-- .membre-info-wrapper --><div class=\"membre-meta-c\">5\u00e8me Vice-Pr\u00e9sident<\/div><\/div><!-- .result-membre --><div class=\"result-membre filtre\"><h4 class=\"membre-nom\">HAJJOUBI KHADIJA<\/h4><div class=\"membre-info-wrapper\"><div class=\"membre-avatar\"><img width=\"78\" height=\"100\" src=\"https:\/\/www.region-fes-meknes.ma\/wp-content\/uploads\/2021\/11\/hajjoubi-khadija-78x100.jpg\" class=\"attachment-tc-user-small size-tc-user-small\" alt=\"hajjoubi khadija\" loading=\"lazy\" srcset=\"https:\/\/www.region-fes-meknes.ma\/wp-content\/uploads\/2021\/11\/hajjoubi-khadija-78x100.jpg 78w, https:\/\/www.region-fes-meknes.ma\/wp-content\/uploads\/2021\/11\/hajjoubi-khadija-233x300.jpg 233w, https:\/\/www.region-fes-meknes.ma\/wp-content\/uploads\/2021\/11\/hajjoubi-khadija.jpg 413w\" sizes=\"(max-width: 78px) 100vw, 78px\" \/><\/div><!-- .membre-avatar --><div class=\"membre-info-parti\"><img class=\"membre-pp-icon\" src=\"https:\/\/www.region-fes-meknes.ma\/wp-content\/plugins\/tc-annuaire-membre\/images\/parti_politique\/PAM.jpg\" \/>PAM<\/div><!-- .membre-info-parti --><div class=\"membre-info\"><div class=\"membre-meta-b\">6\u00e8me Vice-Pr\u00e9sident<\/div><\/div><!-- .membre-info --><\/div><!-- .membre-info-wrapper --><div class=\"membre-meta-c\">6\u00e8me Vice-Pr\u00e9sident<\/div><\/div><!-- .result-membre --><div class=\"result-membre filtre\"><h4 class=\"membre-nom\">GNAOUI JAOUAD<\/h4><div class=\"membre-info-wrapper\"><div class=\"membre-avatar\"><img width=\"78\" height=\"100\" src=\"https:\/\/www.region-fes-meknes.ma\/wp-content\/uploads\/2021\/11\/gnaoui-jaouad-78x100.jpg\" class=\"attachment-tc-user-small size-tc-user-small\" alt=\"gnaoui jaouad\" loading=\"lazy\" srcset=\"https:\/\/www.region-fes-meknes.ma\/wp-content\/uploads\/2021\/11\/gnaoui-jaouad-78x100.jpg 78w, https:\/\/www.region-fes-meknes.ma\/wp-content\/uploads\/2021\/11\/gnaoui-jaouad-233x300.jpg 233w, https:\/\/www.region-fes-meknes.ma\/wp-content\/uploads\/2021\/11\/gnaoui-jaouad.jpg 413w\" sizes=\"(max-width: 78px) 100vw, 78px\" \/><\/div><!-- .membre-avatar --><div class=\"membre-info-parti\"><img class=\"membre-pp-icon\" src=\"https:\/\/www.region-fes-meknes.ma\/wp-content\/plugins\/tc-annuaire-membre\/images\/parti_politique\/RNI.jpg\" \/>RNI<\/div><!-- .membre-info-parti --><div class=\"membre-info\"><div class=\"membre-meta-b\">7\u00e8me Vice-Pr\u00e9sident<\/div><\/div><!-- .membre-info --><\/div><!-- .membre-info-wrapper --><div class=\"membre-meta-c\">7\u00e8me Vice-Pr\u00e9sident<\/div><\/div><!-- .result-membre --><div class=\"result-membre filtre\"><h4 class=\"membre-nom\">SLASSI FATIMA ZAHRAE<\/h4><div class=\"membre-info-wrapper\"><div class=\"membre-avatar\"><img width=\"78\" height=\"100\" src=\"https:\/\/www.region-fes-meknes.ma\/wp-content\/uploads\/2021\/11\/slassi-fatima-zahrae-78x100.jpg\" class=\"attachment-tc-user-small size-tc-user-small\" alt=\"slassi fatima zahrae\" loading=\"lazy\" srcset=\"https:\/\/www.region-fes-meknes.ma\/wp-content\/uploads\/2021\/11\/slassi-fatima-zahrae-78x100.jpg 78w, https:\/\/www.region-fes-meknes.ma\/wp-content\/uploads\/2021\/11\/slassi-fatima-zahrae-233x300.jpg 233w, https:\/\/www.region-fes-meknes.ma\/wp-content\/uploads\/2021\/11\/slassi-fatima-zahrae.jpg 413w\" sizes=\"(max-width: 78px) 100vw, 78px\" \/><\/div><!-- .membre-avatar --><div class=\"membre-info-parti\"><img class=\"membre-pp-icon\" src=\"https:\/\/www.region-fes-meknes.ma\/wp-content\/plugins\/tc-annuaire-membre\/images\/parti_politique\/RNI.jpg\" \/>RNI<\/div><!-- .membre-info-parti --><div class=\"membre-info\"><div class=\"membre-meta-b\">8\u00e8me Vice-Pr\u00e9sident<\/div><\/div><!-- .membre-info --><\/div><!-- .membre-info-wrapper --><div class=\"membre-meta-c\">8\u00e8me Vice-Pr\u00e9sident<\/div><\/div><!-- .result-membre --><div class=\"result-membre filtre\"><h4 class=\"membre-nom\">DREYA KHADIJA<\/h4><div class=\"membre-info-wrapper\"><div class=\"membre-avatar\"><img width=\"78\" height=\"100\" src=\"https:\/\/www.region-fes-meknes.ma\/wp-content\/uploads\/2021\/11\/dreya-khadija-78x100.jpg\" class=\"attachment-tc-user-small size-tc-user-small\" alt=\"dreya khadija\" loading=\"lazy\" srcset=\"https:\/\/www.region-fes-meknes.ma\/wp-content\/uploads\/2021\/11\/dreya-khadija-78x100.jpg 78w, https:\/\/www.region-fes-meknes.ma\/wp-content\/uploads\/2021\/11\/dreya-khadija-233x300.jpg 233w, https:\/\/www.region-fes-meknes.ma\/wp-content\/uploads\/2021\/11\/dreya-khadija.jpg 413w\" sizes=\"(max-width: 78px) 100vw, 78px\" \/><\/div><!-- .membre-avatar --><div class=\"membre-info-parti\"><img class=\"membre-pp-icon\" src=\"https:\/\/www.region-fes-meknes.ma\/wp-content\/plugins\/tc-annuaire-membre\/images\/parti_politique\/PAM.jpg\" \/>PAM<\/div><!-- .membre-info-parti --><div class=\"membre-info\"><div class=\"membre-meta-b\">9\u00e8me Vice-Pr\u00e9sident<\/div><\/div><!-- .membre-info --><\/div><!-- .membre-info-wrapper --><div class=\"membre-meta-c\">9\u00e8me Vice-Pr\u00e9sident<\/div><\/div><!-- .result-membre --><\/div><!-- .result-annuaire-wrap --><\/div><!-- .result-wrap --><br style=\"clear: both;\" \/>\n","protected":false},"excerpt":{"rendered":"<p>Le Bureau du Conseil R\u00e9gional F\u00e8s &#8211; Mekn\u00e8s se compose d&rsquo;un Pr\u00e9sident et neuf Vices-Pr\u00e9sident. Conform\u00e9ment \u00e0 l&rsquo;article 44 du r\u00e8glement int\u00e9rieur du Conseil, \u00ab\u00a0le bureau se r\u00e9unit obligatoirement au &#8230;<\/p>\n","protected":false},"author":1,"featured_media":1664,"parent":1305,"menu_order":2,"comment_status":"closed","ping_status":"closed","template":"","meta":{"_bbp_topic_count":0,"_bbp_reply_count":0,"_bbp_total_topic_count":0,"_bbp_total_reply_count":0,"_bbp_voice_count":0,"_bbp_anonymous_reply_count":0,"_bbp_topic_count_hidden":0,"_bbp_reply_count_hidden":0,"_bbp_forum_subforum_count":0},"acf":[],"yoast_head":"<!-- This site is optimized with the Yoast SEO plugin v19.5.1 - https:\/\/yoast.com\/wordpress\/plugins\/seo\/ -->\n<title>Bureau - R\u00e9gion F\u00e8s Mekn\u00e8s<\/title>\n<meta name=\"robots\" content=\"index, follow, max-snippet:-1, max-image-preview:large, max-video-preview:-1\" \/>\n<link rel=\"canonical\" href=\"https:\/\/www.region-fes-meknes.ma\/fr\/le-conseil-regional\/composition\/bureau\/\" \/>\n<meta property=\"og:locale\" content=\"fr_FR\" \/>\n<meta property=\"og:type\" content=\"article\" \/>\n<meta property=\"og:title\" content=\"Bureau - R\u00e9gion F\u00e8s Mekn\u00e8s\" \/>\n<meta property=\"og:description\" content=\"Le Bureau du Conseil R\u00e9gional F\u00e8s &#8211; Mekn\u00e8s se compose d&rsquo;un Pr\u00e9sident et neuf Vices-Pr\u00e9sident. Conform\u00e9ment \u00e0 l&rsquo;article 44 du r\u00e8glement int\u00e9rieur du Conseil, \u00ab\u00a0le bureau se r\u00e9unit obligatoirement au ...\" \/>\n<meta property=\"og:url\" content=\"https:\/\/www.region-fes-meknes.ma\/fr\/le-conseil-regional\/composition\/bureau\/\" \/>\n<meta property=\"og:site_name\" content=\"R\u00e9gion F\u00e8s Mekn\u00e8s\" \/>\n<meta property=\"article:publisher\" content=\"https:\/\/www.facebook.com\/R%c3%a9gion-F%c3%a8s-Mekn%c3%a8s-1130195096990872\" \/>\n<meta property=\"article:modified_time\" content=\"2018-04-02T01:35:22+00:00\" \/>\n<meta property=\"og:image\" content=\"https:\/\/www.region-fes-meknes.ma\/wp-content\/uploads\/2017\/10\/cr_bureau.jpg\" \/>\n\t<meta property=\"og:image:width\" content=\"318\" \/>\n\t<meta property=\"og:image:height\" content=\"159\" \/>\n\t<meta property=\"og:image:type\" content=\"image\/jpeg\" \/>\n<meta name=\"twitter:card\" content=\"summary_large_image\" \/>\n<meta name=\"twitter:label1\" content=\"Dur\u00e9e de lecture estim\u00e9e\" \/>\n\t<meta name=\"twitter:data1\" content=\"1 minute\" \/>\n<script type=\"application\/ld+json\" class=\"yoast-schema-graph\">{\"@context\":\"https:\/\/schema.org\",\"@graph\":[{\"@type\":\"WebPage\",\"@id\":\"https:\/\/www.region-fes-meknes.ma\/fr\/le-conseil-regional\/composition\/bureau\/\",\"url\":\"https:\/\/www.region-fes-meknes.ma\/fr\/le-conseil-regional\/composition\/bureau\/\",\"name\":\"Bureau - R\u00e9gion F\u00e8s Mekn\u00e8s\",\"isPartOf\":{\"@id\":\"https:\/\/www.region-fes-meknes.ma\/#website\"},\"datePublished\":\"2017-10-04T10:51:49+00:00\",\"dateModified\":\"2018-04-02T01:35:22+00:00\",\"breadcrumb\":{\"@id\":\"https:\/\/www.region-fes-meknes.ma\/fr\/le-conseil-regional\/composition\/bureau\/#breadcrumb\"},\"inLanguage\":\"fr-FR\",\"potentialAction\":[{\"@type\":\"ReadAction\",\"target\":[\"https:\/\/www.region-fes-meknes.ma\/fr\/le-conseil-regional\/composition\/bureau\/\"]}]},{\"@type\":\"BreadcrumbList\",\"@id\":\"https:\/\/www.region-fes-meknes.ma\/fr\/le-conseil-regional\/composition\/bureau\/#breadcrumb\",\"itemListElement\":[{\"@type\":\"ListItem\",\"position\":1,\"name\":\"Accueil\",\"item\":\"https:\/\/www.region-fes-meknes.ma\/fr\/\"},{\"@type\":\"ListItem\",\"position\":2,\"name\":\"Le Conseil R\u00e9gional\",\"item\":\"https:\/\/www.region-fes-meknes.ma\/fr\/le-conseil-regional\/\"},{\"@type\":\"ListItem\",\"position\":3,\"name\":\"Composition\",\"item\":\"https:\/\/www.region-fes-meknes.ma\/fr\/le-conseil-regional\/composition\/\"},{\"@type\":\"ListItem\",\"position\":4,\"name\":\"Bureau\"}]},{\"@type\":\"WebSite\",\"@id\":\"https:\/\/www.region-fes-meknes.ma\/#website\",\"url\":\"https:\/\/www.region-fes-meknes.ma\/\",\"name\":\"Portail de la R\u00e9gion F\u00e8s-Mekn\u00e8s\",\"description\":\"Site officiel de la r\u00e9gion F\u00e8s-Mekn\u00e8s.\",\"publisher\":{\"@id\":\"https:\/\/www.region-fes-meknes.ma\/#organization\"},\"potentialAction\":[{\"@type\":\"SearchAction\",\"target\":{\"@type\":\"EntryPoint\",\"urlTemplate\":\"https:\/\/www.region-fes-meknes.ma\/?s={search_term_string}\"},\"query-input\":\"required name=search_term_string\"}],\"inLanguage\":\"fr-FR\"},{\"@type\":\"Organization\",\"@id\":\"https:\/\/www.region-fes-meknes.ma\/#organization\",\"name\":\"R\u00e9gion F\u00e8s M\u00e8kn\u00e8s\",\"url\":\"https:\/\/www.region-fes-meknes.ma\/\",\"sameAs\":[\"https:\/\/www.facebook.com\/R\u00e9gion-F\u00e8s-Mekn\u00e8s-1130195096990872\"],\"logo\":{\"@type\":\"ImageObject\",\"inLanguage\":\"fr-FR\",\"@id\":\"https:\/\/www.region-fes-meknes.ma\/#\/schema\/logo\/image\/\",\"url\":\"http:\/\/www.region-fes-meknes.ma\/wp-content\/uploads\/2017\/10\/logo-rfm4.png\",\"contentUrl\":\"http:\/\/www.region-fes-meknes.ma\/wp-content\/uploads\/2017\/10\/logo-rfm4.png\",\"width\":304,\"height\":291,\"caption\":\"R\u00e9gion F\u00e8s M\u00e8kn\u00e8s\"},\"image\":{\"@id\":\"https:\/\/www.region-fes-meknes.ma\/#\/schema\/logo\/image\/\"}}]}<\/script>\n<!-- \/ Yoast SEO plugin. -->","yoast_head_json":{"title":"Bureau - R\u00e9gion F\u00e8s Mekn\u00e8s","robots":{"index":"index","follow":"follow","max-snippet":"max-snippet:-1","max-image-preview":"max-image-preview:large","max-video-preview":"max-video-preview:-1"},"canonical":"https:\/\/www.region-fes-meknes.ma\/fr\/le-conseil-regional\/composition\/bureau\/","og_locale":"fr_FR","og_type":"article","og_title":"Bureau - R\u00e9gion F\u00e8s Mekn\u00e8s","og_description":"Le Bureau du Conseil R\u00e9gional F\u00e8s &#8211; Mekn\u00e8s se compose d&rsquo;un Pr\u00e9sident et neuf Vices-Pr\u00e9sident. Conform\u00e9ment \u00e0 l&rsquo;article 44 du r\u00e8glement int\u00e9rieur du Conseil, \u00ab\u00a0le bureau se r\u00e9unit obligatoirement au ...","og_url":"https:\/\/www.region-fes-meknes.ma\/fr\/le-conseil-regional\/composition\/bureau\/","og_site_name":"R\u00e9gion F\u00e8s Mekn\u00e8s","article_publisher":"https:\/\/www.facebook.com\/R%c3%a9gion-F%c3%a8s-Mekn%c3%a8s-1130195096990872","article_modified_time":"2018-04-02T01:35:22+00:00","og_image":[{"width":318,"height":159,"url":"https:\/\/www.region-fes-meknes.ma\/wp-content\/uploads\/2017\/10\/cr_bureau.jpg","type":"image\/jpeg"}],"twitter_card":"summary_large_image","twitter_misc":{"Dur\u00e9e de lecture estim\u00e9e":"1 minute"},"schema":{"@context":"https:\/\/schema.org","@graph":[{"@type":"WebPage","@id":"https:\/\/www.region-fes-meknes.ma\/fr\/le-conseil-regional\/composition\/bureau\/","url":"https:\/\/www.region-fes-meknes.ma\/fr\/le-conseil-regional\/composition\/bureau\/","name":"Bureau - R\u00e9gion F\u00e8s Mekn\u00e8s","isPartOf":{"@id":"https:\/\/www.region-fes-meknes.ma\/#website"},"datePublished":"2017-10-04T10:51:49+00:00","dateModified":"2018-04-02T01:35:22+00:00","breadcrumb":{"@id":"https:\/\/www.region-fes-meknes.ma\/fr\/le-conseil-regional\/composition\/bureau\/#breadcrumb"},"inLanguage":"fr-FR","potentialAction":[{"@type":"ReadAction","target":["https:\/\/www.region-fes-meknes.ma\/fr\/le-conseil-regional\/composition\/bureau\/"]}]},{"@type":"BreadcrumbList","@id":"https:\/\/www.region-fes-meknes.ma\/fr\/le-conseil-regional\/composition\/bureau\/#breadcrumb","itemListElement":[{"@type":"ListItem","position":1,"name":"Accueil","item":"https:\/\/www.region-fes-meknes.ma\/fr\/"},{"@type":"ListItem","position":2,"name":"Le Conseil R\u00e9gional","item":"https:\/\/www.region-fes-meknes.ma\/fr\/le-conseil-regional\/"},{"@type":"ListItem","position":3,"name":"Composition","item":"https:\/\/www.region-fes-meknes.ma\/fr\/le-conseil-regional\/composition\/"},{"@type":"ListItem","position":4,"name":"Bureau"}]},{"@type":"WebSite","@id":"https:\/\/www.region-fes-meknes.ma\/#website","url":"https:\/\/www.region-fes-meknes.ma\/","name":"Portail de la R\u00e9gion F\u00e8s-Mekn\u00e8s","description":"Site officiel de la r\u00e9gion F\u00e8s-Mekn\u00e8s.","publisher":{"@id":"https:\/\/www.region-fes-meknes.ma\/#organization"},"potentialAction":[{"@type":"SearchAction","target":{"@type":"EntryPoint","urlTemplate":"https:\/\/www.region-fes-meknes.ma\/?s={search_term_string}"},"query-input":"required name=search_term_string"}],"inLanguage":"fr-FR"},{"@type":"Organization","@id":"https:\/\/www.region-fes-meknes.ma\/#organization","name":"R\u00e9gion F\u00e8s M\u00e8kn\u00e8s","url":"https:\/\/www.region-fes-meknes.ma\/","sameAs":["https:\/\/www.facebook.com\/R\u00e9gion-F\u00e8s-Mekn\u00e8s-1130195096990872"],"logo":{"@type":"ImageObject","inLanguage":"fr-FR","@id":"https:\/\/www.region-fes-meknes.ma\/#\/schema\/logo\/image\/","url":"http:\/\/www.region-fes-meknes.ma\/wp-content\/uploads\/2017\/10\/logo-rfm4.png","contentUrl":"http:\/\/www.region-fes-meknes.ma\/wp-content\/uploads\/2017\/10\/logo-rfm4.png","width":304,"height":291,"caption":"R\u00e9gion F\u00e8s M\u00e8kn\u00e8s"},"image":{"@id":"https:\/\/www.region-fes-meknes.ma\/#\/schema\/logo\/image\/"}}]}},"_links":{"self":[{"href":"https:\/\/www.region-fes-meknes.ma\/fr\/wp-json\/wp\/v2\/pages\/1443"}],"collection":[{"href":"https:\/\/www.region-fes-meknes.ma\/fr\/wp-json\/wp\/v2\/pages"}],"about":[{"href":"https:\/\/www.region-fes-meknes.ma\/fr\/wp-json\/wp\/v2\/types\/page"}],"author":[{"embeddable":true,"href":"https:\/\/www.region-fes-meknes.ma\/fr\/wp-json\/wp\/v2\/users\/1"}],"replies":[{"embeddable":true,"href":"https:\/\/www.region-fes-meknes.ma\/fr\/wp-json\/wp\/v2\/comments?post=1443"}],"version-history":[{"count":23,"href":"https:\/\/www.region-fes-meknes.ma\/fr\/wp-json\/wp\/v2\/pages\/1443\/revisions"}],"predecessor-version":[{"id":4676,"href":"https:\/\/www.region-fes-meknes.ma\/fr\/wp-json\/wp\/v2\/pages\/1443\/revisions\/4676"}],"up":[{"embeddable":true,"href":"https:\/\/www.region-fes-meknes.ma\/fr\/wp-json\/wp\/v2\/pages\/1305"}],"wp:featuredmedia":[{"embeddable":true,"href":"https:\/\/www.region-fes-meknes.ma\/fr\/wp-json\/wp\/v2\/media\/1664"}],"wp:attachment":[{"href":"https:\/\/www.region-fes-meknes.ma\/fr\/wp-json\/wp\/v2\/media?parent=1443"}],"curies":[{"name":"wp","href":"https:\/\/api.w.org\/{rel}","templated":true}]}}