{"id":1468,"date":"2017-10-04T13:07:44","date_gmt":"2017-10-04T11:07:44","guid":{"rendered":"http:\/\/www.region-fes-meknes.ma\/?page_id=1468"},"modified":"2017-11-26T15:37:43","modified_gmt":"2017-11-26T14:37:43","slug":"reunions-des-commissions-permanentes","status":"publish","type":"page","link":"https:\/\/www.region-fes-meknes.ma\/fr\/le-conseil-regional\/agenda\/reunions-des-commissions-permanentes\/","title":{"rendered":"R\u00e9unions des Commissions Permanentes"},"content":{"rendered":"<div class=\"filter-wrap\"><form action=\"https:\/\/www.region-fes-meknes.ma\/fr\/wp-json\/wp\/v2\" method=\"GET\" id=\"recherche-reunion\"><div class=\"table\"><div class=\"row\"><div class=\"cell col-4\"><select name=\"annee\" id=\"select-annee\" class=\"form-control form-select\"><option value=\"\"  >Filtrer par Ann\u00e9e ...<\/option>\\n<option value=\"2022\" selected = \"selected\">2022<\/option><option value=\"2021\" >2021<\/option><option value=\"2020\" >2020<\/option><option value=\"2019\" >2019<\/option><option value=\"2018\" >2018<\/option><option value=\"2017\" >2017<\/option><\/select><\/div><div class=\"cell col-4\"><select name=\"reunion_soustype\" id=\"select-reunion_soustype\" class=\"form-control form-select\"><option value=\"\" selected = \"selected\" >Filtrer par Commission ...<\/option><option value=\"cadr\" >Commission de l\u2019agriculture et du d\u00e9veloppement rural<\/option><option value=\"cat\" >Commission de l\u2019am\u00e9nagement du territoire<\/option><option value=\"cfjs\" >Commission de la femme, de la jeunesse et du sport<\/option><option value=\"cfe\" >Commission de la formation et de l\u2019emploi<\/option><option value=\"crec\" >Commission des relations ext\u00e9rieures et de la coop\u00e9ration<\/option><option value=\"cbafp\" >Commission du budget, des affaires financi\u00e8res et de la programmation<\/option><option value=\"cdesce\" >Commission du d\u00e9veloppement \u00e9conomique, social, culturel et environnemental<\/option><\/select><\/div><\/div><\/div><\/form><\/div><div class=\"page-category\"><div class=\"table-responsive\"><table class=\"table-striped\"><thead><tr><th>Date<\/th><th>R\u00e9union<\/th><\/tr><\/thead><tbody>\n<tr>\n\t<td>\n\t\t\t\t\t\t\t\t\t\t19\/09\/2022\t\t\t<\/td>\n\t<td>\n\t\t<h4 class=\"entry-title-list\"><a href=\"https:\/\/www.region-fes-meknes.ma\/fr\/reunion\/reunion-de-la-commission-de-la-formation-et-de-la-promotion-de-lemploi\/\" rel=\"bookmark\">R\u00e9union de la Commission de la Formation et de la Promotion de l&rsquo;Emploi<\/a><\/h4>\t<\/td>\n<\/tr>\n\n\n<tr>\n\t<td>\n\t\t\t\t\t\t\t\t\t\t15\/09\/2022\t\t\t<\/td>\n\t<td>\n\t\t<h4 class=\"entry-title-list\"><a href=\"https:\/\/www.region-fes-meknes.ma\/fr\/reunion\/reunion-de-la-commission-des-relations-exterieures-et-de-la-cooperation-4\/\" rel=\"bookmark\">R\u00e9union de la Commission des Relations Ext\u00e9rieures et de la Coop\u00e9ration<\/a><\/h4>\t<\/td>\n<\/tr>\n\n<\/tbody><\/table><!-- table-striped --><\/div><!-- table-responsive --><\/div><!-- .page-category -->\n","protected":false},"excerpt":{"rendered":"","protected":false},"author":1,"featured_media":0,"parent":1462,"menu_order":4,"comment_status":"closed","ping_status":"closed","template":"","meta":{"_bbp_topic_count":0,"_bbp_reply_count":0,"_bbp_total_topic_count":0,"_bbp_total_reply_count":0,"_bbp_voice_count":0,"_bbp_anonymous_reply_count":0,"_bbp_topic_count_hidden":0,"_bbp_reply_count_hidden":0,"_bbp_forum_subforum_count":0},"acf":[],"yoast_head":"<!-- This site is optimized with the Yoast SEO plugin v19.5.1 - https:\/\/yoast.com\/wordpress\/plugins\/seo\/ -->\n<title>R\u00e9unions des Commissions Permanentes - R\u00e9gion F\u00e8s Mekn\u00e8s<\/title>\n<meta name=\"robots\" content=\"index, follow, max-snippet:-1, max-image-preview:large, max-video-preview:-1\" \/>\n<link rel=\"canonical\" href=\"https:\/\/www.region-fes-meknes.ma\/fr\/le-conseil-regional\/agenda\/reunions-des-commissions-permanentes\/\" \/>\n<meta property=\"og:locale\" content=\"fr_FR\" \/>\n<meta property=\"og:type\" content=\"article\" \/>\n<meta property=\"og:title\" content=\"R\u00e9unions des Commissions Permanentes - R\u00e9gion F\u00e8s Mekn\u00e8s\" \/>\n<meta property=\"og:url\" content=\"https:\/\/www.region-fes-meknes.ma\/fr\/le-conseil-regional\/agenda\/reunions-des-commissions-permanentes\/\" \/>\n<meta property=\"og:site_name\" content=\"R\u00e9gion F\u00e8s Mekn\u00e8s\" \/>\n<meta property=\"article:publisher\" content=\"https:\/\/www.facebook.com\/R%c3%a9gion-F%c3%a8s-Mekn%c3%a8s-1130195096990872\" \/>\n<meta property=\"article:modified_time\" content=\"2017-11-26T14:37:43+00:00\" \/>\n<meta name=\"twitter:card\" content=\"summary_large_image\" \/>\n<script type=\"application\/ld+json\" class=\"yoast-schema-graph\">{\"@context\":\"https:\/\/schema.org\",\"@graph\":[{\"@type\":\"WebPage\",\"@id\":\"https:\/\/www.region-fes-meknes.ma\/fr\/le-conseil-regional\/agenda\/reunions-des-commissions-permanentes\/\",\"url\":\"https:\/\/www.region-fes-meknes.ma\/fr\/le-conseil-regional\/agenda\/reunions-des-commissions-permanentes\/\",\"name\":\"R\u00e9unions des Commissions Permanentes - R\u00e9gion F\u00e8s Mekn\u00e8s\",\"isPartOf\":{\"@id\":\"https:\/\/www.region-fes-meknes.ma\/#website\"},\"datePublished\":\"2017-10-04T11:07:44+00:00\",\"dateModified\":\"2017-11-26T14:37:43+00:00\",\"breadcrumb\":{\"@id\":\"https:\/\/www.region-fes-meknes.ma\/fr\/le-conseil-regional\/agenda\/reunions-des-commissions-permanentes\/#breadcrumb\"},\"inLanguage\":\"fr-FR\",\"potentialAction\":[{\"@type\":\"ReadAction\",\"target\":[\"https:\/\/www.region-fes-meknes.ma\/fr\/le-conseil-regional\/agenda\/reunions-des-commissions-permanentes\/\"]}]},{\"@type\":\"BreadcrumbList\",\"@id\":\"https:\/\/www.region-fes-meknes.ma\/fr\/le-conseil-regional\/agenda\/reunions-des-commissions-permanentes\/#breadcrumb\",\"itemListElement\":[{\"@type\":\"ListItem\",\"position\":1,\"name\":\"Accueil\",\"item\":\"https:\/\/www.region-fes-meknes.ma\/fr\/\"},{\"@type\":\"ListItem\",\"position\":2,\"name\":\"Le Conseil R\u00e9gional\",\"item\":\"https:\/\/www.region-fes-meknes.ma\/fr\/le-conseil-regional\/\"},{\"@type\":\"ListItem\",\"position\":3,\"name\":\"Agenda\",\"item\":\"https:\/\/www.region-fes-meknes.ma\/fr\/le-conseil-regional\/agenda\/\"},{\"@type\":\"ListItem\",\"position\":4,\"name\":\"R\u00e9unions des Commissions Permanentes\"}]},{\"@type\":\"WebSite\",\"@id\":\"https:\/\/www.region-fes-meknes.ma\/#website\",\"url\":\"https:\/\/www.region-fes-meknes.ma\/\",\"name\":\"Portail de la R\u00e9gion F\u00e8s-Mekn\u00e8s\",\"description\":\"Site officiel de la r\u00e9gion F\u00e8s-Mekn\u00e8s.\",\"publisher\":{\"@id\":\"https:\/\/www.region-fes-meknes.ma\/#organization\"},\"potentialAction\":[{\"@type\":\"SearchAction\",\"target\":{\"@type\":\"EntryPoint\",\"urlTemplate\":\"https:\/\/www.region-fes-meknes.ma\/?s={search_term_string}\"},\"query-input\":\"required name=search_term_string\"}],\"inLanguage\":\"fr-FR\"},{\"@type\":\"Organization\",\"@id\":\"https:\/\/www.region-fes-meknes.ma\/#organization\",\"name\":\"R\u00e9gion F\u00e8s M\u00e8kn\u00e8s\",\"url\":\"https:\/\/www.region-fes-meknes.ma\/\",\"sameAs\":[\"https:\/\/www.facebook.com\/R\u00e9gion-F\u00e8s-Mekn\u00e8s-1130195096990872\"],\"logo\":{\"@type\":\"ImageObject\",\"inLanguage\":\"fr-FR\",\"@id\":\"https:\/\/www.region-fes-meknes.ma\/#\/schema\/logo\/image\/\",\"url\":\"http:\/\/www.region-fes-meknes.ma\/wp-content\/uploads\/2017\/10\/logo-rfm4.png\",\"contentUrl\":\"http:\/\/www.region-fes-meknes.ma\/wp-content\/uploads\/2017\/10\/logo-rfm4.png\",\"width\":304,\"height\":291,\"caption\":\"R\u00e9gion F\u00e8s M\u00e8kn\u00e8s\"},\"image\":{\"@id\":\"https:\/\/www.region-fes-meknes.ma\/#\/schema\/logo\/image\/\"}}]}<\/script>\n<!-- \/ Yoast SEO plugin. -->","yoast_head_json":{"title":"R\u00e9unions des Commissions Permanentes - R\u00e9gion F\u00e8s Mekn\u00e8s","robots":{"index":"index","follow":"follow","max-snippet":"max-snippet:-1","max-image-preview":"max-image-preview:large","max-video-preview":"max-video-preview:-1"},"canonical":"https:\/\/www.region-fes-meknes.ma\/fr\/le-conseil-regional\/agenda\/reunions-des-commissions-permanentes\/","og_locale":"fr_FR","og_type":"article","og_title":"R\u00e9unions des Commissions Permanentes - R\u00e9gion F\u00e8s Mekn\u00e8s","og_url":"https:\/\/www.region-fes-meknes.ma\/fr\/le-conseil-regional\/agenda\/reunions-des-commissions-permanentes\/","og_site_name":"R\u00e9gion F\u00e8s Mekn\u00e8s","article_publisher":"https:\/\/www.facebook.com\/R%c3%a9gion-F%c3%a8s-Mekn%c3%a8s-1130195096990872","article_modified_time":"2017-11-26T14:37:43+00:00","twitter_card":"summary_large_image","schema":{"@context":"https:\/\/schema.org","@graph":[{"@type":"WebPage","@id":"https:\/\/www.region-fes-meknes.ma\/fr\/le-conseil-regional\/agenda\/reunions-des-commissions-permanentes\/","url":"https:\/\/www.region-fes-meknes.ma\/fr\/le-conseil-regional\/agenda\/reunions-des-commissions-permanentes\/","name":"R\u00e9unions des Commissions Permanentes - R\u00e9gion F\u00e8s Mekn\u00e8s","isPartOf":{"@id":"https:\/\/www.region-fes-meknes.ma\/#website"},"datePublished":"2017-10-04T11:07:44+00:00","dateModified":"2017-11-26T14:37:43+00:00","breadcrumb":{"@id":"https:\/\/www.region-fes-meknes.ma\/fr\/le-conseil-regional\/agenda\/reunions-des-commissions-permanentes\/#breadcrumb"},"inLanguage":"fr-FR","potentialAction":[{"@type":"ReadAction","target":["https:\/\/www.region-fes-meknes.ma\/fr\/le-conseil-regional\/agenda\/reunions-des-commissions-permanentes\/"]}]},{"@type":"BreadcrumbList","@id":"https:\/\/www.region-fes-meknes.ma\/fr\/le-conseil-regional\/agenda\/reunions-des-commissions-permanentes\/#breadcrumb","itemListElement":[{"@type":"ListItem","position":1,"name":"Accueil","item":"https:\/\/www.region-fes-meknes.ma\/fr\/"},{"@type":"ListItem","position":2,"name":"Le Conseil R\u00e9gional","item":"https:\/\/www.region-fes-meknes.ma\/fr\/le-conseil-regional\/"},{"@type":"ListItem","position":3,"name":"Agenda","item":"https:\/\/www.region-fes-meknes.ma\/fr\/le-conseil-regional\/agenda\/"},{"@type":"ListItem","position":4,"name":"R\u00e9unions des Commissions Permanentes"}]},{"@type":"WebSite","@id":"https:\/\/www.region-fes-meknes.ma\/#website","url":"https:\/\/www.region-fes-meknes.ma\/","name":"Portail de la R\u00e9gion F\u00e8s-Mekn\u00e8s","description":"Site officiel de la r\u00e9gion F\u00e8s-Mekn\u00e8s.","publisher":{"@id":"https:\/\/www.region-fes-meknes.ma\/#organization"},"potentialAction":[{"@type":"SearchAction","target":{"@type":"EntryPoint","urlTemplate":"https:\/\/www.region-fes-meknes.ma\/?s={search_term_string}"},"query-input":"required name=search_term_string"}],"inLanguage":"fr-FR"},{"@type":"Organization","@id":"https:\/\/www.region-fes-meknes.ma\/#organization","name":"R\u00e9gion F\u00e8s M\u00e8kn\u00e8s","url":"https:\/\/www.region-fes-meknes.ma\/","sameAs":["https:\/\/www.facebook.com\/R\u00e9gion-F\u00e8s-Mekn\u00e8s-1130195096990872"],"logo":{"@type":"ImageObject","inLanguage":"fr-FR","@id":"https:\/\/www.region-fes-meknes.ma\/#\/schema\/logo\/image\/","url":"http:\/\/www.region-fes-meknes.ma\/wp-content\/uploads\/2017\/10\/logo-rfm4.png","contentUrl":"http:\/\/www.region-fes-meknes.ma\/wp-content\/uploads\/2017\/10\/logo-rfm4.png","width":304,"height":291,"caption":"R\u00e9gion F\u00e8s M\u00e8kn\u00e8s"},"image":{"@id":"https:\/\/www.region-fes-meknes.ma\/#\/schema\/logo\/image\/"}}]}},"_links":{"self":[{"href":"https:\/\/www.region-fes-meknes.ma\/fr\/wp-json\/wp\/v2\/pages\/1468"}],"collection":[{"href":"https:\/\/www.region-fes-meknes.ma\/fr\/wp-json\/wp\/v2\/pages"}],"about":[{"href":"https:\/\/www.region-fes-meknes.ma\/fr\/wp-json\/wp\/v2\/types\/page"}],"author":[{"embeddable":true,"href":"https:\/\/www.region-fes-meknes.ma\/fr\/wp-json\/wp\/v2\/users\/1"}],"replies":[{"embeddable":true,"href":"https:\/\/www.region-fes-meknes.ma\/fr\/wp-json\/wp\/v2\/comments?post=1468"}],"version-history":[{"count":7,"href":"https:\/\/www.region-fes-meknes.ma\/fr\/wp-json\/wp\/v2\/pages\/1468\/revisions"}],"predecessor-version":[{"id":2862,"href":"https:\/\/www.region-fes-meknes.ma\/fr\/wp-json\/wp\/v2\/pages\/1468\/revisions\/2862"}],"up":[{"embeddable":true,"href":"https:\/\/www.region-fes-meknes.ma\/fr\/wp-json\/wp\/v2\/pages\/1462"}],"wp:attachment":[{"href":"https:\/\/www.region-fes-meknes.ma\/fr\/wp-json\/wp\/v2\/media?parent=1468"}],"curies":[{"name":"wp","href":"https:\/\/api.w.org\/{rel}","templated":true}]}}