{"id":1521,"date":"2017-10-04T13:44:06","date_gmt":"2017-10-04T11:44:06","guid":{"rendered":"http:\/\/www.region-fes-meknes.ma\/?page_id=1521"},"modified":"2018-03-14T02:35:25","modified_gmt":"2018-03-14T01:35:25","slug":"artisanat","status":"publish","type":"page","link":"https:\/\/www.region-fes-meknes.ma\/fr\/la-region\/decouvrir-la-region\/artisanat\/","title":{"rendered":"Artisanat"},"content":{"rendered":"<h3>Secteur de l\u2019artisanat\u00a0: un domaine D&rsquo;EXCELLENCE<\/h3>\n<p>Le secteur de l\u2019artisanat, bien qu\u2019ancr\u00e9 historiquement dans la r\u00e9gion de F\u00e8s-Mekn\u00e8s, ne dispose pas encore de base de donn\u00e9es cernant toutes ses caract\u00e9ristiques au niveau de chacune des provinces composant la r\u00e9gion.<\/p>\n<p>Mais, on ne peut ignorer que l\u2019artisanat se fait conna\u00eetre dans la r\u00e9gion de F\u00e8s-Mekn\u00e8s principalement par la pr\u00e9dominance des m\u00e9tiers d\u2019artisanat d\u2019art ancr\u00e9s essentiellement dans les anciennes m\u00e9dinas de ces principales villes (F\u00e8s, Mekn\u00e8s, Taza, S\u00e9frou\u2026) et que Trois m\u00e9tiers y occupent une place capitale : les produits du cuir, la bijouterie et les chaussures.<\/p>\n<p><strong>Evolution des grandeurs significatives<\/strong><\/p>\n<p>L\u2019une des grandeurs r\u00e9guli\u00e8rement soulign\u00e9e et mise en valeur par l\u2019annuaire statistique du Maroc est la valeur des exportations des produits artisanaux.<\/p>\n<p><em><strong>Tableau\u00a0 : Evolution de la valeur des exportations des produits artisanaux en millions de DH<\/strong><\/em><\/p>\n<table class=\" aligncenter\">\n<tbody>\n<tr>\n<td><\/td>\n<td>2009<\/td>\n<td>2010<\/td>\n<td>2011<\/td>\n<td>2012<\/td>\n<td>2013<\/td>\n<td>2014<\/td>\n<td>Moyenne<\/td>\n<\/tr>\n<tr>\n<td>F\u00e8s<\/td>\n<td>12<\/td>\n<td>21<\/td>\n<td>23<\/td>\n<td>35<\/td>\n<td>26<\/td>\n<td>27<\/td>\n<td>24<\/td>\n<\/tr>\n<tr>\n<td>Mekn\u00e8s<\/td>\n<td>1<\/td>\n<td>0<\/td>\n<td>0<\/td>\n<td>1<\/td>\n<td>1<\/td>\n<td>0<\/td>\n<td>0,5<\/td>\n<\/tr>\n<tr>\n<td>Total R\u00e9gional<\/td>\n<td>13<\/td>\n<td>21<\/td>\n<td>23<\/td>\n<td>36<\/td>\n<td>27<\/td>\n<td>27<\/td>\n<td>26,8<\/td>\n<\/tr>\n<tr>\n<td>TA en %<\/td>\n<td>&#8211;<\/td>\n<td>61,5<\/td>\n<td>9,5<\/td>\n<td>56,5<\/td>\n<td>-25<\/td>\n<td>0<\/td>\n<td>20,5<\/td>\n<\/tr>\n<tr>\n<td>Total National<\/td>\n<td>388<\/td>\n<td>363<\/td>\n<td>340<\/td>\n<td>366<\/td>\n<td>364<\/td>\n<td>415<\/td>\n<td>372,67<\/td>\n<\/tr>\n<tr>\n<td>R\u00e9gional\/National<\/td>\n<td>3,3<\/td>\n<td>5,8<\/td>\n<td>6,8<\/td>\n<td>10<\/td>\n<td>7,4<\/td>\n<td>6,5<\/td>\n<td>6,64<\/td>\n<\/tr>\n<\/tbody>\n<\/table>\n<p style=\"text-align: center;\"><em>Source : Annuaires statistiques du\u00a0Maroc. 2010-2015<\/em><\/p>\n<p>Cette grandeur a connu, \u00e0 l\u2019\u00e9chelle r\u00e9gionale, une \u00e9volution tr\u00e8s irr\u00e9guli\u00e8re au cours de la p\u00e9riode 2009-2014 allant d\u2019une augmentation de 61,5% \u00e0 une r\u00e9gression de 25% par an, tout en accusant un taux d\u2019accroissement annuel moyen de 20,5%. La valeur moyenne annuelle des exportations de ces produits s\u2019est \u00e9lev\u00e9e \u00e0 26,8 millions de dirhams. Elle a repr\u00e9sent\u00e9 pr\u00e8s de 7% de la valeur nationale moyenne annuelle des exportations des produits artisanaux. Elle est compos\u00e9e \u00e0 hauteur de 89,5% par la valeur des exportations des produits artisanaux de la pr\u00e9fecture de F\u00e8s.<\/p>\n<p><strong>Graphe : Evolution de la valeur r\u00e9gionale des exportations en millions de dirhams<\/strong><\/p>\n<p><img loading=\"lazy\" class=\"alignright wp-image-4231 size-medium\" src=\"http:\/\/www.region-fes-meknes.ma\/wp-content\/uploads\/2018\/03\/artisanat-01-300x152.png?_t=1520990279\" alt=\"\" width=\"300\" height=\"152\" srcset=\"https:\/\/www.region-fes-meknes.ma\/wp-content\/uploads\/2018\/03\/artisanat-01-300x152.png 300w, https:\/\/www.region-fes-meknes.ma\/wp-content\/uploads\/2018\/03\/artisanat-01-768x390.png 768w, https:\/\/www.region-fes-meknes.ma\/wp-content\/uploads\/2018\/03\/artisanat-01-100x51.png 100w, https:\/\/www.region-fes-meknes.ma\/wp-content\/uploads\/2018\/03\/artisanat-01.png 875w\" sizes=\"(max-width: 300px) 100vw, 300px\" \/><\/p>\n<p>Il est \u00e0 noter qu\u2019au niveau des exportations artisanales de la r\u00e9gion, ce sont les produits artisanaux de F\u00e8s dont principalement les v\u00eatements traditionnels et la poterie\/pierre qui totalisent environ 74% du chiffre d\u2019affaires \u00e0 l\u2019export avec des parts respectives de 44,2% et 29,5%.<\/p>\n<p><strong>La dynamique spatiale<\/strong><\/p>\n<p>Dans la nouvelle r\u00e9gion de F\u00e8s-Mekn\u00e8s, on observe des dynamismes \u00e9conomiques locaux en particulier dans les vieux centres urbains, o\u00f9 se perp\u00e9tuent de fortes traditions commerciales et artisanales et sont pr\u00e9serv\u00e9s et transmis avec quelques touches d\u2019innovation, des savoir-faire ancestraux capables de renouveler et de relancer toute une panoplie de m\u00e9tiers et d\u2019activit\u00e9s marchandes. Une des sources de la survie, voire de la vitalit\u00e9, des activit\u00e9s artisanales dans cette r\u00e9gion r\u00e9side dans les valeurs socioculturelles locales.<\/p>\n<p>Il est historiquement reconnu que la ville de F\u00e8s est un centre de production et de commercialisation par excellence de l\u2019artisanat. La ville de Mekn\u00e8s se positionne en deuxi\u00e8me rang en termes d\u2019artisans et d\u2019activit\u00e9s artisanales. La ville de Taza ne s\u2019adonne que modestement \u00e0 l\u2019artisanat. Les autres villes ou provinces dont notamment Boulemane et Sefrou poss\u00e8dent \u00e0 leur tour des activit\u00e9s artisanales qui sont souvent caract\u00e9ris\u00e9es par leurs sp\u00e9cificit\u00e9s agricoles et culturelles propres.<\/p>\n<p>Ainsi, le chiffre d\u2019affaires de l\u2019artisanat d\u2019art \u00e0 fort contenu culturel de la ville de F\u00e8s s\u2019est accru en moyenne annuelle de 5 % entre 2012 et 2014 contre 0,5% pour Mekn\u00e8s et 4,3 % pour Taza.<\/p>\n<p>En 2014, les chiffres d\u2019affaires de l\u2019artisanat d\u2019art \u00e0 fort contenu culturel de ces trois villes repr\u00e9sentent respectivement 13,4%, 2,8% et 0,7% du chiffre d\u2019affaires de l\u2019artisanat d\u2019art \u00e0 fort contenu culturel enregistr\u00e9 au niveau national.<\/p>\n<p><em><strong>Tableau\u00a0 : Chiffre d\u2019affaires de l\u2019artisanat d\u2019art \u00e0 fort contenu culturel par ville en millions de dirhams<\/strong><\/em><\/p>\n<table class=\" aligncenter\">\n<tbody>\n<tr>\n<td>Ville<\/td>\n<td>2012<\/td>\n<td>2013<\/td>\n<td>2014<\/td>\n<td>TA AM en %<\/td>\n<td>Part dans le CA en % en 2014<\/td>\n<\/tr>\n<tr>\n<td>F\u00e8s<\/td>\n<td>2671<\/td>\n<td>2850<\/td>\n<td>2927<\/td>\n<td>5<\/td>\n<td>13,4<\/td>\n<\/tr>\n<tr>\n<td>Mekn\u00e8s<\/td>\n<td>604<\/td>\n<td>636<\/td>\n<td>613<\/td>\n<td>0,5<\/td>\n<td>2,8<\/td>\n<\/tr>\n<tr>\n<td>Taza<\/td>\n<td>131<\/td>\n<td>132<\/td>\n<td>143<\/td>\n<td>4,3<\/td>\n<td>0,7<\/td>\n<\/tr>\n<\/tbody>\n<\/table>\n<p style=\"text-align: center;\"><em>Source : Minist\u00e8re de l\u2019Artisanat<\/em><\/p>\n<p>Le chiffre d\u2019affaires de la ville de F\u00e8s est compos\u00e9 en grande partie par trois principaux m\u00e9tiers, \u00e0 savoir la maroquinerie avec une contribution de 26,3% au chiffre d\u2019affaires de F\u00e8s, la bijouterie avec 22,3%, et les articles chaussants dont la part s\u2019\u00e9l\u00e8ve \u00e0 14,2%.<\/p>\n<p>Concernant l\u2019emploi dans le secteur de l\u2019artisanat, il appara\u00eet qu\u2019il est concentr\u00e9 dans la ville de F\u00e8s puisque l\u2019effectif d\u2019emplois en son sein repr\u00e9sente 9% de l&#8217;emploi artisanal national contre 3% pour Mekn\u00e8s et 0,6% pour Taza.<\/p>\n<p><em><strong>Tableau\u00a0 : Distribution g\u00e9ographique de l\u2019emploi en 2013 et 2014<\/strong><\/em><\/p>\n<table class=\" aligncenter\">\n<tbody>\n<tr>\n<td rowspan=\"2\">Ville<\/td>\n<td colspan=\"2\">2013<\/td>\n<td colspan=\"2\">2014<\/td>\n<\/tr>\n<tr>\n<td>Effectif<\/td>\n<td>%<\/td>\n<td>Effectif<\/td>\n<td>%<\/td>\n<\/tr>\n<tr>\n<td>F\u00e8s<\/td>\n<td>36503<\/td>\n<td>9<\/td>\n<td>36073<\/td>\n<td>8,9<\/td>\n<\/tr>\n<tr>\n<td>Mekn\u00e8s<\/td>\n<td>11745<\/td>\n<td>3<\/td>\n<td>12074<\/td>\n<td>3<\/td>\n<\/tr>\n<tr>\n<td>Taza<\/td>\n<td>2462<\/td>\n<td>0,6<\/td>\n<td>2492<\/td>\n<td>0,6<\/td>\n<\/tr>\n<\/tbody>\n<\/table>\n<p style=\"text-align: center;\"><em>Source : Minist\u00e8re de l\u2019Artisanat<\/em><\/p>\n<p>Au sein de la ville de F\u00e8s, c\u2019est la maroquinerie qui emploie le plus grand effectif de main d\u2019\u0153uvre (9375 employ\u00e9s), soit une part de 26%. Les chaussures lui succ\u00e8dent avec 5516 employ\u00e9s soit une part de 15,3%. En troisi\u00e8me position, on retrouve les v\u00eatements traditionnels qui emploient 4963 personnes soit 13,8 % de la main d\u2019\u0153uvre de F\u00e8s.<\/p>\n<p>Sur le plan de la productivit\u00e9 en milieu urbain, la ville de F\u00e8s affiche une productivit\u00e9 de 81.138 dirhams sup\u00e9rieure \u00e0 la moyenne urbaine nationale de 71.710 dirhams. Elle vient en deuxi\u00e8me position apr\u00e8s Casablanca qui se caract\u00e9rise par une productivit\u00e9 urbaine moyenne de 122. 272 Dirhams.<\/p>\n<p><em><strong>Tableau : Distribution g\u00e9ographique de la productivit\u00e9 en 2014<\/strong><\/em><\/p>\n<table class=\" aligncenter\">\n<tbody>\n<tr>\n<td>Ville<\/td>\n<td>Productivit\u00e9 en DH<\/td>\n<\/tr>\n<tr>\n<td>F\u00e8s<\/td>\n<td>81138<\/td>\n<\/tr>\n<tr>\n<td>Mekn\u00e8s<\/td>\n<td>50695<\/td>\n<\/tr>\n<tr>\n<td>Taza<\/td>\n<td>57435<\/td>\n<\/tr>\n<tr>\n<td>Urbain national<\/td>\n<td>71710<\/td>\n<\/tr>\n<tr>\n<td>Rural national<\/td>\n<td>17674<\/td>\n<\/tr>\n<tr>\n<td>Moyenne Nationale<\/td>\n<td>53987<\/td>\n<\/tr>\n<\/tbody>\n<\/table>\n<p style=\"text-align: center;\"><em>Source : Minist\u00e8re de l\u2019Artisanat.<\/em><\/p>\n<p><strong>Les grandes caract\u00e9ristiques du secteur \u00e0 l\u2019\u00e9chelle de la r\u00e9gion<\/strong><\/p>\n<p>L\u2019une des caract\u00e9ristiques les plus fortes de l\u2019artisanat dans la r\u00e9gion de F\u00e8s \u2013Mekn\u00e8s demeurera la pr\u00e9dominance des m\u00e9tiers d\u2019artisanat d\u2019art ancr\u00e9s dans le g\u00e9nie et le milieu artisanaux propres \u00e0 la M\u00e9dina de F\u00e8s.<\/p>\n<p>Une autre caract\u00e9ristique du secteur par rapport aux nouvelles dimensions de la r\u00e9gion r\u00e9side dans la concentration spatiale des efforts en sa faveur, laquelle a habituellement cibl\u00e9 les villes historiques dont en particulier F\u00e8s et Mekn\u00e8s. Ces efforts sont appel\u00e9s \u00e0 \u00eatre r\u00e9orient\u00e9s en faveur de toutes les potentialit\u00e9s artisanales existantes en milieux urbains et ruraux de la totalit\u00e9 des provinces constituant la r\u00e9gion.<\/p>\n<p>&nbsp;<\/p>\n<h3>Effectif des artisans<\/h3>\n<p>L\u2019effectif des artisans dans la r\u00e9gion est d\u2019environ 89.265 artisans, r\u00e9partis comme suit :<\/p>\n<table class=\" aligncenter\">\n<tbody>\n<tr>\n<td><strong>Province ou Pr\u00e9fecture<\/strong><\/td>\n<td><strong>Effectif<\/strong><\/td>\n<\/tr>\n<tr>\n<td>F\u00e8s<\/td>\n<td>52.888<\/td>\n<\/tr>\n<tr>\n<td>Mekn\u00e8s<\/td>\n<td>15.832<\/td>\n<\/tr>\n<tr>\n<td>Taounate<\/td>\n<td>6.231<\/td>\n<\/tr>\n<tr>\n<td>Sefrou<\/td>\n<td>5.350<\/td>\n<\/tr>\n<tr>\n<td>Taza<\/td>\n<td>2.982<\/td>\n<\/tr>\n<tr>\n<td>Elhajeb<\/td>\n<td>2.704<\/td>\n<\/tr>\n<tr>\n<td>Ifrane<\/td>\n<td>2.153<\/td>\n<\/tr>\n<tr>\n<td>Boulemane<\/td>\n<td>606<\/td>\n<\/tr>\n<tr>\n<td>Moulay yacoub<\/td>\n<td>519<\/td>\n<\/tr>\n<tr>\n<td><strong>TOTAL<\/strong><\/td>\n<td><strong>89.265<\/strong><\/td>\n<\/tr>\n<\/tbody>\n<\/table>\n<p style=\"text-align: center;\"><em>Sources: d\u00e9l\u00e9gations r\u00e9gionales de l\u2019artisanat, 2016<\/em><\/p>\n<p>&nbsp;<\/p>\n<h3>Cr\u00e9ation des circuits touristiques pour relancer l\u2019artisanat<\/h3>\n<p>Dans le cadre de la promotion de l\u2019artisanat, six circuits Touristiques int\u00e9grant l\u2019artisanat ont \u00e9t\u00e9 cr\u00e9\u00e9s \u00e0 F\u00e8s sur un parcours de 21 km, dont 5 en M\u00e9dina intra-muros de 10,5km.<\/p>\n<p>Ce projet s\u2019inscrit dans le cadre du Programme \u00abArtisanat et M\u00e9dina de F\u00e8s \u00bb qui a b\u00e9n\u00e9fici\u00e9 d\u2019un financement de Millenium Challenge Corporation (MCC) de 95,5 millions $US dont 84,7 millions $US allou\u00e9s au secteur de l\u2019artisanat.<\/p>\n<p>Dans ce sens, les travaux r\u00e9alis\u00e9s ont port\u00e9 sur la mise en place de 308 panneaux, dont 228 d\u2019orientation, 70 d\u2019interpr\u00e9tation du patrimoine et 10 d\u2019information.<\/p>\n<p>Ces circuits d\u00e9di\u00e9s \u00e0 la mise en valeur du patrimoine artisanal et culturel de la ville s\u2019intitulent \u201cArtisanat\u201d, \u201cMonuments et Souks\u201d, \u201cConnaissances et Savoir-faire\u201d, \u201cPalais et Jardins andalous\u201d, \u201cF\u00e8s Jdid\u201d et \u201cMurailles et Fortifications\u201d. Ce syst\u00e8me de signalisation aura un impact \u00e9conomique positif sur les 2.113 points de vente d\u2019articles ou de services d\u2019artisanat qui sont install\u00e9s le long de ces circuits.<\/p>\n","protected":false},"excerpt":{"rendered":"<p>Secteur de l\u2019artisanat\u00a0: un domaine D&rsquo;EXCELLENCE Le secteur de l\u2019artisanat, bien qu\u2019ancr\u00e9 historiquement dans la r\u00e9gion de F\u00e8s-Mekn\u00e8s, ne dispose pas encore de base de donn\u00e9es cernant toutes ses caract\u00e9ristiques &#8230;<\/p>\n","protected":false},"author":1,"featured_media":0,"parent":1325,"menu_order":4,"comment_status":"closed","ping_status":"closed","template":"","meta":{"_bbp_topic_count":0,"_bbp_reply_count":0,"_bbp_total_topic_count":0,"_bbp_total_reply_count":0,"_bbp_voice_count":0,"_bbp_anonymous_reply_count":0,"_bbp_topic_count_hidden":0,"_bbp_reply_count_hidden":0,"_bbp_forum_subforum_count":0},"acf":[],"yoast_head":"<!-- This site is optimized with the Yoast SEO plugin v19.5.1 - https:\/\/yoast.com\/wordpress\/plugins\/seo\/ -->\n<title>Artisanat - R\u00e9gion F\u00e8s Mekn\u00e8s<\/title>\n<meta name=\"robots\" content=\"index, follow, max-snippet:-1, max-image-preview:large, max-video-preview:-1\" \/>\n<link rel=\"canonical\" href=\"https:\/\/www.region-fes-meknes.ma\/fr\/la-region\/decouvrir-la-region\/artisanat\/\" \/>\n<meta property=\"og:locale\" content=\"fr_FR\" \/>\n<meta property=\"og:type\" content=\"article\" \/>\n<meta property=\"og:title\" content=\"Artisanat - R\u00e9gion F\u00e8s Mekn\u00e8s\" \/>\n<meta property=\"og:description\" content=\"Secteur de l\u2019artisanat\u00a0: un domaine D&rsquo;EXCELLENCE Le secteur de l\u2019artisanat, bien qu\u2019ancr\u00e9 historiquement dans la r\u00e9gion de F\u00e8s-Mekn\u00e8s, ne dispose pas encore de base de donn\u00e9es cernant toutes ses caract\u00e9ristiques ...\" \/>\n<meta property=\"og:url\" content=\"https:\/\/www.region-fes-meknes.ma\/fr\/la-region\/decouvrir-la-region\/artisanat\/\" \/>\n<meta property=\"og:site_name\" content=\"R\u00e9gion F\u00e8s Mekn\u00e8s\" \/>\n<meta property=\"article:publisher\" content=\"https:\/\/www.facebook.com\/R%c3%a9gion-F%c3%a8s-Mekn%c3%a8s-1130195096990872\" \/>\n<meta property=\"article:modified_time\" content=\"2018-03-14T01:35:25+00:00\" \/>\n<meta property=\"og:image\" content=\"http:\/\/www.region-fes-meknes.ma\/wp-content\/uploads\/2018\/03\/artisanat-01-300x152.png?_t=1520990279\" \/>\n<meta name=\"twitter:card\" content=\"summary_large_image\" \/>\n<meta name=\"twitter:label1\" content=\"Dur\u00e9e de lecture estim\u00e9e\" \/>\n\t<meta name=\"twitter:data1\" content=\"6 minutes\" \/>\n<script type=\"application\/ld+json\" class=\"yoast-schema-graph\">{\"@context\":\"https:\/\/schema.org\",\"@graph\":[{\"@type\":\"WebPage\",\"@id\":\"https:\/\/www.region-fes-meknes.ma\/fr\/la-region\/decouvrir-la-region\/artisanat\/\",\"url\":\"https:\/\/www.region-fes-meknes.ma\/fr\/la-region\/decouvrir-la-region\/artisanat\/\",\"name\":\"Artisanat - R\u00e9gion F\u00e8s Mekn\u00e8s\",\"isPartOf\":{\"@id\":\"https:\/\/www.region-fes-meknes.ma\/#website\"},\"datePublished\":\"2017-10-04T11:44:06+00:00\",\"dateModified\":\"2018-03-14T01:35:25+00:00\",\"breadcrumb\":{\"@id\":\"https:\/\/www.region-fes-meknes.ma\/fr\/la-region\/decouvrir-la-region\/artisanat\/#breadcrumb\"},\"inLanguage\":\"fr-FR\",\"potentialAction\":[{\"@type\":\"ReadAction\",\"target\":[\"https:\/\/www.region-fes-meknes.ma\/fr\/la-region\/decouvrir-la-region\/artisanat\/\"]}]},{\"@type\":\"BreadcrumbList\",\"@id\":\"https:\/\/www.region-fes-meknes.ma\/fr\/la-region\/decouvrir-la-region\/artisanat\/#breadcrumb\",\"itemListElement\":[{\"@type\":\"ListItem\",\"position\":1,\"name\":\"Accueil\",\"item\":\"https:\/\/www.region-fes-meknes.ma\/fr\/\"},{\"@type\":\"ListItem\",\"position\":2,\"name\":\"La R\u00e9gion\",\"item\":\"https:\/\/www.region-fes-meknes.ma\/fr\/la-region\/\"},{\"@type\":\"ListItem\",\"position\":3,\"name\":\"D\u00e9couvrir la R\u00e9gion\",\"item\":\"https:\/\/www.region-fes-meknes.ma\/fr\/la-region\/decouvrir-la-region\/\"},{\"@type\":\"ListItem\",\"position\":4,\"name\":\"Artisanat\"}]},{\"@type\":\"WebSite\",\"@id\":\"https:\/\/www.region-fes-meknes.ma\/#website\",\"url\":\"https:\/\/www.region-fes-meknes.ma\/\",\"name\":\"Portail de la R\u00e9gion F\u00e8s-Mekn\u00e8s\",\"description\":\"Site officiel de la r\u00e9gion F\u00e8s-Mekn\u00e8s.\",\"publisher\":{\"@id\":\"https:\/\/www.region-fes-meknes.ma\/#organization\"},\"potentialAction\":[{\"@type\":\"SearchAction\",\"target\":{\"@type\":\"EntryPoint\",\"urlTemplate\":\"https:\/\/www.region-fes-meknes.ma\/?s={search_term_string}\"},\"query-input\":\"required name=search_term_string\"}],\"inLanguage\":\"fr-FR\"},{\"@type\":\"Organization\",\"@id\":\"https:\/\/www.region-fes-meknes.ma\/#organization\",\"name\":\"R\u00e9gion F\u00e8s M\u00e8kn\u00e8s\",\"url\":\"https:\/\/www.region-fes-meknes.ma\/\",\"sameAs\":[\"https:\/\/www.facebook.com\/R\u00e9gion-F\u00e8s-Mekn\u00e8s-1130195096990872\"],\"logo\":{\"@type\":\"ImageObject\",\"inLanguage\":\"fr-FR\",\"@id\":\"https:\/\/www.region-fes-meknes.ma\/#\/schema\/logo\/image\/\",\"url\":\"http:\/\/www.region-fes-meknes.ma\/wp-content\/uploads\/2017\/10\/logo-rfm4.png\",\"contentUrl\":\"http:\/\/www.region-fes-meknes.ma\/wp-content\/uploads\/2017\/10\/logo-rfm4.png\",\"width\":304,\"height\":291,\"caption\":\"R\u00e9gion F\u00e8s M\u00e8kn\u00e8s\"},\"image\":{\"@id\":\"https:\/\/www.region-fes-meknes.ma\/#\/schema\/logo\/image\/\"}}]}<\/script>\n<!-- \/ Yoast SEO plugin. -->","yoast_head_json":{"title":"Artisanat - R\u00e9gion F\u00e8s Mekn\u00e8s","robots":{"index":"index","follow":"follow","max-snippet":"max-snippet:-1","max-image-preview":"max-image-preview:large","max-video-preview":"max-video-preview:-1"},"canonical":"https:\/\/www.region-fes-meknes.ma\/fr\/la-region\/decouvrir-la-region\/artisanat\/","og_locale":"fr_FR","og_type":"article","og_title":"Artisanat - R\u00e9gion F\u00e8s Mekn\u00e8s","og_description":"Secteur de l\u2019artisanat\u00a0: un domaine D&rsquo;EXCELLENCE Le secteur de l\u2019artisanat, bien qu\u2019ancr\u00e9 historiquement dans la r\u00e9gion de F\u00e8s-Mekn\u00e8s, ne dispose pas encore de base de donn\u00e9es cernant toutes ses caract\u00e9ristiques ...","og_url":"https:\/\/www.region-fes-meknes.ma\/fr\/la-region\/decouvrir-la-region\/artisanat\/","og_site_name":"R\u00e9gion F\u00e8s Mekn\u00e8s","article_publisher":"https:\/\/www.facebook.com\/R%c3%a9gion-F%c3%a8s-Mekn%c3%a8s-1130195096990872","article_modified_time":"2018-03-14T01:35:25+00:00","og_image":[{"url":"http:\/\/www.region-fes-meknes.ma\/wp-content\/uploads\/2018\/03\/artisanat-01-300x152.png?_t=1520990279"}],"twitter_card":"summary_large_image","twitter_misc":{"Dur\u00e9e de lecture estim\u00e9e":"6 minutes"},"schema":{"@context":"https:\/\/schema.org","@graph":[{"@type":"WebPage","@id":"https:\/\/www.region-fes-meknes.ma\/fr\/la-region\/decouvrir-la-region\/artisanat\/","url":"https:\/\/www.region-fes-meknes.ma\/fr\/la-region\/decouvrir-la-region\/artisanat\/","name":"Artisanat - R\u00e9gion F\u00e8s Mekn\u00e8s","isPartOf":{"@id":"https:\/\/www.region-fes-meknes.ma\/#website"},"datePublished":"2017-10-04T11:44:06+00:00","dateModified":"2018-03-14T01:35:25+00:00","breadcrumb":{"@id":"https:\/\/www.region-fes-meknes.ma\/fr\/la-region\/decouvrir-la-region\/artisanat\/#breadcrumb"},"inLanguage":"fr-FR","potentialAction":[{"@type":"ReadAction","target":["https:\/\/www.region-fes-meknes.ma\/fr\/la-region\/decouvrir-la-region\/artisanat\/"]}]},{"@type":"BreadcrumbList","@id":"https:\/\/www.region-fes-meknes.ma\/fr\/la-region\/decouvrir-la-region\/artisanat\/#breadcrumb","itemListElement":[{"@type":"ListItem","position":1,"name":"Accueil","item":"https:\/\/www.region-fes-meknes.ma\/fr\/"},{"@type":"ListItem","position":2,"name":"La R\u00e9gion","item":"https:\/\/www.region-fes-meknes.ma\/fr\/la-region\/"},{"@type":"ListItem","position":3,"name":"D\u00e9couvrir la R\u00e9gion","item":"https:\/\/www.region-fes-meknes.ma\/fr\/la-region\/decouvrir-la-region\/"},{"@type":"ListItem","position":4,"name":"Artisanat"}]},{"@type":"WebSite","@id":"https:\/\/www.region-fes-meknes.ma\/#website","url":"https:\/\/www.region-fes-meknes.ma\/","name":"Portail de la R\u00e9gion F\u00e8s-Mekn\u00e8s","description":"Site officiel de la r\u00e9gion F\u00e8s-Mekn\u00e8s.","publisher":{"@id":"https:\/\/www.region-fes-meknes.ma\/#organization"},"potentialAction":[{"@type":"SearchAction","target":{"@type":"EntryPoint","urlTemplate":"https:\/\/www.region-fes-meknes.ma\/?s={search_term_string}"},"query-input":"required name=search_term_string"}],"inLanguage":"fr-FR"},{"@type":"Organization","@id":"https:\/\/www.region-fes-meknes.ma\/#organization","name":"R\u00e9gion F\u00e8s M\u00e8kn\u00e8s","url":"https:\/\/www.region-fes-meknes.ma\/","sameAs":["https:\/\/www.facebook.com\/R\u00e9gion-F\u00e8s-Mekn\u00e8s-1130195096990872"],"logo":{"@type":"ImageObject","inLanguage":"fr-FR","@id":"https:\/\/www.region-fes-meknes.ma\/#\/schema\/logo\/image\/","url":"http:\/\/www.region-fes-meknes.ma\/wp-content\/uploads\/2017\/10\/logo-rfm4.png","contentUrl":"http:\/\/www.region-fes-meknes.ma\/wp-content\/uploads\/2017\/10\/logo-rfm4.png","width":304,"height":291,"caption":"R\u00e9gion F\u00e8s M\u00e8kn\u00e8s"},"image":{"@id":"https:\/\/www.region-fes-meknes.ma\/#\/schema\/logo\/image\/"}}]}},"_links":{"self":[{"href":"https:\/\/www.region-fes-meknes.ma\/fr\/wp-json\/wp\/v2\/pages\/1521"}],"collection":[{"href":"https:\/\/www.region-fes-meknes.ma\/fr\/wp-json\/wp\/v2\/pages"}],"about":[{"href":"https:\/\/www.region-fes-meknes.ma\/fr\/wp-json\/wp\/v2\/types\/page"}],"author":[{"embeddable":true,"href":"https:\/\/www.region-fes-meknes.ma\/fr\/wp-json\/wp\/v2\/users\/1"}],"replies":[{"embeddable":true,"href":"https:\/\/www.region-fes-meknes.ma\/fr\/wp-json\/wp\/v2\/comments?post=1521"}],"version-history":[{"count":6,"href":"https:\/\/www.region-fes-meknes.ma\/fr\/wp-json\/wp\/v2\/pages\/1521\/revisions"}],"predecessor-version":[{"id":4233,"href":"https:\/\/www.region-fes-meknes.ma\/fr\/wp-json\/wp\/v2\/pages\/1521\/revisions\/4233"}],"up":[{"embeddable":true,"href":"https:\/\/www.region-fes-meknes.ma\/fr\/wp-json\/wp\/v2\/pages\/1325"}],"wp:attachment":[{"href":"https:\/\/www.region-fes-meknes.ma\/fr\/wp-json\/wp\/v2\/media?parent=1521"}],"curies":[{"name":"wp","href":"https:\/\/api.w.org\/{rel}","templated":true}]}}