{"id":1562,"date":"2017-10-04T14:18:30","date_gmt":"2017-10-04T13:18:30","guid":{"rendered":"http:\/\/www.region-fes-meknes.ma\/?page_id=1562"},"modified":"2022-05-08T18:55:41","modified_gmt":"2022-05-08T17:55:41","slug":"petitions","status":"publish","type":"page","link":"https:\/\/www.region-fes-meknes.ma\/fr\/democratie-participative\/petitions\/","title":{"rendered":"P\u00e9titions"},"content":{"rendered":"<p>Conform\u00e9ment aux dispositions du deuxi\u00e8me alin\u00e9a de l&rsquo;article 139 de la <a href=\"http:\/\/www.region-fes-meknes.ma\/wp-content\/uploads\/2017\/09\/constitution_-maroc_2011.pdf\" target=\"_blank\" rel=\"noopener noreferrer\">Constitution<\/a>, les citoyennes, les citoyens et les associations peuvent exercer le droit de p\u00e9tition, dans les conditions fix\u00e9es par les articles de la <a href=\"http:\/\/www.region-fes-meknes.ma\/wp-content\/uploads\/2018\/01\/loi-organique-region-fr.pdf\" target=\"_blank\" rel=\"noopener noreferrer\">loi organique n\u00b0 111-14<\/a> sur les R\u00e9gions, en vue de demander l\u2019inscription \u00e0 l\u2019ordre du jour du conseil de la r\u00e9gion, d\u2019une question relevant de ses attributions.<\/p>\n<p>Au sens de cette loi organique, la p\u00e9tition est tout \u00e9crit par lequel les citoyennes, les citoyens et les associations demandent au conseil de la r\u00e9gion l&rsquo;inscription \u00e0 son ordre du jour d&rsquo;une question faisant partie des attributions.<\/p>\n<p>Les <span style=\"display: inline !important; float: none; background-color: transparent; color: #555555; cursor: text; font-family: 'Open Sans',Helvetica,Arial,sans-serif; font-size: 16px; font-style: normal; font-variant: normal; font-weight: 400; letter-spacing: normal; orphans: 2; text-align: left; text-decoration: none; text-indent: 0px; text-transform: none; -webkit-text-stroke-width: 0px; white-space: normal; word-spacing: 0px;\">citoyennes<\/span> et citoyens p\u00e9titionnaires doivent satisfaire aux conditions suivantes :<\/p>\n<ul>\n<li>Etre des r\u00e9sidents de la r\u00e9gion concern\u00e9e ou y exercer une activit\u00e9 \u00e9conomique, commerciale ou professionnelle<\/li>\n<li>Avoir un int\u00e9r\u00eat commun dans la pr\u00e9sentation de la p\u00e9tition<\/li>\n<li>le nombre de signataires ne doit pas \u00eatre inf\u00e9rieur :\n<ul>\n<li>\u00e0 300 pour les r\u00e9gions dont la population est inf\u00e9rieure \u00e0 1.000.000 habitants<\/li>\n<li>\u00e0 400 pour les r\u00e9gions dont la population est comprise entre 1.000.000 et 3.000.000 habitants<\/li>\n<li>\u00e0 500 pour les r\u00e9gions dont la population est sup\u00e9rieure \u00e0 3.000.000 habitants<\/li>\n<\/ul>\n<\/li>\n<\/ul>\n<p>Les signataires doivent \u00eatre r\u00e9partis selon leurs lieux de r\u00e9sidence effective, sur les pr\u00e9fectures et les provinces de la r\u00e9gion, \u00e0 condition que leur nombre dans chaque pr\u00e9fecture ou province relevant de la r\u00e9gion ne soit pas inf\u00e9rieur \u00e0 5% du nombre requis.<\/p>\n<p>La p\u00e9tition pr\u00e9sent\u00e9e par les citoyennes et les citoyens doit \u00eatre accompagn\u00e9e des copies des cartes nationales d&rsquo;identit\u00e9 des p\u00e9titionnaires.<\/p>\n<p>Les associations p\u00e9titionnaires doivent satisfaire aux conditions suivantes :<\/p>\n<ul>\n<li>Etre reconnues et constitu\u00e9es au Maroc conform\u00e9ment \u00e0 la l\u00e9gislation en vigueur depuis plus de trois ans et fonctionner conform\u00e9ment aux principes d\u00e9mocratiques et \u00e0 leurs statuts<\/li>\n<li>Etre en situation r\u00e9guli\u00e8re vis-\u00e0-vis des lois et r\u00e8glements en vigueur<\/li>\n<li>Avoir leur si\u00e8ge ou l&rsquo;une de leurs antennes sur le territoire de la r\u00e9gion concern\u00e9e par la p\u00e9tition<\/li>\n<li>Avoir une activit\u00e9 en lien avec l&rsquo;objet de la p\u00e9tition.<\/li>\n<\/ul>\n<p><span style=\"display: inline !important; float: none; background-color: transparent; color: #555555; cursor: text; font-family: 'Open Sans',Helvetica,Arial,sans-serif; font-size: 16px; font-style: normal; font-variant: normal; font-weight: 400; letter-spacing: normal; orphans: 2; text-align: left; text-decoration: none; text-indent: 0px; text-transform: none; -webkit-text-stroke-width: 0px; white-space: normal; word-spacing: 0px;\">La p\u00e9tition pr\u00e9sent\u00e9e par les associations doit \u00eatre accompagn\u00e9e des pi\u00e8ces justificatives ci-apr\u00e8s :<\/span><\/p>\n<ul>\n<li>Copie du r\u00e9c\u00e9piss\u00e9 d\u00e9finitif d\u00e9livr\u00e9 \u00e0 l&rsquo;association, \u00e0 ses succursales et \u00e9tablissements le cas \u00e9ch\u00e9ant ou un document attestant que l&rsquo;association est d\u00fbment constitu\u00e9e conform\u00e9ment aux dispositions de l&rsquo;article 5 du dahir n\u00b01-58-376 du 3 joumada 1 1378 (15 novembre 1958) r\u00e9glementant le droit d&rsquo;association.<\/li>\n<li>Copie des statuts de l&rsquo;association<\/li>\n<li>Document justifiant les attributions conf\u00e9r\u00e9es \u00e0 la personne charg\u00e9e d&rsquo;assurer, au nom de l&rsquo;association, le suivi de la proc\u00e9dure de pr\u00e9sentation de la p\u00e9tition.<\/li>\n<\/ul>\n<p>Les modalit\u00e9s et les formes de\u00a0 pr\u00e9sentations des p\u00e9titions sont d\u00e9taill\u00e9es dans les <a href=\"http:\/\/www.region-fes-meknes.ma\/wp-content\/uploads\/2018\/02\/decret_2-16-401_fr.pdf\" target=\"_blank\" rel=\"noopener noreferrer\">d\u00e9crets n\u00b0 2-16-401 et 2-16-402<\/a> publi\u00e9s dans le bulletin officiel n\u00b0 6562 du 22 rejeb 1438 (20\/04\/2017).<\/p>\n<p>&nbsp;<\/p>\n<p>&nbsp;<\/p>\n","protected":false},"excerpt":{"rendered":"<p>Conform\u00e9ment aux dispositions du deuxi\u00e8me alin\u00e9a de l&rsquo;article 139 de la Constitution, les citoyennes, les citoyens et les associations peuvent exercer le droit de p\u00e9tition, dans les conditions fix\u00e9es par &#8230;<\/p>\n","protected":false},"author":1,"featured_media":0,"parent":22242,"menu_order":2,"comment_status":"closed","ping_status":"closed","template":"","meta":{"_bbp_topic_count":0,"_bbp_reply_count":0,"_bbp_total_topic_count":0,"_bbp_total_reply_count":0,"_bbp_voice_count":0,"_bbp_anonymous_reply_count":0,"_bbp_topic_count_hidden":0,"_bbp_reply_count_hidden":0,"_bbp_forum_subforum_count":0},"acf":[],"yoast_head":"<!-- This site is optimized with the Yoast SEO plugin v19.5.1 - https:\/\/yoast.com\/wordpress\/plugins\/seo\/ -->\n<title>P\u00e9titions - R\u00e9gion F\u00e8s Mekn\u00e8s<\/title>\n<meta name=\"robots\" content=\"index, follow, max-snippet:-1, max-image-preview:large, max-video-preview:-1\" \/>\n<link rel=\"canonical\" href=\"https:\/\/www.region-fes-meknes.ma\/fr\/democratie-participative\/petitions\/\" \/>\n<meta property=\"og:locale\" content=\"fr_FR\" \/>\n<meta property=\"og:type\" content=\"article\" \/>\n<meta property=\"og:title\" content=\"P\u00e9titions - R\u00e9gion F\u00e8s Mekn\u00e8s\" \/>\n<meta property=\"og:description\" content=\"Conform\u00e9ment aux dispositions du deuxi\u00e8me alin\u00e9a de l&rsquo;article 139 de la Constitution, les citoyennes, les citoyens et les associations peuvent exercer le droit de p\u00e9tition, dans les conditions fix\u00e9es par ...\" \/>\n<meta property=\"og:url\" content=\"https:\/\/www.region-fes-meknes.ma\/fr\/democratie-participative\/petitions\/\" \/>\n<meta property=\"og:site_name\" content=\"R\u00e9gion F\u00e8s Mekn\u00e8s\" \/>\n<meta property=\"article:publisher\" content=\"https:\/\/www.facebook.com\/R%c3%a9gion-F%c3%a8s-Mekn%c3%a8s-1130195096990872\" \/>\n<meta property=\"article:modified_time\" content=\"2022-05-08T17:55:41+00:00\" \/>\n<meta name=\"twitter:card\" content=\"summary_large_image\" \/>\n<meta name=\"twitter:label1\" content=\"Dur\u00e9e de lecture estim\u00e9e\" \/>\n\t<meta name=\"twitter:data1\" content=\"2 minutes\" \/>\n<script type=\"application\/ld+json\" class=\"yoast-schema-graph\">{\"@context\":\"https:\/\/schema.org\",\"@graph\":[{\"@type\":\"WebPage\",\"@id\":\"https:\/\/www.region-fes-meknes.ma\/fr\/democratie-participative\/petitions\/\",\"url\":\"https:\/\/www.region-fes-meknes.ma\/fr\/democratie-participative\/petitions\/\",\"name\":\"P\u00e9titions - R\u00e9gion F\u00e8s Mekn\u00e8s\",\"isPartOf\":{\"@id\":\"https:\/\/www.region-fes-meknes.ma\/#website\"},\"datePublished\":\"2017-10-04T13:18:30+00:00\",\"dateModified\":\"2022-05-08T17:55:41+00:00\",\"breadcrumb\":{\"@id\":\"https:\/\/www.region-fes-meknes.ma\/fr\/democratie-participative\/petitions\/#breadcrumb\"},\"inLanguage\":\"fr-FR\",\"potentialAction\":[{\"@type\":\"ReadAction\",\"target\":[\"https:\/\/www.region-fes-meknes.ma\/fr\/democratie-participative\/petitions\/\"]}]},{\"@type\":\"BreadcrumbList\",\"@id\":\"https:\/\/www.region-fes-meknes.ma\/fr\/democratie-participative\/petitions\/#breadcrumb\",\"itemListElement\":[{\"@type\":\"ListItem\",\"position\":1,\"name\":\"Accueil\",\"item\":\"https:\/\/www.region-fes-meknes.ma\/fr\/\"},{\"@type\":\"ListItem\",\"position\":2,\"name\":\"D\u00e9mocratie participative\",\"item\":\"https:\/\/www.region-fes-meknes.ma\/fr\/democratie-participative\/\"},{\"@type\":\"ListItem\",\"position\":3,\"name\":\"P\u00e9titions\"}]},{\"@type\":\"WebSite\",\"@id\":\"https:\/\/www.region-fes-meknes.ma\/#website\",\"url\":\"https:\/\/www.region-fes-meknes.ma\/\",\"name\":\"Portail de la R\u00e9gion F\u00e8s-Mekn\u00e8s\",\"description\":\"Site officiel de la r\u00e9gion F\u00e8s-Mekn\u00e8s.\",\"publisher\":{\"@id\":\"https:\/\/www.region-fes-meknes.ma\/#organization\"},\"potentialAction\":[{\"@type\":\"SearchAction\",\"target\":{\"@type\":\"EntryPoint\",\"urlTemplate\":\"https:\/\/www.region-fes-meknes.ma\/?s={search_term_string}\"},\"query-input\":\"required name=search_term_string\"}],\"inLanguage\":\"fr-FR\"},{\"@type\":\"Organization\",\"@id\":\"https:\/\/www.region-fes-meknes.ma\/#organization\",\"name\":\"R\u00e9gion F\u00e8s M\u00e8kn\u00e8s\",\"url\":\"https:\/\/www.region-fes-meknes.ma\/\",\"sameAs\":[\"https:\/\/www.facebook.com\/R\u00e9gion-F\u00e8s-Mekn\u00e8s-1130195096990872\"],\"logo\":{\"@type\":\"ImageObject\",\"inLanguage\":\"fr-FR\",\"@id\":\"https:\/\/www.region-fes-meknes.ma\/#\/schema\/logo\/image\/\",\"url\":\"http:\/\/www.region-fes-meknes.ma\/wp-content\/uploads\/2017\/10\/logo-rfm4.png\",\"contentUrl\":\"http:\/\/www.region-fes-meknes.ma\/wp-content\/uploads\/2017\/10\/logo-rfm4.png\",\"width\":304,\"height\":291,\"caption\":\"R\u00e9gion F\u00e8s M\u00e8kn\u00e8s\"},\"image\":{\"@id\":\"https:\/\/www.region-fes-meknes.ma\/#\/schema\/logo\/image\/\"}}]}<\/script>\n<!-- \/ Yoast SEO plugin. -->","yoast_head_json":{"title":"P\u00e9titions - R\u00e9gion F\u00e8s Mekn\u00e8s","robots":{"index":"index","follow":"follow","max-snippet":"max-snippet:-1","max-image-preview":"max-image-preview:large","max-video-preview":"max-video-preview:-1"},"canonical":"https:\/\/www.region-fes-meknes.ma\/fr\/democratie-participative\/petitions\/","og_locale":"fr_FR","og_type":"article","og_title":"P\u00e9titions - R\u00e9gion F\u00e8s Mekn\u00e8s","og_description":"Conform\u00e9ment aux dispositions du deuxi\u00e8me alin\u00e9a de l&rsquo;article 139 de la Constitution, les citoyennes, les citoyens et les associations peuvent exercer le droit de p\u00e9tition, dans les conditions fix\u00e9es par ...","og_url":"https:\/\/www.region-fes-meknes.ma\/fr\/democratie-participative\/petitions\/","og_site_name":"R\u00e9gion F\u00e8s Mekn\u00e8s","article_publisher":"https:\/\/www.facebook.com\/R%c3%a9gion-F%c3%a8s-Mekn%c3%a8s-1130195096990872","article_modified_time":"2022-05-08T17:55:41+00:00","twitter_card":"summary_large_image","twitter_misc":{"Dur\u00e9e de lecture estim\u00e9e":"2 minutes"},"schema":{"@context":"https:\/\/schema.org","@graph":[{"@type":"WebPage","@id":"https:\/\/www.region-fes-meknes.ma\/fr\/democratie-participative\/petitions\/","url":"https:\/\/www.region-fes-meknes.ma\/fr\/democratie-participative\/petitions\/","name":"P\u00e9titions - R\u00e9gion F\u00e8s Mekn\u00e8s","isPartOf":{"@id":"https:\/\/www.region-fes-meknes.ma\/#website"},"datePublished":"2017-10-04T13:18:30+00:00","dateModified":"2022-05-08T17:55:41+00:00","breadcrumb":{"@id":"https:\/\/www.region-fes-meknes.ma\/fr\/democratie-participative\/petitions\/#breadcrumb"},"inLanguage":"fr-FR","potentialAction":[{"@type":"ReadAction","target":["https:\/\/www.region-fes-meknes.ma\/fr\/democratie-participative\/petitions\/"]}]},{"@type":"BreadcrumbList","@id":"https:\/\/www.region-fes-meknes.ma\/fr\/democratie-participative\/petitions\/#breadcrumb","itemListElement":[{"@type":"ListItem","position":1,"name":"Accueil","item":"https:\/\/www.region-fes-meknes.ma\/fr\/"},{"@type":"ListItem","position":2,"name":"D\u00e9mocratie participative","item":"https:\/\/www.region-fes-meknes.ma\/fr\/democratie-participative\/"},{"@type":"ListItem","position":3,"name":"P\u00e9titions"}]},{"@type":"WebSite","@id":"https:\/\/www.region-fes-meknes.ma\/#website","url":"https:\/\/www.region-fes-meknes.ma\/","name":"Portail de la R\u00e9gion F\u00e8s-Mekn\u00e8s","description":"Site officiel de la r\u00e9gion F\u00e8s-Mekn\u00e8s.","publisher":{"@id":"https:\/\/www.region-fes-meknes.ma\/#organization"},"potentialAction":[{"@type":"SearchAction","target":{"@type":"EntryPoint","urlTemplate":"https:\/\/www.region-fes-meknes.ma\/?s={search_term_string}"},"query-input":"required name=search_term_string"}],"inLanguage":"fr-FR"},{"@type":"Organization","@id":"https:\/\/www.region-fes-meknes.ma\/#organization","name":"R\u00e9gion F\u00e8s M\u00e8kn\u00e8s","url":"https:\/\/www.region-fes-meknes.ma\/","sameAs":["https:\/\/www.facebook.com\/R\u00e9gion-F\u00e8s-Mekn\u00e8s-1130195096990872"],"logo":{"@type":"ImageObject","inLanguage":"fr-FR","@id":"https:\/\/www.region-fes-meknes.ma\/#\/schema\/logo\/image\/","url":"http:\/\/www.region-fes-meknes.ma\/wp-content\/uploads\/2017\/10\/logo-rfm4.png","contentUrl":"http:\/\/www.region-fes-meknes.ma\/wp-content\/uploads\/2017\/10\/logo-rfm4.png","width":304,"height":291,"caption":"R\u00e9gion F\u00e8s M\u00e8kn\u00e8s"},"image":{"@id":"https:\/\/www.region-fes-meknes.ma\/#\/schema\/logo\/image\/"}}]}},"_links":{"self":[{"href":"https:\/\/www.region-fes-meknes.ma\/fr\/wp-json\/wp\/v2\/pages\/1562"}],"collection":[{"href":"https:\/\/www.region-fes-meknes.ma\/fr\/wp-json\/wp\/v2\/pages"}],"about":[{"href":"https:\/\/www.region-fes-meknes.ma\/fr\/wp-json\/wp\/v2\/types\/page"}],"author":[{"embeddable":true,"href":"https:\/\/www.region-fes-meknes.ma\/fr\/wp-json\/wp\/v2\/users\/1"}],"replies":[{"embeddable":true,"href":"https:\/\/www.region-fes-meknes.ma\/fr\/wp-json\/wp\/v2\/comments?post=1562"}],"version-history":[{"count":4,"href":"https:\/\/www.region-fes-meknes.ma\/fr\/wp-json\/wp\/v2\/pages\/1562\/revisions"}],"predecessor-version":[{"id":22250,"href":"https:\/\/www.region-fes-meknes.ma\/fr\/wp-json\/wp\/v2\/pages\/1562\/revisions\/22250"}],"up":[{"embeddable":true,"href":"https:\/\/www.region-fes-meknes.ma\/fr\/wp-json\/wp\/v2\/pages\/22242"}],"wp:attachment":[{"href":"https:\/\/www.region-fes-meknes.ma\/fr\/wp-json\/wp\/v2\/media?parent=1562"}],"curies":[{"name":"wp","href":"https:\/\/api.w.org\/{rel}","templated":true}]}}