{"id":24,"date":"2016-02-12T08:13:06","date_gmt":"2016-02-12T07:13:06","guid":{"rendered":"http:\/\/www.temaconcept.com\/?page_id=24"},"modified":"2019-03-02T11:20:41","modified_gmt":"2019-03-02T11:20:41","slug":"projet-universite-euro-mediterraneene-fes","status":"publish","type":"page","link":"https:\/\/www.region-fes-meknes.ma\/fr\/projet-universite-euro-mediterraneene-fes\/","title":{"rendered":"Projet de l\u2019Universit\u00e9 Euro-m\u00e9diterran\u00e9enne F\u00e8s"},"content":{"rendered":"<ul>\n<li><strong>Superficie :\u00a0<\/strong>17 ha<\/li>\n<li><strong>Montant d\u2019investissement :\u00a0<\/strong>1045.7 millions de dirhams<\/li>\n<li><strong>Emplois :<\/strong>\u00a0631 emplois<\/li>\n<li><strong>Nombre d\u2019\u00e9tudiants pr\u00e9vus :\u00a0<\/strong>6000 \u00e9tudiants<\/li>\n<li><strong>Universit\u00e9 d\u00e9velopp\u00e9e dans le cadre du projet de l\u2019Union pour la m\u00e9diterran\u00e9e.<\/strong><\/li>\n<\/ul>\n<h3>Le campus<\/h3>\n<p>Le futur campus de l\u2019UEMF, de 26 ha, est situ\u00e9 non loin du centre-ville de F\u00e8s, sur la route de Mekn\u00e8s, sortie Moulay Yaacoub.<\/p>\n<p><a href=\"http:\/\/www.region-fes-meknes.ma\/wp-content\/uploads\/2017\/11\/universite-euromed-campus.jpg\"><img loading=\"lazy\" class=\"alignleft\" src=\"http:\/\/www.region-fes-meknes.ma\/wp-content\/uploads\/2017\/11\/universite-euromed-campus.jpg\" alt=\"\" width=\"283\" height=\"160\" \/><\/a>Install\u00e9 sur les hauteurs de F\u00e8s, son architecture moderne rappelle l\u2019empreinte marocaine et le caract\u00e8re euro-m\u00e9diterran\u00e9en de l\u2019Universit\u00e9.<\/p>\n<p>Les crit\u00e8res \u00e9cologiques modernes (moindre consommation d\u2019\u00e9nergie, int\u00e9gration des technologies des \u00e9nergies renouvelables, maximum de lumi\u00e8re naturelle, recyclage, espaces verts) y sont int\u00e9gr\u00e9s.<\/p>\n<p>Il est con\u00e7u par une \u00e9quipe internationale selon les meilleurs standards internationaux. Il aura les caract\u00e9ristiques suivantes :<\/p>\n<ul>\n<li>Lien \u00e9troit entre les lieux d\u2019enseignement et les lieux de recherche;<\/li>\n<li>Un lieu de vie et d&rsquo;\u00e9panouissement selon les normes des Universit\u00e9s nord-am\u00e9ricaine;<\/li>\n<li>Respect des normes environnementales et du d\u00e9veloppement durable;<\/li>\n<li>Inclusion des \u00e9nergies renouvelables;<\/li>\n<li>Verdure, zones p\u00e9destres et lieux de d\u00e9tente;<\/li>\n<li>Architecture fonctionnelle refl\u00e9tant l\u2019aspect multiculturel et multidimensionnel de l\u2019Universit\u00e9;<\/li>\n<li>Lieu de mixage et de brassage o\u00f9 se c\u00f4toieront des personnes de diff\u00e9rentes cultures et nationalit\u00e9s, donnant \u00e0 la ville de F\u00e8s et \u00e0 toute la r\u00e9gion, un caract\u00e8re international se nourrissant des valeurs du Maroc en termes d\u2019accueil, de g\u00e9n\u00e9rosit\u00e9, de tol\u00e9rance, d\u2019\u00e9change et de partage;<\/li>\n<li>Infrastructures d\u2019enseignement et de recherche aux meilleurs standards internationaux;<\/li>\n<li>Disponibilit\u00e9 de nombreux services pens\u00e9s pour r\u00e9pondre aux besoins de la communaut\u00e9 universitaire<\/li>\n<\/ul>\n<p><a href=\"http:\/\/www.region-fes-meknes.ma\/wp-content\/uploads\/2017\/11\/universite-euromed-01.jpg\"><img loading=\"lazy\" class=\"aligncenter wp-image-2925 size-full\" src=\"http:\/\/www.region-fes-meknes.ma\/wp-content\/uploads\/2017\/11\/universite-euromed-01.jpg?_t=1511790089\" alt=\"\" width=\"480\" height=\"220\" srcset=\"https:\/\/www.region-fes-meknes.ma\/wp-content\/uploads\/2017\/11\/universite-euromed-01.jpg 480w, https:\/\/www.region-fes-meknes.ma\/wp-content\/uploads\/2017\/11\/universite-euromed-01-300x138.jpg 300w, https:\/\/www.region-fes-meknes.ma\/wp-content\/uploads\/2017\/11\/universite-euromed-01-100x46.jpg 100w\" sizes=\"(max-width: 480px) 100vw, 480px\" \/><\/a>Une biblioth\u00e8que de type \u00ab learning center \u00bb, un centre sportif, des lieux de restauration et d\u2019h\u00e9bergement, des locaux associatifs pour les \u00e9tudiants, des commerces, des salles d\u2019activit\u00e9 et de spectacle ainsi que d\u2019autres services \u00e0 la communaut\u00e9 universitaire seront pr\u00e9sents sur le campus.<\/p>\n<p>Outre les centres de formation et de recherche, un centre de valorisation, de transfert de technologie et d\u2019insertion professionnelle, le campus universitaire inclut des salles de conf\u00e9rences et des lieux de vie.<\/p>\n<p>&nbsp;<\/p>\n","protected":false},"excerpt":{"rendered":"<p>Cr\u00e9\u00e9e en novembre 2012, lab\u00e9lis\u00e9e par l\u2019Union pour la M\u00e9diterran\u00e9e (UpM) et plac\u00e9e sous la Pr\u00e9sidence d\u2019Honneur de Sa Majest\u00e9 Le Roi Mohammed VI, l\u2019UEMF est une Universit\u00e9 \u00e0 caract\u00e8re r\u00e9gional.<\/p>\n","protected":false},"author":1,"featured_media":2235,"parent":0,"menu_order":2,"comment_status":"closed","ping_status":"closed","template":"","meta":{"_bbp_topic_count":0,"_bbp_reply_count":0,"_bbp_total_topic_count":0,"_bbp_total_reply_count":0,"_bbp_voice_count":0,"_bbp_anonymous_reply_count":0,"_bbp_topic_count_hidden":0,"_bbp_reply_count_hidden":0,"_bbp_forum_subforum_count":0},"acf":[],"yoast_head":"<!-- This site is optimized with the Yoast SEO plugin v19.5.1 - https:\/\/yoast.com\/wordpress\/plugins\/seo\/ -->\n<title>Projet de l\u2019Universit\u00e9 Euro-m\u00e9diterran\u00e9enne F\u00e8s - R\u00e9gion F\u00e8s Mekn\u00e8s<\/title>\n<meta name=\"robots\" content=\"index, follow, max-snippet:-1, max-image-preview:large, max-video-preview:-1\" \/>\n<link rel=\"canonical\" href=\"https:\/\/www.region-fes-meknes.ma\/fr\/projet-universite-euro-mediterraneene-fes\/\" \/>\n<meta property=\"og:locale\" content=\"fr_FR\" \/>\n<meta property=\"og:type\" content=\"article\" \/>\n<meta property=\"og:title\" content=\"Projet de l\u2019Universit\u00e9 Euro-m\u00e9diterran\u00e9enne F\u00e8s - R\u00e9gion F\u00e8s Mekn\u00e8s\" \/>\n<meta property=\"og:description\" content=\"Cr\u00e9\u00e9e en novembre 2012, lab\u00e9lis\u00e9e par l\u2019Union pour la M\u00e9diterran\u00e9e (UpM) et plac\u00e9e sous la Pr\u00e9sidence d\u2019Honneur de Sa Majest\u00e9 Le Roi Mohammed VI, l\u2019UEMF est une Universit\u00e9 \u00e0 caract\u00e8re r\u00e9gional.\" \/>\n<meta property=\"og:url\" content=\"https:\/\/www.region-fes-meknes.ma\/fr\/projet-universite-euro-mediterraneene-fes\/\" \/>\n<meta property=\"og:site_name\" content=\"R\u00e9gion F\u00e8s Mekn\u00e8s\" \/>\n<meta property=\"article:publisher\" content=\"https:\/\/www.facebook.com\/R%c3%a9gion-F%c3%a8s-Mekn%c3%a8s-1130195096990872\" \/>\n<meta property=\"article:modified_time\" content=\"2019-03-02T11:20:41+00:00\" \/>\n<meta property=\"og:image\" content=\"https:\/\/www.region-fes-meknes.ma\/wp-content\/uploads\/2016\/02\/projets_univ-euro-mediteraneenne.png\" \/>\n\t<meta property=\"og:image:width\" content=\"398\" \/>\n\t<meta property=\"og:image:height\" content=\"221\" \/>\n\t<meta property=\"og:image:type\" content=\"image\/png\" \/>\n<meta name=\"twitter:card\" content=\"summary_large_image\" \/>\n<meta name=\"twitter:label1\" content=\"Dur\u00e9e de lecture estim\u00e9e\" \/>\n\t<meta name=\"twitter:data1\" content=\"2 minutes\" \/>\n<script type=\"application\/ld+json\" class=\"yoast-schema-graph\">{\"@context\":\"https:\/\/schema.org\",\"@graph\":[{\"@type\":\"WebPage\",\"@id\":\"https:\/\/www.region-fes-meknes.ma\/fr\/projet-universite-euro-mediterraneene-fes\/\",\"url\":\"https:\/\/www.region-fes-meknes.ma\/fr\/projet-universite-euro-mediterraneene-fes\/\",\"name\":\"Projet de l\u2019Universit\u00e9 Euro-m\u00e9diterran\u00e9enne F\u00e8s - R\u00e9gion F\u00e8s Mekn\u00e8s\",\"isPartOf\":{\"@id\":\"https:\/\/www.region-fes-meknes.ma\/#website\"},\"datePublished\":\"2016-02-12T07:13:06+00:00\",\"dateModified\":\"2019-03-02T11:20:41+00:00\",\"breadcrumb\":{\"@id\":\"https:\/\/www.region-fes-meknes.ma\/fr\/projet-universite-euro-mediterraneene-fes\/#breadcrumb\"},\"inLanguage\":\"fr-FR\",\"potentialAction\":[{\"@type\":\"ReadAction\",\"target\":[\"https:\/\/www.region-fes-meknes.ma\/fr\/projet-universite-euro-mediterraneene-fes\/\"]}]},{\"@type\":\"BreadcrumbList\",\"@id\":\"https:\/\/www.region-fes-meknes.ma\/fr\/projet-universite-euro-mediterraneene-fes\/#breadcrumb\",\"itemListElement\":[{\"@type\":\"ListItem\",\"position\":1,\"name\":\"Accueil\",\"item\":\"https:\/\/www.region-fes-meknes.ma\/fr\/\"},{\"@type\":\"ListItem\",\"position\":2,\"name\":\"Projet de l\u2019Universit\u00e9 Euro-m\u00e9diterran\u00e9enne F\u00e8s\"}]},{\"@type\":\"WebSite\",\"@id\":\"https:\/\/www.region-fes-meknes.ma\/#website\",\"url\":\"https:\/\/www.region-fes-meknes.ma\/\",\"name\":\"Portail de la R\u00e9gion F\u00e8s-Mekn\u00e8s\",\"description\":\"Site officiel de la r\u00e9gion F\u00e8s-Mekn\u00e8s.\",\"publisher\":{\"@id\":\"https:\/\/www.region-fes-meknes.ma\/#organization\"},\"potentialAction\":[{\"@type\":\"SearchAction\",\"target\":{\"@type\":\"EntryPoint\",\"urlTemplate\":\"https:\/\/www.region-fes-meknes.ma\/?s={search_term_string}\"},\"query-input\":\"required name=search_term_string\"}],\"inLanguage\":\"fr-FR\"},{\"@type\":\"Organization\",\"@id\":\"https:\/\/www.region-fes-meknes.ma\/#organization\",\"name\":\"R\u00e9gion F\u00e8s M\u00e8kn\u00e8s\",\"url\":\"https:\/\/www.region-fes-meknes.ma\/\",\"sameAs\":[\"https:\/\/www.facebook.com\/R\u00e9gion-F\u00e8s-Mekn\u00e8s-1130195096990872\"],\"logo\":{\"@type\":\"ImageObject\",\"inLanguage\":\"fr-FR\",\"@id\":\"https:\/\/www.region-fes-meknes.ma\/#\/schema\/logo\/image\/\",\"url\":\"http:\/\/www.region-fes-meknes.ma\/wp-content\/uploads\/2017\/10\/logo-rfm4.png\",\"contentUrl\":\"http:\/\/www.region-fes-meknes.ma\/wp-content\/uploads\/2017\/10\/logo-rfm4.png\",\"width\":304,\"height\":291,\"caption\":\"R\u00e9gion F\u00e8s M\u00e8kn\u00e8s\"},\"image\":{\"@id\":\"https:\/\/www.region-fes-meknes.ma\/#\/schema\/logo\/image\/\"}}]}<\/script>\n<!-- \/ Yoast SEO plugin. -->","yoast_head_json":{"title":"Projet de l\u2019Universit\u00e9 Euro-m\u00e9diterran\u00e9enne F\u00e8s - R\u00e9gion F\u00e8s Mekn\u00e8s","robots":{"index":"index","follow":"follow","max-snippet":"max-snippet:-1","max-image-preview":"max-image-preview:large","max-video-preview":"max-video-preview:-1"},"canonical":"https:\/\/www.region-fes-meknes.ma\/fr\/projet-universite-euro-mediterraneene-fes\/","og_locale":"fr_FR","og_type":"article","og_title":"Projet de l\u2019Universit\u00e9 Euro-m\u00e9diterran\u00e9enne F\u00e8s - R\u00e9gion F\u00e8s Mekn\u00e8s","og_description":"Cr\u00e9\u00e9e en novembre 2012, lab\u00e9lis\u00e9e par l\u2019Union pour la M\u00e9diterran\u00e9e (UpM) et plac\u00e9e sous la Pr\u00e9sidence d\u2019Honneur de Sa Majest\u00e9 Le Roi Mohammed VI, l\u2019UEMF est une Universit\u00e9 \u00e0 caract\u00e8re r\u00e9gional.","og_url":"https:\/\/www.region-fes-meknes.ma\/fr\/projet-universite-euro-mediterraneene-fes\/","og_site_name":"R\u00e9gion F\u00e8s Mekn\u00e8s","article_publisher":"https:\/\/www.facebook.com\/R%c3%a9gion-F%c3%a8s-Mekn%c3%a8s-1130195096990872","article_modified_time":"2019-03-02T11:20:41+00:00","og_image":[{"width":398,"height":221,"url":"https:\/\/www.region-fes-meknes.ma\/wp-content\/uploads\/2016\/02\/projets_univ-euro-mediteraneenne.png","type":"image\/png"}],"twitter_card":"summary_large_image","twitter_misc":{"Dur\u00e9e de lecture estim\u00e9e":"2 minutes"},"schema":{"@context":"https:\/\/schema.org","@graph":[{"@type":"WebPage","@id":"https:\/\/www.region-fes-meknes.ma\/fr\/projet-universite-euro-mediterraneene-fes\/","url":"https:\/\/www.region-fes-meknes.ma\/fr\/projet-universite-euro-mediterraneene-fes\/","name":"Projet de l\u2019Universit\u00e9 Euro-m\u00e9diterran\u00e9enne F\u00e8s - R\u00e9gion F\u00e8s Mekn\u00e8s","isPartOf":{"@id":"https:\/\/www.region-fes-meknes.ma\/#website"},"datePublished":"2016-02-12T07:13:06+00:00","dateModified":"2019-03-02T11:20:41+00:00","breadcrumb":{"@id":"https:\/\/www.region-fes-meknes.ma\/fr\/projet-universite-euro-mediterraneene-fes\/#breadcrumb"},"inLanguage":"fr-FR","potentialAction":[{"@type":"ReadAction","target":["https:\/\/www.region-fes-meknes.ma\/fr\/projet-universite-euro-mediterraneene-fes\/"]}]},{"@type":"BreadcrumbList","@id":"https:\/\/www.region-fes-meknes.ma\/fr\/projet-universite-euro-mediterraneene-fes\/#breadcrumb","itemListElement":[{"@type":"ListItem","position":1,"name":"Accueil","item":"https:\/\/www.region-fes-meknes.ma\/fr\/"},{"@type":"ListItem","position":2,"name":"Projet de l\u2019Universit\u00e9 Euro-m\u00e9diterran\u00e9enne F\u00e8s"}]},{"@type":"WebSite","@id":"https:\/\/www.region-fes-meknes.ma\/#website","url":"https:\/\/www.region-fes-meknes.ma\/","name":"Portail de la R\u00e9gion F\u00e8s-Mekn\u00e8s","description":"Site officiel de la r\u00e9gion F\u00e8s-Mekn\u00e8s.","publisher":{"@id":"https:\/\/www.region-fes-meknes.ma\/#organization"},"potentialAction":[{"@type":"SearchAction","target":{"@type":"EntryPoint","urlTemplate":"https:\/\/www.region-fes-meknes.ma\/?s={search_term_string}"},"query-input":"required name=search_term_string"}],"inLanguage":"fr-FR"},{"@type":"Organization","@id":"https:\/\/www.region-fes-meknes.ma\/#organization","name":"R\u00e9gion F\u00e8s M\u00e8kn\u00e8s","url":"https:\/\/www.region-fes-meknes.ma\/","sameAs":["https:\/\/www.facebook.com\/R\u00e9gion-F\u00e8s-Mekn\u00e8s-1130195096990872"],"logo":{"@type":"ImageObject","inLanguage":"fr-FR","@id":"https:\/\/www.region-fes-meknes.ma\/#\/schema\/logo\/image\/","url":"http:\/\/www.region-fes-meknes.ma\/wp-content\/uploads\/2017\/10\/logo-rfm4.png","contentUrl":"http:\/\/www.region-fes-meknes.ma\/wp-content\/uploads\/2017\/10\/logo-rfm4.png","width":304,"height":291,"caption":"R\u00e9gion F\u00e8s M\u00e8kn\u00e8s"},"image":{"@id":"https:\/\/www.region-fes-meknes.ma\/#\/schema\/logo\/image\/"}}]}},"_links":{"self":[{"href":"https:\/\/www.region-fes-meknes.ma\/fr\/wp-json\/wp\/v2\/pages\/24"}],"collection":[{"href":"https:\/\/www.region-fes-meknes.ma\/fr\/wp-json\/wp\/v2\/pages"}],"about":[{"href":"https:\/\/www.region-fes-meknes.ma\/fr\/wp-json\/wp\/v2\/types\/page"}],"author":[{"embeddable":true,"href":"https:\/\/www.region-fes-meknes.ma\/fr\/wp-json\/wp\/v2\/users\/1"}],"replies":[{"embeddable":true,"href":"https:\/\/www.region-fes-meknes.ma\/fr\/wp-json\/wp\/v2\/comments?post=24"}],"version-history":[{"count":5,"href":"https:\/\/www.region-fes-meknes.ma\/fr\/wp-json\/wp\/v2\/pages\/24\/revisions"}],"predecessor-version":[{"id":2926,"href":"https:\/\/www.region-fes-meknes.ma\/fr\/wp-json\/wp\/v2\/pages\/24\/revisions\/2926"}],"wp:featuredmedia":[{"embeddable":true,"href":"https:\/\/www.region-fes-meknes.ma\/fr\/wp-json\/wp\/v2\/media\/2235"}],"wp:attachment":[{"href":"https:\/\/www.region-fes-meknes.ma\/fr\/wp-json\/wp\/v2\/media?parent=24"}],"curies":[{"name":"wp","href":"https:\/\/api.w.org\/{rel}","templated":true}]}}