{"id":2702,"date":"2017-11-18T18:47:03","date_gmt":"2017-11-18T17:47:03","guid":{"rendered":"http:\/\/www.region-fes-meknes.ma\/?page_id=2702"},"modified":"2018-02-24T23:21:37","modified_gmt":"2018-02-24T22:21:37","slug":"grands-festivals","status":"publish","type":"page","link":"https:\/\/www.region-fes-meknes.ma\/fr\/evenements\/grands-festivals\/","title":{"rendered":"Grands festivals"},"content":{"rendered":"<p>La r\u00e9gion de F\u00e8s-Mekn\u00e8s est l&rsquo;une des zones territoriales les plus riches et les plus prestigieuses au niveau national de part son potentiel historique, qui constitue l&rsquo;un des tissus patrimoniaux les plus importants aux niveaux local, r\u00e9gional et mondial.<\/p>\n<p>Le patrimoine mat\u00e9riel et immat\u00e9riel de la r\u00e9gion de F\u00e8s-Mekn\u00e8s est l&rsquo;une des principales sources de l&rsquo;identit\u00e9 culturelle marocaine. Au cours de l&rsquo;histoire, les diff\u00e9rents modes culturels de ce territoire ont form\u00e9 des ponts culturels harmonieux et unifi\u00e9 au sein de l&rsquo;identit\u00e9 marocaine avec ses diff\u00e9rents affluents, notamment l&rsquo;arabe, l&rsquo;amazigh, l&rsquo;andalou et l&rsquo;h\u00e9breu.<\/p>\n<p>La r\u00e9gion de F\u00e8s-Mekn\u00e8s est consid\u00e9r\u00e9e comme la base des sites arch\u00e9ologiques les plus riches au niveau national. L&rsquo;UNESCO a d\u00e9sign\u00e9 F\u00e8s comme patrimoine humain mondial en 1986, Mekn\u00e8s en 1996 et Volubilis en 1997. C&rsquo;est la seule r\u00e9gion du Royaume disposant de trois villes class\u00e9es au patrimoine mondial de l&rsquo;humanit\u00e9.<\/p>\n<p>Partant de cette richesse culturelle et civilisationnelle unique, et conform\u00e9ment aux dispositions de la loi organique relative aux r\u00e9gions &#8211; notamment en ce qui concerne les comp\u00e9tences des conseils r\u00e9gionaux &#8211; qui ont fait du d\u00e9veloppement culturel et de la pr\u00e9servation du patrimoine de la r\u00e9gion, de la culture locale et des sp\u00e9cificit\u00e9s r\u00e9gionales une comp\u00e9tence propre des conseils r\u00e9gionaux, le conseil r\u00e9gional de F\u00e8s-Mekn\u00e8s a mis en place une strat\u00e9gie r\u00e9gionale de dimension territoriale et th\u00e9matique qui a permis l&rsquo;organisation de plusieurs grands festivals en 2017 au niveau de toutes les pr\u00e9fectures et provinces de la r\u00e9gions.<\/p>\n<div class=\"result-wrap\" id=\"result-wrap\"><ul><li><a href=\"https:\/\/www.region-fes-meknes.ma\/fr\/type_grands_festivals\/f_akham_inchaden\/\" >Festival Akham Inchaden<\/a><\/li><li><a href=\"https:\/\/www.region-fes-meknes.ma\/fr\/type_grands_festivals\/festival-de-meknes\/\" >Festival de Mekn\u00e8s<\/a><\/li><li><a href=\"https:\/\/www.region-fes-meknes.ma\/fr\/type_grands_festivals\/f_musiques_sacrees\/\" >Festival des Musiques Sacr\u00e9es du Monde<\/a><\/li><li><a href=\"https:\/\/www.region-fes-meknes.ma\/fr\/type_grands_festivals\/fi_volubilis_musiques_traditionnelles\/\" >Festival International de Volubilis des Musiques Traditionnelles du Monde<\/a><\/li><li><a href=\"https:\/\/www.region-fes-meknes.ma\/fr\/type_grands_festivals\/fn_ahidous\/\" >Festival National d'Ahidous<\/a><\/li><li><a href=\"https:\/\/www.region-fes-meknes.ma\/fr\/type_grands_festivals\/fn_arts_rue\/\" >Festival National des Arts de la Rue<\/a><\/li><\/ul><\/div>\n","protected":false},"excerpt":{"rendered":"<p>La r\u00e9gion de F\u00e8s-Mekn\u00e8s est l&rsquo;une des zones territoriales les plus riches et les plus prestigieuses au niveau national de part son potentiel historique, qui constitue l&rsquo;un des tissus patrimoniaux &#8230;<\/p>\n","protected":false},"author":1,"featured_media":0,"parent":21,"menu_order":2,"comment_status":"closed","ping_status":"closed","template":"","meta":{"_bbp_topic_count":0,"_bbp_reply_count":0,"_bbp_total_topic_count":0,"_bbp_total_reply_count":0,"_bbp_voice_count":0,"_bbp_anonymous_reply_count":0,"_bbp_topic_count_hidden":0,"_bbp_reply_count_hidden":0,"_bbp_forum_subforum_count":0},"acf":[],"yoast_head":"<!-- This site is optimized with the Yoast SEO plugin v19.5.1 - https:\/\/yoast.com\/wordpress\/plugins\/seo\/ -->\n<title>Grands festivals - R\u00e9gion F\u00e8s Mekn\u00e8s<\/title>\n<meta name=\"robots\" content=\"index, follow, max-snippet:-1, max-image-preview:large, max-video-preview:-1\" \/>\n<link rel=\"canonical\" href=\"https:\/\/www.region-fes-meknes.ma\/fr\/evenements\/grands-festivals\/\" \/>\n<meta property=\"og:locale\" content=\"fr_FR\" \/>\n<meta property=\"og:type\" content=\"article\" \/>\n<meta property=\"og:title\" content=\"Grands festivals - R\u00e9gion F\u00e8s Mekn\u00e8s\" \/>\n<meta property=\"og:description\" content=\"La r\u00e9gion de F\u00e8s-Mekn\u00e8s est l&rsquo;une des zones territoriales les plus riches et les plus prestigieuses au niveau national de part son potentiel historique, qui constitue l&rsquo;un des tissus patrimoniaux ...\" \/>\n<meta property=\"og:url\" content=\"https:\/\/www.region-fes-meknes.ma\/fr\/evenements\/grands-festivals\/\" \/>\n<meta property=\"og:site_name\" content=\"R\u00e9gion F\u00e8s Mekn\u00e8s\" \/>\n<meta property=\"article:publisher\" content=\"https:\/\/www.facebook.com\/R%c3%a9gion-F%c3%a8s-Mekn%c3%a8s-1130195096990872\" \/>\n<meta property=\"article:modified_time\" content=\"2018-02-24T22:21:37+00:00\" \/>\n<meta name=\"twitter:card\" content=\"summary_large_image\" \/>\n<meta name=\"twitter:label1\" content=\"Dur\u00e9e de lecture estim\u00e9e\" \/>\n\t<meta name=\"twitter:data1\" content=\"1 minute\" \/>\n<script type=\"application\/ld+json\" class=\"yoast-schema-graph\">{\"@context\":\"https:\/\/schema.org\",\"@graph\":[{\"@type\":\"WebPage\",\"@id\":\"https:\/\/www.region-fes-meknes.ma\/fr\/evenements\/grands-festivals\/\",\"url\":\"https:\/\/www.region-fes-meknes.ma\/fr\/evenements\/grands-festivals\/\",\"name\":\"Grands festivals - R\u00e9gion F\u00e8s Mekn\u00e8s\",\"isPartOf\":{\"@id\":\"https:\/\/www.region-fes-meknes.ma\/#website\"},\"datePublished\":\"2017-11-18T17:47:03+00:00\",\"dateModified\":\"2018-02-24T22:21:37+00:00\",\"breadcrumb\":{\"@id\":\"https:\/\/www.region-fes-meknes.ma\/fr\/evenements\/grands-festivals\/#breadcrumb\"},\"inLanguage\":\"fr-FR\",\"potentialAction\":[{\"@type\":\"ReadAction\",\"target\":[\"https:\/\/www.region-fes-meknes.ma\/fr\/evenements\/grands-festivals\/\"]}]},{\"@type\":\"BreadcrumbList\",\"@id\":\"https:\/\/www.region-fes-meknes.ma\/fr\/evenements\/grands-festivals\/#breadcrumb\",\"itemListElement\":[{\"@type\":\"ListItem\",\"position\":1,\"name\":\"Accueil\",\"item\":\"https:\/\/www.region-fes-meknes.ma\/fr\/\"},{\"@type\":\"ListItem\",\"position\":2,\"name\":\"Ev\u00e9nements\",\"item\":\"https:\/\/www.region-fes-meknes.ma\/fr\/evenements\/\"},{\"@type\":\"ListItem\",\"position\":3,\"name\":\"Grands festivals\"}]},{\"@type\":\"WebSite\",\"@id\":\"https:\/\/www.region-fes-meknes.ma\/#website\",\"url\":\"https:\/\/www.region-fes-meknes.ma\/\",\"name\":\"Portail de la R\u00e9gion F\u00e8s-Mekn\u00e8s\",\"description\":\"Site officiel de la r\u00e9gion F\u00e8s-Mekn\u00e8s.\",\"publisher\":{\"@id\":\"https:\/\/www.region-fes-meknes.ma\/#organization\"},\"potentialAction\":[{\"@type\":\"SearchAction\",\"target\":{\"@type\":\"EntryPoint\",\"urlTemplate\":\"https:\/\/www.region-fes-meknes.ma\/?s={search_term_string}\"},\"query-input\":\"required name=search_term_string\"}],\"inLanguage\":\"fr-FR\"},{\"@type\":\"Organization\",\"@id\":\"https:\/\/www.region-fes-meknes.ma\/#organization\",\"name\":\"R\u00e9gion F\u00e8s M\u00e8kn\u00e8s\",\"url\":\"https:\/\/www.region-fes-meknes.ma\/\",\"sameAs\":[\"https:\/\/www.facebook.com\/R\u00e9gion-F\u00e8s-Mekn\u00e8s-1130195096990872\"],\"logo\":{\"@type\":\"ImageObject\",\"inLanguage\":\"fr-FR\",\"@id\":\"https:\/\/www.region-fes-meknes.ma\/#\/schema\/logo\/image\/\",\"url\":\"http:\/\/www.region-fes-meknes.ma\/wp-content\/uploads\/2017\/10\/logo-rfm4.png\",\"contentUrl\":\"http:\/\/www.region-fes-meknes.ma\/wp-content\/uploads\/2017\/10\/logo-rfm4.png\",\"width\":304,\"height\":291,\"caption\":\"R\u00e9gion F\u00e8s M\u00e8kn\u00e8s\"},\"image\":{\"@id\":\"https:\/\/www.region-fes-meknes.ma\/#\/schema\/logo\/image\/\"}}]}<\/script>\n<!-- \/ Yoast SEO plugin. -->","yoast_head_json":{"title":"Grands festivals - R\u00e9gion F\u00e8s Mekn\u00e8s","robots":{"index":"index","follow":"follow","max-snippet":"max-snippet:-1","max-image-preview":"max-image-preview:large","max-video-preview":"max-video-preview:-1"},"canonical":"https:\/\/www.region-fes-meknes.ma\/fr\/evenements\/grands-festivals\/","og_locale":"fr_FR","og_type":"article","og_title":"Grands festivals - R\u00e9gion F\u00e8s Mekn\u00e8s","og_description":"La r\u00e9gion de F\u00e8s-Mekn\u00e8s est l&rsquo;une des zones territoriales les plus riches et les plus prestigieuses au niveau national de part son potentiel historique, qui constitue l&rsquo;un des tissus patrimoniaux ...","og_url":"https:\/\/www.region-fes-meknes.ma\/fr\/evenements\/grands-festivals\/","og_site_name":"R\u00e9gion F\u00e8s Mekn\u00e8s","article_publisher":"https:\/\/www.facebook.com\/R%c3%a9gion-F%c3%a8s-Mekn%c3%a8s-1130195096990872","article_modified_time":"2018-02-24T22:21:37+00:00","twitter_card":"summary_large_image","twitter_misc":{"Dur\u00e9e de lecture estim\u00e9e":"1 minute"},"schema":{"@context":"https:\/\/schema.org","@graph":[{"@type":"WebPage","@id":"https:\/\/www.region-fes-meknes.ma\/fr\/evenements\/grands-festivals\/","url":"https:\/\/www.region-fes-meknes.ma\/fr\/evenements\/grands-festivals\/","name":"Grands festivals - R\u00e9gion F\u00e8s Mekn\u00e8s","isPartOf":{"@id":"https:\/\/www.region-fes-meknes.ma\/#website"},"datePublished":"2017-11-18T17:47:03+00:00","dateModified":"2018-02-24T22:21:37+00:00","breadcrumb":{"@id":"https:\/\/www.region-fes-meknes.ma\/fr\/evenements\/grands-festivals\/#breadcrumb"},"inLanguage":"fr-FR","potentialAction":[{"@type":"ReadAction","target":["https:\/\/www.region-fes-meknes.ma\/fr\/evenements\/grands-festivals\/"]}]},{"@type":"BreadcrumbList","@id":"https:\/\/www.region-fes-meknes.ma\/fr\/evenements\/grands-festivals\/#breadcrumb","itemListElement":[{"@type":"ListItem","position":1,"name":"Accueil","item":"https:\/\/www.region-fes-meknes.ma\/fr\/"},{"@type":"ListItem","position":2,"name":"Ev\u00e9nements","item":"https:\/\/www.region-fes-meknes.ma\/fr\/evenements\/"},{"@type":"ListItem","position":3,"name":"Grands festivals"}]},{"@type":"WebSite","@id":"https:\/\/www.region-fes-meknes.ma\/#website","url":"https:\/\/www.region-fes-meknes.ma\/","name":"Portail de la R\u00e9gion F\u00e8s-Mekn\u00e8s","description":"Site officiel de la r\u00e9gion F\u00e8s-Mekn\u00e8s.","publisher":{"@id":"https:\/\/www.region-fes-meknes.ma\/#organization"},"potentialAction":[{"@type":"SearchAction","target":{"@type":"EntryPoint","urlTemplate":"https:\/\/www.region-fes-meknes.ma\/?s={search_term_string}"},"query-input":"required name=search_term_string"}],"inLanguage":"fr-FR"},{"@type":"Organization","@id":"https:\/\/www.region-fes-meknes.ma\/#organization","name":"R\u00e9gion F\u00e8s M\u00e8kn\u00e8s","url":"https:\/\/www.region-fes-meknes.ma\/","sameAs":["https:\/\/www.facebook.com\/R\u00e9gion-F\u00e8s-Mekn\u00e8s-1130195096990872"],"logo":{"@type":"ImageObject","inLanguage":"fr-FR","@id":"https:\/\/www.region-fes-meknes.ma\/#\/schema\/logo\/image\/","url":"http:\/\/www.region-fes-meknes.ma\/wp-content\/uploads\/2017\/10\/logo-rfm4.png","contentUrl":"http:\/\/www.region-fes-meknes.ma\/wp-content\/uploads\/2017\/10\/logo-rfm4.png","width":304,"height":291,"caption":"R\u00e9gion F\u00e8s M\u00e8kn\u00e8s"},"image":{"@id":"https:\/\/www.region-fes-meknes.ma\/#\/schema\/logo\/image\/"}}]}},"_links":{"self":[{"href":"https:\/\/www.region-fes-meknes.ma\/fr\/wp-json\/wp\/v2\/pages\/2702"}],"collection":[{"href":"https:\/\/www.region-fes-meknes.ma\/fr\/wp-json\/wp\/v2\/pages"}],"about":[{"href":"https:\/\/www.region-fes-meknes.ma\/fr\/wp-json\/wp\/v2\/types\/page"}],"author":[{"embeddable":true,"href":"https:\/\/www.region-fes-meknes.ma\/fr\/wp-json\/wp\/v2\/users\/1"}],"replies":[{"embeddable":true,"href":"https:\/\/www.region-fes-meknes.ma\/fr\/wp-json\/wp\/v2\/comments?post=2702"}],"version-history":[{"count":4,"href":"https:\/\/www.region-fes-meknes.ma\/fr\/wp-json\/wp\/v2\/pages\/2702\/revisions"}],"predecessor-version":[{"id":4089,"href":"https:\/\/www.region-fes-meknes.ma\/fr\/wp-json\/wp\/v2\/pages\/2702\/revisions\/4089"}],"up":[{"embeddable":true,"href":"https:\/\/www.region-fes-meknes.ma\/fr\/wp-json\/wp\/v2\/pages\/21"}],"wp:attachment":[{"href":"https:\/\/www.region-fes-meknes.ma\/fr\/wp-json\/wp\/v2\/media?parent=2702"}],"curies":[{"name":"wp","href":"https:\/\/api.w.org\/{rel}","templated":true}]}}