{"id":2948,"date":"2017-11-28T15:30:54","date_gmt":"2017-11-28T14:30:54","guid":{"rendered":"http:\/\/www.region-fes-meknes.ma\/?page_id=2948"},"modified":"2017-11-28T16:48:41","modified_gmt":"2017-11-28T15:48:41","slug":"presse-ecrite","status":"publish","type":"page","link":"https:\/\/www.region-fes-meknes.ma\/fr\/mediatheque\/espace-presse\/presse-ecrite\/","title":{"rendered":"Presse \u00e9crite"},"content":{"rendered":"<h3>La R\u00e9gion de F\u00e8s-Mekn\u00e8s dans la presse \u00e9crite<\/h3>\n<div class=\"page-category\">\n<article id=\"post-16427\" class=\"list-article clearfix post-16427 post type-post status-publish format-standard hentry category-actualites category-presse-ecrite\">\n\n\t<div class=\"list-article-thumb\">\n\t\t<a href=\"https:\/\/www.region-fes-meknes.ma\/fr\/espace_presse\/presse-ecrite\/fes-meknes-les-autorites-veulent-booster-la-promotion-territoriale\/\">\n\t\t\t<img alt=\"\" src=\"https:\/\/www.region-fes-meknes.ma\/wp-content\/themes\/rfm22\/assets\/images\/placholder2.jpg\">\t\t<\/a>\n\t<\/div>\n\n\t<div class=\"list-article-content\">\n\t\t<div class=\"list-article-meta\">\n\t\t\t<a href=\"https:\/\/www.region-fes-meknes.ma\/fr\/category\/actualites\/\" rel=\"category tag\">Actualit\u00e9s<\/a> \/ <a href=\"https:\/\/www.region-fes-meknes.ma\/fr\/category\/espace_presse\/presse-ecrite\/\" rel=\"category tag\">Presse \u00e9crite<\/a>\t\t<\/div>\n\t\t<header class=\"list-entry-header\">\n\t\t\t<h2 class=\"entry-title\"><a href=\"https:\/\/www.region-fes-meknes.ma\/fr\/espace_presse\/presse-ecrite\/fes-meknes-les-autorites-veulent-booster-la-promotion-territoriale\/\" rel=\"bookmark\">F\u00e8s-Mekn\u00e8s: Les autorit\u00e9s veulent booster la promotion territoriale<\/a><\/h2><i class=\"fa fa-calendar\"><\/i> <strong>02\/12\/2020<\/strong>\t\t<\/header><!-- .entry-header -->\n\t\t<div class=\"entry-excerpt\">\n\t\t\t\t\t\t<a class=\"read-more-link\" href=\"https:\/\/www.region-fes-meknes.ma\/fr\/espace_presse\/presse-ecrite\/fes-meknes-les-autorites-veulent-booster-la-promotion-territoriale\/\"> Lire la suite<\/a>\n\t\t\t\t\t<\/div><!-- .entry-content -->\n\t<\/div>\n\n<\/article><!-- #post-## -->\n\n\n<article id=\"post-8934\" class=\"list-article clearfix post-8934 post type-post status-publish format-standard has-post-thumbnail hentry category-actualites category-medias-electroniques category-presse-ecrite province-boulemane\">\n\n\t<div class=\"list-article-thumb\">\n\t\t<a href=\"https:\/\/www.region-fes-meknes.ma\/fr\/espace_presse\/medias-electroniques\/fes-meknes-les-marches-mobiles-de-leconomie-sociale-et-solidaire-font-escale-a-missour\/\">\n\t\t\t<img width=\"218\" height=\"150\" src=\"https:\/\/www.region-fes-meknes.ma\/wp-content\/uploads\/2018\/07\/logo-lematin.jpg\" class=\"attachment-rfm22-blog-small size-rfm22-blog-small wp-post-image\" alt=\"logo lematin\" loading=\"lazy\" srcset=\"https:\/\/www.region-fes-meknes.ma\/wp-content\/uploads\/2018\/07\/logo-lematin.jpg 320w, https:\/\/www.region-fes-meknes.ma\/wp-content\/uploads\/2018\/07\/logo-lematin-300x206.jpg 300w, https:\/\/www.region-fes-meknes.ma\/wp-content\/uploads\/2018\/07\/logo-lematin-100x69.jpg 100w\" sizes=\"(max-width: 218px) 100vw, 218px\" \/>\t\t<\/a>\n\t<\/div>\n\n\t<div class=\"list-article-content\">\n\t\t<div class=\"list-article-meta\">\n\t\t\t<a href=\"https:\/\/www.region-fes-meknes.ma\/fr\/category\/actualites\/\" rel=\"category tag\">Actualit\u00e9s<\/a> \/ <a href=\"https:\/\/www.region-fes-meknes.ma\/fr\/category\/espace_presse\/medias-electroniques\/\" rel=\"category tag\">M\u00e9dias \u00e9lectroniques<\/a> \/ <a href=\"https:\/\/www.region-fes-meknes.ma\/fr\/category\/espace_presse\/presse-ecrite\/\" rel=\"category tag\">Presse \u00e9crite<\/a>\t\t<\/div>\n\t\t<header class=\"list-entry-header\">\n\t\t\t<h2 class=\"entry-title\"><a href=\"https:\/\/www.region-fes-meknes.ma\/fr\/espace_presse\/medias-electroniques\/fes-meknes-les-marches-mobiles-de-leconomie-sociale-et-solidaire-font-escale-a-missour\/\" rel=\"bookmark\">F\u00e8s-Mekn\u00e8s : Les march\u00e9s mobiles de l&rsquo;\u00e9conomie sociale et solidaire font escale \u00e0 Missour<\/a><\/h2><i class=\"fa fa-calendar\"><\/i> <strong>31\/08\/2018<\/strong>\t\t<\/header><!-- .entry-header -->\n\t\t<div class=\"entry-excerpt\">\n\t\t\t<p>Les march\u00e9s mobiles de l&rsquo;\u00e9conomie sociale et solidaire, lanc\u00e9s par le conseil r\u00e9gional de F\u00e8s-Mekn\u00e8s, ont fait escale, jeudi \u00e0 Missour, province de Boulemane, deuxi\u00e8me \u00e9tape de cette initiative visant &#8230;<\/p>\n\t\t\t<a class=\"read-more-link\" href=\"https:\/\/www.region-fes-meknes.ma\/fr\/espace_presse\/medias-electroniques\/fes-meknes-les-marches-mobiles-de-leconomie-sociale-et-solidaire-font-escale-a-missour\/\"> Lire la suite<\/a>\n\t\t\t\t\t<\/div><!-- .entry-content -->\n\t<\/div>\n\n<\/article><!-- #post-## -->\n\n\n<article id=\"post-8881\" class=\"list-article clearfix post-8881 post type-post status-publish format-standard has-post-thumbnail hentry category-actualites category-medias-electroniques category-presse-ecrite\">\n\n\t<div class=\"list-article-thumb\">\n\t\t<a href=\"https:\/\/www.region-fes-meknes.ma\/fr\/espace_presse\/medias-electroniques\/fes-meknes-priorite-aux-projets-sociaux-et-solidaires\/\">\n\t\t\t<img width=\"218\" height=\"150\" src=\"https:\/\/www.region-fes-meknes.ma\/wp-content\/uploads\/2018\/05\/leconomiste-com.jpg\" class=\"attachment-rfm22-blog-small size-rfm22-blog-small wp-post-image\" alt=\"leconomiste com\" loading=\"lazy\" srcset=\"https:\/\/www.region-fes-meknes.ma\/wp-content\/uploads\/2018\/05\/leconomiste-com.jpg 320w, https:\/\/www.region-fes-meknes.ma\/wp-content\/uploads\/2018\/05\/leconomiste-com-300x206.jpg 300w, https:\/\/www.region-fes-meknes.ma\/wp-content\/uploads\/2018\/05\/leconomiste-com-100x69.jpg 100w\" sizes=\"(max-width: 218px) 100vw, 218px\" \/>\t\t<\/a>\n\t<\/div>\n\n\t<div class=\"list-article-content\">\n\t\t<div class=\"list-article-meta\">\n\t\t\t<a href=\"https:\/\/www.region-fes-meknes.ma\/fr\/category\/actualites\/\" rel=\"category tag\">Actualit\u00e9s<\/a> \/ <a href=\"https:\/\/www.region-fes-meknes.ma\/fr\/category\/espace_presse\/medias-electroniques\/\" rel=\"category tag\">M\u00e9dias \u00e9lectroniques<\/a> \/ <a href=\"https:\/\/www.region-fes-meknes.ma\/fr\/category\/espace_presse\/presse-ecrite\/\" rel=\"category tag\">Presse \u00e9crite<\/a>\t\t<\/div>\n\t\t<header class=\"list-entry-header\">\n\t\t\t<h2 class=\"entry-title\"><a href=\"https:\/\/www.region-fes-meknes.ma\/fr\/espace_presse\/medias-electroniques\/fes-meknes-priorite-aux-projets-sociaux-et-solidaires\/\" rel=\"bookmark\">F\u00e8s-Mekn\u00e8s: Priorit\u00e9 aux projets sociaux et solidaires<\/a><\/h2><i class=\"fa fa-calendar\"><\/i> <strong>09\/08\/2018<\/strong>\t\t<\/header><!-- .entry-header -->\n\t\t<div class=\"entry-excerpt\">\n\t\t\t<p>502 millions de DH pour appuyer les chantiers de la r\u00e9gion Des consultations pour lancer une vision territoriale Collectivit\u00e9s, coop\u00e9ratives et banques\u2026 des partenaires Pr\u00e9parer une nouvelle strat\u00e9gie nationale de &#8230;<\/p>\n\t\t\t<a class=\"read-more-link\" href=\"https:\/\/www.region-fes-meknes.ma\/fr\/espace_presse\/medias-electroniques\/fes-meknes-priorite-aux-projets-sociaux-et-solidaires\/\"> Lire la suite<\/a>\n\t\t\t\t\t<\/div><!-- .entry-content -->\n\t<\/div>\n\n<\/article><!-- #post-## -->\n\n\n<article id=\"post-7602\" class=\"list-article clearfix post-7602 post type-post status-publish format-standard has-post-thumbnail hentry category-actualites category-medias-electroniques category-presse-ecrite\">\n\n\t<div class=\"list-article-thumb\">\n\t\t<a href=\"https:\/\/www.region-fes-meknes.ma\/fr\/espace_presse\/medias-electroniques\/la-region-fes-meknes-veut-seduire-les-investisseurs\/\">\n\t\t\t<img width=\"218\" height=\"150\" src=\"https:\/\/www.region-fes-meknes.ma\/wp-content\/uploads\/2018\/06\/lobservateur-info.jpg\" class=\"attachment-rfm22-blog-small size-rfm22-blog-small wp-post-image\" alt=\"lobservateur info\" loading=\"lazy\" srcset=\"https:\/\/www.region-fes-meknes.ma\/wp-content\/uploads\/2018\/06\/lobservateur-info.jpg 320w, https:\/\/www.region-fes-meknes.ma\/wp-content\/uploads\/2018\/06\/lobservateur-info-300x206.jpg 300w, https:\/\/www.region-fes-meknes.ma\/wp-content\/uploads\/2018\/06\/lobservateur-info-100x69.jpg 100w\" sizes=\"(max-width: 218px) 100vw, 218px\" \/>\t\t<\/a>\n\t<\/div>\n\n\t<div class=\"list-article-content\">\n\t\t<div class=\"list-article-meta\">\n\t\t\t<a href=\"https:\/\/www.region-fes-meknes.ma\/fr\/category\/actualites\/\" rel=\"category tag\">Actualit\u00e9s<\/a> \/ <a href=\"https:\/\/www.region-fes-meknes.ma\/fr\/category\/espace_presse\/medias-electroniques\/\" rel=\"category tag\">M\u00e9dias \u00e9lectroniques<\/a> \/ <a href=\"https:\/\/www.region-fes-meknes.ma\/fr\/category\/espace_presse\/presse-ecrite\/\" rel=\"category tag\">Presse \u00e9crite<\/a>\t\t<\/div>\n\t\t<header class=\"list-entry-header\">\n\t\t\t<h2 class=\"entry-title\"><a href=\"https:\/\/www.region-fes-meknes.ma\/fr\/espace_presse\/medias-electroniques\/la-region-fes-meknes-veut-seduire-les-investisseurs\/\" rel=\"bookmark\">La R\u00e9gion F\u00e8s-Mekn\u00e8s veut s\u00e9duire les investisseurs<\/a><\/h2><i class=\"fa fa-calendar\"><\/i> <strong>27\/06\/2018<\/strong>\t\t<\/header><!-- .entry-header -->\n\t\t<div class=\"entry-excerpt\">\n\t\t\t<p>Les travaux de la deuxi\u00e8me \u00e9dition du Forum \u00e9conomique F\u00e8s-Mekn\u00e8s (27-30 juin) se sont ouverts, ce mercredi 27 juin 2018 \u00e0 F\u00e8s, sous le th\u00e8me \u2018\u2019mod\u00e8les de d\u00e9veloppement innovants dans &#8230;<\/p>\n\t\t\t<a class=\"read-more-link\" href=\"https:\/\/www.region-fes-meknes.ma\/fr\/espace_presse\/medias-electroniques\/la-region-fes-meknes-veut-seduire-les-investisseurs\/\"> Lire la suite<\/a>\n\t\t\t\t\t<\/div><!-- .entry-content -->\n\t<\/div>\n\n<\/article><!-- #post-## -->\n\n\n<article id=\"post-7347\" class=\"list-article clearfix post-7347 post type-post status-publish format-standard has-post-thumbnail hentry category-actualites category-medias-electroniques category-presse-ecrite\">\n\n\t<div class=\"list-article-thumb\">\n\t\t<a href=\"https:\/\/www.region-fes-meknes.ma\/fr\/espace_presse\/medias-electroniques\/fes-meknes-cherche-un-nouveau-modele-de-gouvernance\/\">\n\t\t\t<img width=\"218\" height=\"150\" src=\"https:\/\/www.region-fes-meknes.ma\/wp-content\/uploads\/2018\/05\/leconomiste-com.jpg\" class=\"attachment-rfm22-blog-small size-rfm22-blog-small wp-post-image\" alt=\"leconomiste com\" loading=\"lazy\" srcset=\"https:\/\/www.region-fes-meknes.ma\/wp-content\/uploads\/2018\/05\/leconomiste-com.jpg 320w, https:\/\/www.region-fes-meknes.ma\/wp-content\/uploads\/2018\/05\/leconomiste-com-300x206.jpg 300w, https:\/\/www.region-fes-meknes.ma\/wp-content\/uploads\/2018\/05\/leconomiste-com-100x69.jpg 100w\" sizes=\"(max-width: 218px) 100vw, 218px\" \/>\t\t<\/a>\n\t<\/div>\n\n\t<div class=\"list-article-content\">\n\t\t<div class=\"list-article-meta\">\n\t\t\t<a href=\"https:\/\/www.region-fes-meknes.ma\/fr\/category\/actualites\/\" rel=\"category tag\">Actualit\u00e9s<\/a> \/ <a href=\"https:\/\/www.region-fes-meknes.ma\/fr\/category\/espace_presse\/medias-electroniques\/\" rel=\"category tag\">M\u00e9dias \u00e9lectroniques<\/a> \/ <a href=\"https:\/\/www.region-fes-meknes.ma\/fr\/category\/espace_presse\/presse-ecrite\/\" rel=\"category tag\">Presse \u00e9crite<\/a>\t\t<\/div>\n\t\t<header class=\"list-entry-header\">\n\t\t\t<h2 class=\"entry-title\"><a href=\"https:\/\/www.region-fes-meknes.ma\/fr\/espace_presse\/medias-electroniques\/fes-meknes-cherche-un-nouveau-modele-de-gouvernance\/\" rel=\"bookmark\">F\u00e8s-Mekn\u00e8s cherche un nouveau mod\u00e8le de gouvernance<\/a><\/h2><i class=\"fa fa-calendar\"><\/i> <strong>12\/06\/2018<\/strong>\t\t<\/header><!-- .entry-header -->\n\t\t<div class=\"entry-excerpt\">\n\t\t\t<p>La r\u00e9gion associe les universitaires et le CESE \u00e0 son action Industrie, formation, comp\u00e9titivit\u00e9 territoriale\u2026 au menu \u00abLa participation du gouvernement dans le financement des projets de la r\u00e9gion est &#8230;<\/p>\n\t\t\t<a class=\"read-more-link\" href=\"https:\/\/www.region-fes-meknes.ma\/fr\/espace_presse\/medias-electroniques\/fes-meknes-cherche-un-nouveau-modele-de-gouvernance\/\"> Lire la suite<\/a>\n\t\t\t\t\t<\/div><!-- .entry-content -->\n\t<\/div>\n\n<\/article><!-- #post-## -->\n\n\n<article id=\"post-5330\" class=\"list-article clearfix post-5330 post type-post status-publish format-standard has-post-thumbnail hentry category-actualites category-medias-electroniques category-presse-ecrite\">\n\n\t<div class=\"list-article-thumb\">\n\t\t<a href=\"https:\/\/www.region-fes-meknes.ma\/fr\/espace_presse\/medias-electroniques\/fes-meknes-la-region-doit-relever-le-defi-de-la-productivite\/\">\n\t\t\t<img width=\"218\" height=\"150\" src=\"https:\/\/www.region-fes-meknes.ma\/wp-content\/uploads\/2018\/05\/leconomiste-com.jpg\" class=\"attachment-rfm22-blog-small size-rfm22-blog-small wp-post-image\" alt=\"leconomiste com\" loading=\"lazy\" srcset=\"https:\/\/www.region-fes-meknes.ma\/wp-content\/uploads\/2018\/05\/leconomiste-com.jpg 320w, https:\/\/www.region-fes-meknes.ma\/wp-content\/uploads\/2018\/05\/leconomiste-com-300x206.jpg 300w, https:\/\/www.region-fes-meknes.ma\/wp-content\/uploads\/2018\/05\/leconomiste-com-100x69.jpg 100w\" sizes=\"(max-width: 218px) 100vw, 218px\" \/>\t\t<\/a>\n\t<\/div>\n\n\t<div class=\"list-article-content\">\n\t\t<div class=\"list-article-meta\">\n\t\t\t<a href=\"https:\/\/www.region-fes-meknes.ma\/fr\/category\/actualites\/\" rel=\"category tag\">Actualit\u00e9s<\/a> \/ <a href=\"https:\/\/www.region-fes-meknes.ma\/fr\/category\/espace_presse\/medias-electroniques\/\" rel=\"category tag\">M\u00e9dias \u00e9lectroniques<\/a> \/ <a href=\"https:\/\/www.region-fes-meknes.ma\/fr\/category\/espace_presse\/presse-ecrite\/\" rel=\"category tag\">Presse \u00e9crite<\/a>\t\t<\/div>\n\t\t<header class=\"list-entry-header\">\n\t\t\t<h2 class=\"entry-title\"><a href=\"https:\/\/www.region-fes-meknes.ma\/fr\/espace_presse\/medias-electroniques\/fes-meknes-la-region-doit-relever-le-defi-de-la-productivite\/\" rel=\"bookmark\">F\u00e8s-Mekn\u00e8s : La r\u00e9gion doit relever le d\u00e9fi de la productivit\u00e9<\/a><\/h2><i class=\"fa fa-calendar\"><\/i> <strong>14\/05\/2018<\/strong>\t\t<\/header><!-- .entry-header -->\n\t\t<div class=\"entry-excerpt\">\n\t\t\t<p>Un mod\u00e8le scientifique pour am\u00e9liorer son attractivit\u00e9 en mati\u00e8re de capital industriel devra \u00eatre adopt\u00e9. Ce qui va permettre de r\u00e9duire le ch\u00f4mage et de lutter contre l\u2019informel. \u00c0 l\u2019heure &#8230;<\/p>\n\t\t\t<a class=\"read-more-link\" href=\"https:\/\/www.region-fes-meknes.ma\/fr\/espace_presse\/medias-electroniques\/fes-meknes-la-region-doit-relever-le-defi-de-la-productivite\/\"> Lire la suite<\/a>\n\t\t\t\t\t<\/div><!-- .entry-content -->\n\t<\/div>\n\n<\/article><!-- #post-## -->\n\n\n<article id=\"post-5253\" class=\"list-article clearfix post-5253 post type-post status-publish format-standard has-post-thumbnail hentry category-medias-electroniques category-presse-ecrite\">\n\n\t<div class=\"list-article-thumb\">\n\t\t<a href=\"https:\/\/www.region-fes-meknes.ma\/fr\/espace_presse\/presse-ecrite\/quelques-bonnes-raisons-pour-aller-faire-la-foire-de-tours\/\">\n\t\t\t<img width=\"218\" height=\"150\" src=\"https:\/\/www.region-fes-meknes.ma\/wp-content\/uploads\/2018\/05\/la-nouvelle-republique.jpg\" class=\"attachment-rfm22-blog-small size-rfm22-blog-small wp-post-image\" alt=\"la nouvelle republique\" loading=\"lazy\" srcset=\"https:\/\/www.region-fes-meknes.ma\/wp-content\/uploads\/2018\/05\/la-nouvelle-republique.jpg 320w, https:\/\/www.region-fes-meknes.ma\/wp-content\/uploads\/2018\/05\/la-nouvelle-republique-300x206.jpg 300w, https:\/\/www.region-fes-meknes.ma\/wp-content\/uploads\/2018\/05\/la-nouvelle-republique-100x69.jpg 100w\" sizes=\"(max-width: 218px) 100vw, 218px\" \/>\t\t<\/a>\n\t<\/div>\n\n\t<div class=\"list-article-content\">\n\t\t<div class=\"list-article-meta\">\n\t\t\t<a href=\"https:\/\/www.region-fes-meknes.ma\/fr\/category\/espace_presse\/medias-electroniques\/\" rel=\"category tag\">M\u00e9dias \u00e9lectroniques<\/a> \/ <a href=\"https:\/\/www.region-fes-meknes.ma\/fr\/category\/espace_presse\/presse-ecrite\/\" rel=\"category tag\">Presse \u00e9crite<\/a>\t\t<\/div>\n\t\t<header class=\"list-entry-header\">\n\t\t\t<h2 class=\"entry-title\"><a href=\"https:\/\/www.region-fes-meknes.ma\/fr\/espace_presse\/presse-ecrite\/quelques-bonnes-raisons-pour-aller-faire-la-foire-de-tours\/\" rel=\"bookmark\">Quelques bonnes raisons pour aller faire la foire de Tours<\/a><\/h2><i class=\"fa fa-calendar\"><\/i> <strong>09\/05\/2018<\/strong>\t\t<\/header><!-- .entry-header -->\n\t\t<div class=\"entry-excerpt\">\n\t\t\t<p>Article\u00a0Publi\u00e9 le\u00a009\/05\/2018 \u00e0 02:55\u00a0|\u00a0Mis \u00e0 jour le\u00a009\/05\/2018 \u00e0 07:20 Class\u00e9e 5\u00e8me foire de France, celle de Tours se tient jusqu\u2019\u00e0 dimanche au parc des expos. Les motivations pour s\u2019y rendre &#8230;<\/p>\n\t\t\t<a class=\"read-more-link\" href=\"https:\/\/www.region-fes-meknes.ma\/fr\/espace_presse\/presse-ecrite\/quelques-bonnes-raisons-pour-aller-faire-la-foire-de-tours\/\"> Lire la suite<\/a>\n\t\t\t\t\t<\/div><!-- .entry-content -->\n\t<\/div>\n\n<\/article><!-- #post-## -->\n\n\n<article id=\"post-5258\" class=\"list-article clearfix post-5258 post type-post status-publish format-standard has-post-thumbnail hentry category-medias-electroniques category-presse-ecrite\">\n\n\t<div class=\"list-article-thumb\">\n\t\t<a href=\"https:\/\/www.region-fes-meknes.ma\/fr\/espace_presse\/medias-electroniques\/tours-un-demarrage-sur-des-chapeaux-de-roue-pour-la-foire\/\">\n\t\t\t<img width=\"218\" height=\"150\" src=\"https:\/\/www.region-fes-meknes.ma\/wp-content\/uploads\/2018\/05\/la-nouvelle-republique.jpg\" class=\"attachment-rfm22-blog-small size-rfm22-blog-small wp-post-image\" alt=\"la nouvelle republique\" loading=\"lazy\" srcset=\"https:\/\/www.region-fes-meknes.ma\/wp-content\/uploads\/2018\/05\/la-nouvelle-republique.jpg 320w, https:\/\/www.region-fes-meknes.ma\/wp-content\/uploads\/2018\/05\/la-nouvelle-republique-300x206.jpg 300w, https:\/\/www.region-fes-meknes.ma\/wp-content\/uploads\/2018\/05\/la-nouvelle-republique-100x69.jpg 100w\" sizes=\"(max-width: 218px) 100vw, 218px\" \/>\t\t<\/a>\n\t<\/div>\n\n\t<div class=\"list-article-content\">\n\t\t<div class=\"list-article-meta\">\n\t\t\t<a href=\"https:\/\/www.region-fes-meknes.ma\/fr\/category\/espace_presse\/medias-electroniques\/\" rel=\"category tag\">M\u00e9dias \u00e9lectroniques<\/a> \/ <a href=\"https:\/\/www.region-fes-meknes.ma\/fr\/category\/espace_presse\/presse-ecrite\/\" rel=\"category tag\">Presse \u00e9crite<\/a>\t\t<\/div>\n\t\t<header class=\"list-entry-header\">\n\t\t\t<h2 class=\"entry-title\"><a href=\"https:\/\/www.region-fes-meknes.ma\/fr\/espace_presse\/medias-electroniques\/tours-un-demarrage-sur-des-chapeaux-de-roue-pour-la-foire\/\" rel=\"bookmark\">Tours : un d\u00e9marrage sur des chapeaux de roue pour la foire<\/a><\/h2><i class=\"fa fa-calendar\"><\/i> <strong>04\/05\/2018<\/strong>\t\t<\/header><!-- .entry-header -->\n\t\t<div class=\"entry-excerpt\">\n\t\t\t<p>Publi\u00e9 le\u00a004\/05\/2018 \u00e0 16:35\u00a0|\u00a0Mis \u00e0 jour le\u00a004\/05\/2018 \u00e0 16:35 Ouverte vendredi, la foire de Tours a commenc\u00e9 par attirer des personnes int\u00e9ress\u00e9es par l&rsquo;\u00e9v\u00e9nement et le th\u00e8me du Maroc.\u00a0 La &#8230;<\/p>\n\t\t\t<a class=\"read-more-link\" href=\"https:\/\/www.region-fes-meknes.ma\/fr\/espace_presse\/medias-electroniques\/tours-un-demarrage-sur-des-chapeaux-de-roue-pour-la-foire\/\"> Lire la suite<\/a>\n\t\t\t\t\t<\/div><!-- .entry-content -->\n\t<\/div>\n\n<\/article><!-- #post-## -->\n\n\n<article id=\"post-5303\" class=\"list-article clearfix post-5303 post type-post status-publish format-standard has-post-thumbnail hentry category-medias-electroniques category-presse-ecrite\">\n\n\t<div class=\"list-article-thumb\">\n\t\t<a href=\"https:\/\/www.region-fes-meknes.ma\/fr\/espace_presse\/medias-electroniques\/investissement-des-patrons-francais-prospectent-a-meknes\/\">\n\t\t\t<img width=\"218\" height=\"150\" src=\"https:\/\/www.region-fes-meknes.ma\/wp-content\/uploads\/2018\/05\/leconomiste-com.jpg\" class=\"attachment-rfm22-blog-small size-rfm22-blog-small wp-post-image\" alt=\"leconomiste com\" loading=\"lazy\" srcset=\"https:\/\/www.region-fes-meknes.ma\/wp-content\/uploads\/2018\/05\/leconomiste-com.jpg 320w, https:\/\/www.region-fes-meknes.ma\/wp-content\/uploads\/2018\/05\/leconomiste-com-300x206.jpg 300w, https:\/\/www.region-fes-meknes.ma\/wp-content\/uploads\/2018\/05\/leconomiste-com-100x69.jpg 100w\" sizes=\"(max-width: 218px) 100vw, 218px\" \/>\t\t<\/a>\n\t<\/div>\n\n\t<div class=\"list-article-content\">\n\t\t<div class=\"list-article-meta\">\n\t\t\t<a href=\"https:\/\/www.region-fes-meknes.ma\/fr\/category\/espace_presse\/medias-electroniques\/\" rel=\"category tag\">M\u00e9dias \u00e9lectroniques<\/a> \/ <a href=\"https:\/\/www.region-fes-meknes.ma\/fr\/category\/espace_presse\/presse-ecrite\/\" rel=\"category tag\">Presse \u00e9crite<\/a>\t\t<\/div>\n\t\t<header class=\"list-entry-header\">\n\t\t\t<h2 class=\"entry-title\"><a href=\"https:\/\/www.region-fes-meknes.ma\/fr\/espace_presse\/medias-electroniques\/investissement-des-patrons-francais-prospectent-a-meknes\/\" rel=\"bookmark\">Investissement : Des patrons fran\u00e7ais prospectent \u00e0 Mekn\u00e8s<\/a><\/h2><i class=\"fa fa-calendar\"><\/i> <strong>16\/04\/2018<\/strong>\t\t<\/header><!-- .entry-header -->\n\t\t<div class=\"entry-excerpt\">\n\t\t\t<p>Une initiative de la CGEM, la ville de Cenon, et la CCI de Bordeaux. Agroalimentaire, tourisme, d\u00e9veloppement durable\u2026 les secteurs porteurs. Des Fran\u00e7ais de Bordeaux Gironde sont int\u00e9ress\u00e9s par l\u2019investissement &#8230;<\/p>\n\t\t\t<a class=\"read-more-link\" href=\"https:\/\/www.region-fes-meknes.ma\/fr\/espace_presse\/medias-electroniques\/investissement-des-patrons-francais-prospectent-a-meknes\/\"> Lire la suite<\/a>\n\t\t\t\t\t<\/div><!-- .entry-content -->\n\t<\/div>\n\n<\/article><!-- #post-## -->\n\n\n<article id=\"post-5300\" class=\"list-article clearfix post-5300 post type-post status-publish format-standard has-post-thumbnail hentry category-medias-electroniques category-presse-ecrite\">\n\n\t<div class=\"list-article-thumb\">\n\t\t<a href=\"https:\/\/www.region-fes-meknes.ma\/fr\/espace_presse\/medias-electroniques\/fes-meknes-le-conseil-regional-passe-aux-choses-serieuses\/\">\n\t\t\t<img width=\"218\" height=\"150\" src=\"https:\/\/www.region-fes-meknes.ma\/wp-content\/uploads\/2018\/05\/leconomiste-com.jpg\" class=\"attachment-rfm22-blog-small size-rfm22-blog-small wp-post-image\" alt=\"leconomiste com\" loading=\"lazy\" srcset=\"https:\/\/www.region-fes-meknes.ma\/wp-content\/uploads\/2018\/05\/leconomiste-com.jpg 320w, https:\/\/www.region-fes-meknes.ma\/wp-content\/uploads\/2018\/05\/leconomiste-com-300x206.jpg 300w, https:\/\/www.region-fes-meknes.ma\/wp-content\/uploads\/2018\/05\/leconomiste-com-100x69.jpg 100w\" sizes=\"(max-width: 218px) 100vw, 218px\" \/>\t\t<\/a>\n\t<\/div>\n\n\t<div class=\"list-article-content\">\n\t\t<div class=\"list-article-meta\">\n\t\t\t<a href=\"https:\/\/www.region-fes-meknes.ma\/fr\/category\/espace_presse\/medias-electroniques\/\" rel=\"category tag\">M\u00e9dias \u00e9lectroniques<\/a> \/ <a href=\"https:\/\/www.region-fes-meknes.ma\/fr\/category\/espace_presse\/presse-ecrite\/\" rel=\"category tag\">Presse \u00e9crite<\/a>\t\t<\/div>\n\t\t<header class=\"list-entry-header\">\n\t\t\t<h2 class=\"entry-title\"><a href=\"https:\/\/www.region-fes-meknes.ma\/fr\/espace_presse\/medias-electroniques\/fes-meknes-le-conseil-regional-passe-aux-choses-serieuses\/\" rel=\"bookmark\">F\u00e8s-Mekn\u00e8s : Le Conseil r\u00e9gional passe aux choses s\u00e9rieuses<\/a><\/h2><i class=\"fa fa-calendar\"><\/i> <strong>15\/03\/2018<\/strong>\t\t<\/header><!-- .entry-header -->\n\t\t<div class=\"entry-excerpt\">\n\t\t\t<p>Plus de 130 millions de DH pour l\u2019eau potable et l\u2019\u00e9lectricit\u00e9. Coop\u00e9ration d\u00e9centralis\u00e9e et lutte contre l\u2019analphab\u00e9tisme\u2026 au menu. Apr\u00e8s l\u2019achat de v\u00e9hicules de transport pour le pr\u00e9sident et ses &#8230;<\/p>\n\t\t\t<a class=\"read-more-link\" href=\"https:\/\/www.region-fes-meknes.ma\/fr\/espace_presse\/medias-electroniques\/fes-meknes-le-conseil-regional-passe-aux-choses-serieuses\/\"> Lire la suite<\/a>\n\t\t\t\t\t<\/div><!-- .entry-content -->\n\t<\/div>\n\n<\/article><!-- #post-## -->\n\n<\/div><div class='wp-pagenavi' role='navigation'>\n<span aria-current='page' class='current'>1<\/span><a class=\"page larger\" title=\"Page 2\" href=\"https:\/\/www.region-fes-meknes.ma\/fr\/wp-json\/wp\/v2\/pages\/2948\/page\/2\/\">2<\/a><a class=\"nextpostslink\" rel=\"next\" aria-label=\"Page suivante\" href=\"https:\/\/www.region-fes-meknes.ma\/fr\/wp-json\/wp\/v2\/pages\/2948\/page\/2\/\">\u203a<\/a>\n<\/div>\n","protected":false},"excerpt":{"rendered":"<p>La R\u00e9gion de F\u00e8s-Mekn\u00e8s dans la presse \u00e9crite<\/p>\n","protected":false},"author":1,"featured_media":2957,"parent":1368,"menu_order":2,"comment_status":"closed","ping_status":"closed","template":"","meta":{"_bbp_topic_count":0,"_bbp_reply_count":0,"_bbp_total_topic_count":0,"_bbp_total_reply_count":0,"_bbp_voice_count":0,"_bbp_anonymous_reply_count":0,"_bbp_topic_count_hidden":0,"_bbp_reply_count_hidden":0,"_bbp_forum_subforum_count":0},"acf":[],"yoast_head":"<!-- This site is optimized with the Yoast SEO plugin v19.5.1 - https:\/\/yoast.com\/wordpress\/plugins\/seo\/ -->\n<title>Presse \u00e9crite - R\u00e9gion F\u00e8s Mekn\u00e8s<\/title>\n<meta name=\"robots\" content=\"index, follow, max-snippet:-1, max-image-preview:large, max-video-preview:-1\" \/>\n<link rel=\"canonical\" href=\"https:\/\/www.region-fes-meknes.ma\/fr\/mediatheque\/espace-presse\/presse-ecrite\/\" \/>\n<meta property=\"og:locale\" content=\"fr_FR\" \/>\n<meta property=\"og:type\" content=\"article\" \/>\n<meta property=\"og:title\" content=\"Presse \u00e9crite - R\u00e9gion F\u00e8s Mekn\u00e8s\" \/>\n<meta property=\"og:description\" content=\"La R\u00e9gion de F\u00e8s-Mekn\u00e8s dans la presse \u00e9crite\" \/>\n<meta property=\"og:url\" content=\"https:\/\/www.region-fes-meknes.ma\/fr\/mediatheque\/espace-presse\/presse-ecrite\/\" \/>\n<meta property=\"og:site_name\" content=\"R\u00e9gion F\u00e8s Mekn\u00e8s\" \/>\n<meta property=\"article:publisher\" content=\"https:\/\/www.facebook.com\/R%c3%a9gion-F%c3%a8s-Mekn%c3%a8s-1130195096990872\" \/>\n<meta property=\"article:modified_time\" content=\"2017-11-28T15:48:41+00:00\" \/>\n<meta property=\"og:image\" content=\"https:\/\/www.region-fes-meknes.ma\/wp-content\/uploads\/2017\/11\/presse-ecrite.jpg\" \/>\n\t<meta property=\"og:image:width\" content=\"680\" \/>\n\t<meta property=\"og:image:height\" content=\"365\" \/>\n\t<meta property=\"og:image:type\" content=\"image\/jpeg\" \/>\n<meta name=\"twitter:card\" content=\"summary_large_image\" \/>\n<script type=\"application\/ld+json\" class=\"yoast-schema-graph\">{\"@context\":\"https:\/\/schema.org\",\"@graph\":[{\"@type\":\"WebPage\",\"@id\":\"https:\/\/www.region-fes-meknes.ma\/fr\/mediatheque\/espace-presse\/presse-ecrite\/\",\"url\":\"https:\/\/www.region-fes-meknes.ma\/fr\/mediatheque\/espace-presse\/presse-ecrite\/\",\"name\":\"Presse \u00e9crite - R\u00e9gion F\u00e8s Mekn\u00e8s\",\"isPartOf\":{\"@id\":\"https:\/\/www.region-fes-meknes.ma\/#website\"},\"datePublished\":\"2017-11-28T14:30:54+00:00\",\"dateModified\":\"2017-11-28T15:48:41+00:00\",\"breadcrumb\":{\"@id\":\"https:\/\/www.region-fes-meknes.ma\/fr\/mediatheque\/espace-presse\/presse-ecrite\/#breadcrumb\"},\"inLanguage\":\"fr-FR\",\"potentialAction\":[{\"@type\":\"ReadAction\",\"target\":[\"https:\/\/www.region-fes-meknes.ma\/fr\/mediatheque\/espace-presse\/presse-ecrite\/\"]}]},{\"@type\":\"BreadcrumbList\",\"@id\":\"https:\/\/www.region-fes-meknes.ma\/fr\/mediatheque\/espace-presse\/presse-ecrite\/#breadcrumb\",\"itemListElement\":[{\"@type\":\"ListItem\",\"position\":1,\"name\":\"Accueil\",\"item\":\"https:\/\/www.region-fes-meknes.ma\/fr\/\"},{\"@type\":\"ListItem\",\"position\":2,\"name\":\"M\u00e9diath\u00e8que\",\"item\":\"https:\/\/www.region-fes-meknes.ma\/fr\/mediatheque\/\"},{\"@type\":\"ListItem\",\"position\":3,\"name\":\"Espace Presse\",\"item\":\"https:\/\/www.region-fes-meknes.ma\/fr\/mediatheque\/espace-presse\/\"},{\"@type\":\"ListItem\",\"position\":4,\"name\":\"Presse \u00e9crite\"}]},{\"@type\":\"WebSite\",\"@id\":\"https:\/\/www.region-fes-meknes.ma\/#website\",\"url\":\"https:\/\/www.region-fes-meknes.ma\/\",\"name\":\"Portail de la R\u00e9gion F\u00e8s-Mekn\u00e8s\",\"description\":\"Site officiel de la r\u00e9gion F\u00e8s-Mekn\u00e8s.\",\"publisher\":{\"@id\":\"https:\/\/www.region-fes-meknes.ma\/#organization\"},\"potentialAction\":[{\"@type\":\"SearchAction\",\"target\":{\"@type\":\"EntryPoint\",\"urlTemplate\":\"https:\/\/www.region-fes-meknes.ma\/?s={search_term_string}\"},\"query-input\":\"required name=search_term_string\"}],\"inLanguage\":\"fr-FR\"},{\"@type\":\"Organization\",\"@id\":\"https:\/\/www.region-fes-meknes.ma\/#organization\",\"name\":\"R\u00e9gion F\u00e8s M\u00e8kn\u00e8s\",\"url\":\"https:\/\/www.region-fes-meknes.ma\/\",\"sameAs\":[\"https:\/\/www.facebook.com\/R\u00e9gion-F\u00e8s-Mekn\u00e8s-1130195096990872\"],\"logo\":{\"@type\":\"ImageObject\",\"inLanguage\":\"fr-FR\",\"@id\":\"https:\/\/www.region-fes-meknes.ma\/#\/schema\/logo\/image\/\",\"url\":\"http:\/\/www.region-fes-meknes.ma\/wp-content\/uploads\/2017\/10\/logo-rfm4.png\",\"contentUrl\":\"http:\/\/www.region-fes-meknes.ma\/wp-content\/uploads\/2017\/10\/logo-rfm4.png\",\"width\":304,\"height\":291,\"caption\":\"R\u00e9gion F\u00e8s M\u00e8kn\u00e8s\"},\"image\":{\"@id\":\"https:\/\/www.region-fes-meknes.ma\/#\/schema\/logo\/image\/\"}}]}<\/script>\n<!-- \/ Yoast SEO plugin. -->","yoast_head_json":{"title":"Presse \u00e9crite - R\u00e9gion F\u00e8s Mekn\u00e8s","robots":{"index":"index","follow":"follow","max-snippet":"max-snippet:-1","max-image-preview":"max-image-preview:large","max-video-preview":"max-video-preview:-1"},"canonical":"https:\/\/www.region-fes-meknes.ma\/fr\/mediatheque\/espace-presse\/presse-ecrite\/","og_locale":"fr_FR","og_type":"article","og_title":"Presse \u00e9crite - R\u00e9gion F\u00e8s Mekn\u00e8s","og_description":"La R\u00e9gion de F\u00e8s-Mekn\u00e8s dans la presse \u00e9crite","og_url":"https:\/\/www.region-fes-meknes.ma\/fr\/mediatheque\/espace-presse\/presse-ecrite\/","og_site_name":"R\u00e9gion F\u00e8s Mekn\u00e8s","article_publisher":"https:\/\/www.facebook.com\/R%c3%a9gion-F%c3%a8s-Mekn%c3%a8s-1130195096990872","article_modified_time":"2017-11-28T15:48:41+00:00","og_image":[{"width":680,"height":365,"url":"https:\/\/www.region-fes-meknes.ma\/wp-content\/uploads\/2017\/11\/presse-ecrite.jpg","type":"image\/jpeg"}],"twitter_card":"summary_large_image","schema":{"@context":"https:\/\/schema.org","@graph":[{"@type":"WebPage","@id":"https:\/\/www.region-fes-meknes.ma\/fr\/mediatheque\/espace-presse\/presse-ecrite\/","url":"https:\/\/www.region-fes-meknes.ma\/fr\/mediatheque\/espace-presse\/presse-ecrite\/","name":"Presse \u00e9crite - R\u00e9gion F\u00e8s Mekn\u00e8s","isPartOf":{"@id":"https:\/\/www.region-fes-meknes.ma\/#website"},"datePublished":"2017-11-28T14:30:54+00:00","dateModified":"2017-11-28T15:48:41+00:00","breadcrumb":{"@id":"https:\/\/www.region-fes-meknes.ma\/fr\/mediatheque\/espace-presse\/presse-ecrite\/#breadcrumb"},"inLanguage":"fr-FR","potentialAction":[{"@type":"ReadAction","target":["https:\/\/www.region-fes-meknes.ma\/fr\/mediatheque\/espace-presse\/presse-ecrite\/"]}]},{"@type":"BreadcrumbList","@id":"https:\/\/www.region-fes-meknes.ma\/fr\/mediatheque\/espace-presse\/presse-ecrite\/#breadcrumb","itemListElement":[{"@type":"ListItem","position":1,"name":"Accueil","item":"https:\/\/www.region-fes-meknes.ma\/fr\/"},{"@type":"ListItem","position":2,"name":"M\u00e9diath\u00e8que","item":"https:\/\/www.region-fes-meknes.ma\/fr\/mediatheque\/"},{"@type":"ListItem","position":3,"name":"Espace Presse","item":"https:\/\/www.region-fes-meknes.ma\/fr\/mediatheque\/espace-presse\/"},{"@type":"ListItem","position":4,"name":"Presse \u00e9crite"}]},{"@type":"WebSite","@id":"https:\/\/www.region-fes-meknes.ma\/#website","url":"https:\/\/www.region-fes-meknes.ma\/","name":"Portail de la R\u00e9gion F\u00e8s-Mekn\u00e8s","description":"Site officiel de la r\u00e9gion F\u00e8s-Mekn\u00e8s.","publisher":{"@id":"https:\/\/www.region-fes-meknes.ma\/#organization"},"potentialAction":[{"@type":"SearchAction","target":{"@type":"EntryPoint","urlTemplate":"https:\/\/www.region-fes-meknes.ma\/?s={search_term_string}"},"query-input":"required name=search_term_string"}],"inLanguage":"fr-FR"},{"@type":"Organization","@id":"https:\/\/www.region-fes-meknes.ma\/#organization","name":"R\u00e9gion F\u00e8s M\u00e8kn\u00e8s","url":"https:\/\/www.region-fes-meknes.ma\/","sameAs":["https:\/\/www.facebook.com\/R\u00e9gion-F\u00e8s-Mekn\u00e8s-1130195096990872"],"logo":{"@type":"ImageObject","inLanguage":"fr-FR","@id":"https:\/\/www.region-fes-meknes.ma\/#\/schema\/logo\/image\/","url":"http:\/\/www.region-fes-meknes.ma\/wp-content\/uploads\/2017\/10\/logo-rfm4.png","contentUrl":"http:\/\/www.region-fes-meknes.ma\/wp-content\/uploads\/2017\/10\/logo-rfm4.png","width":304,"height":291,"caption":"R\u00e9gion F\u00e8s M\u00e8kn\u00e8s"},"image":{"@id":"https:\/\/www.region-fes-meknes.ma\/#\/schema\/logo\/image\/"}}]}},"_links":{"self":[{"href":"https:\/\/www.region-fes-meknes.ma\/fr\/wp-json\/wp\/v2\/pages\/2948"}],"collection":[{"href":"https:\/\/www.region-fes-meknes.ma\/fr\/wp-json\/wp\/v2\/pages"}],"about":[{"href":"https:\/\/www.region-fes-meknes.ma\/fr\/wp-json\/wp\/v2\/types\/page"}],"author":[{"embeddable":true,"href":"https:\/\/www.region-fes-meknes.ma\/fr\/wp-json\/wp\/v2\/users\/1"}],"replies":[{"embeddable":true,"href":"https:\/\/www.region-fes-meknes.ma\/fr\/wp-json\/wp\/v2\/comments?post=2948"}],"version-history":[{"count":3,"href":"https:\/\/www.region-fes-meknes.ma\/fr\/wp-json\/wp\/v2\/pages\/2948\/revisions"}],"predecessor-version":[{"id":2992,"href":"https:\/\/www.region-fes-meknes.ma\/fr\/wp-json\/wp\/v2\/pages\/2948\/revisions\/2992"}],"up":[{"embeddable":true,"href":"https:\/\/www.region-fes-meknes.ma\/fr\/wp-json\/wp\/v2\/pages\/1368"}],"wp:featuredmedia":[{"embeddable":true,"href":"https:\/\/www.region-fes-meknes.ma\/fr\/wp-json\/wp\/v2\/media\/2957"}],"wp:attachment":[{"href":"https:\/\/www.region-fes-meknes.ma\/fr\/wp-json\/wp\/v2\/media?parent=2948"}],"curies":[{"name":"wp","href":"https:\/\/api.w.org\/{rel}","templated":true}]}}